{"id":50921,"date":"2022-08-10T18:52:15","date_gmt":"2022-08-10T16:52:15","guid":{"rendered":"https:\/\/www.bgamstetten.ac.at\/?page_id=50921"},"modified":"2025-05-20T07:01:07","modified_gmt":"2025-05-20T05:01:07","slug":"skiamgym","status":"publish","type":"page","link":"https:\/\/www.bgamstetten.ac.at\/index.php\/ausbildung\/unverbindliche-uebungen\/skiamgym\/","title":{"rendered":"SKI AM GYM"},"content":{"rendered":"<style type=\"text\/css\"> \n#cmsms_row_69f570f9c294b .cmsms_row_outer_parent { \n\tpadding-top: 30px; \n} \n\n<\/style><div id=\"cmsms_row_69f570f9c294b\" class=\"cmsms_row cmsms_color_scheme_default\">\n<div class=\"cmsms_row_outer_parent\">\n<div class=\"cmsms_row_outer\">\n<div class=\"cmsms_row_inner\">\n<div class=\"cmsms_row_margin\">\n<div class=\"cmsms_column one_first\">\n<div class=\"cmsms_text\">\n<div class=\"maindiv\">\n<div class=\"leftdiv\"><img decoding=\"async\" width=\"530\" height=\"502\" class=\"aligncenter size-blog-masonry-thumb wp-image-50922\" style=\"max-width: 200px; border-radius: 0px;\" src=\"https:\/\/www.bgamstetten.ac.at\/wp-content\/uploads\/2022\/08\/SKIAMGYM.png\" alt=\"\" srcset=\"https:\/\/www.bgamstetten.ac.at\/wp-content\/uploads\/2022\/08\/SKIAMGYM.png 530w, https:\/\/www.bgamstetten.ac.at\/wp-content\/uploads\/2022\/08\/SKIAMGYM-300x284.png 300w\" sizes=\"(max-width: 530px) 100vw, 530px\" \/><\/div>\n<div class=\"rightdiv\">\n<p>Die unverbindliche \u00dcbung <strong>Skirennlauf (SKI AM GYM)<\/strong> richtet sich an <strong>alle Sch\u00fclerInnen<\/strong> von der <strong>1. bis zur 8. Klasse<\/strong> die gerne <strong>Skifahren<\/strong> oder <strong>Snowboarden <\/strong>und schon immer mal <strong>Riesentorlauf<\/strong> oder <strong>Slalom<\/strong> trainieren wollten.<\/p>\n<p>Voraussetzung ist das <strong>sichere Befahren von allen Pisten<\/strong> (Blau, Rot, Schwarz) und eine <strong>entsprechende Ski- \/ Snowboardausr\u00fcstung (inkl. Helm)<\/strong>. Ein Rennanzug oder zus\u00e4tzliche Schutzausr\u00fcstung ist f\u00fcr die Teilnahme nicht notwendig.<\/p>\n<p>Eine <strong>Vereins-<\/strong> und <strong>\u00d6SV-Mitgliedschaft wird empfohlen<\/strong>.<\/p>\n<\/div>\n<\/div>\n<\/div>\n<div class=\"cmsms_toggles toggles_mode_accordion\">\n<div class=\"cmsms_toggle_wrap\" data-tags=\"all \">\n<div class=\"cmsms_toggle_title\">\n<span class=\"cmsms_toggle_plus\">\n<span class=\"cmsms_toggle_plus_hor\"><\/span>\n<span class=\"cmsms_toggle_plus_vert\"><\/span>\n<\/span>\n<a href=\"#\">Lehrpersonen und Trainer<\/a>\n<\/div>\n<div class=\"cmsms_toggle\">\n<div class=\"cmsms_toggle_inner\">\n<div class=\"maindiv\">\n<div class=\"leftdiv\"><img decoding=\"async\" class=\"aligncenter size-blog-masonry-thumb wp-image-50935\" src=\"https:\/\/www.bgamstetten.ac.at\/wp-content\/uploads\/2022\/08\/trainerteam-580x390.jpg\" alt=\"\" width=\"580\" height=\"390\" \/><\/div>\n<div class=\"rightdiv\"><span style=\"display: block; margin-bottom: 0px;\"><strong>Mag. Lahmer Andreas<\/strong> (D-Trainer, Landesskilehrer)<\/span> <span style=\"display: block; margin-bottom: 0px;\"><strong>Florian Riesenhuber<\/strong> (D-Trainer und sportlicher Leiter des ESV Amstetten )<\/span> <strong>Mag. Steindl Gerald<\/strong> (Landesskilehrer)<\/div>\n<\/div>\n<\/div>\n<\/div>\n<\/div><div class=\"cmsms_toggle_wrap current_toggle\" data-tags=\"all \">\n<div class=\"cmsms_toggle_title\">\n<span class=\"cmsms_toggle_plus\">\n<span class=\"cmsms_toggle_plus_hor\"><\/span>\n<span class=\"cmsms_toggle_plus_vert\"><\/span>\n<\/span>\n<a href=\"#\">W\u00f6chentliches Training<\/a>\n<\/div>\n<div class=\"cmsms_toggle\">\n<div class=\"cmsms_toggle_inner\">\n<div class=\"maindiv\">\n<div class=\"leftdiv\"><div class=\"content_slider_wrap\" style=\"max-width:px;\">\n<script type=\"text\/javascript\">jQuery(document).ready(function () { jQuery(\"#cmsms_slider_69f570f9c3262.content_slider\").owlCarousel( { singleItem : true, transitionStyle: false, rewindSpeed : 1000, slideSpeed : 600, autoHeight : true, paginationSpeed : \t600, autoPlay : 5000,navigationText : \t[ \"<span class=\\\"cmsms_prev_arrow\\\"><\/span>\", \"<span class=\\\"cmsms_next_arrow\\\"><\/span>\" ] } );} );<\/script>\n<div id=\"cmsms_slider_69f570f9c3262\" class=\"content_slider owl-carousel\">\n<div class=\"item\"><img decoding=\"async\" width=\"800\" height=\"455\" src=\"https:\/\/www.bgamstetten.ac.at\/wp-content\/uploads\/2022\/08\/hochkar19-bb.jpg\" class=\"attachment-full size-full\" alt=\"\" srcset=\"https:\/\/www.bgamstetten.ac.at\/wp-content\/uploads\/2022\/08\/hochkar19-bb.jpg 800w, https:\/\/www.bgamstetten.ac.at\/wp-content\/uploads\/2022\/08\/hochkar19-bb-300x171.jpg 300w, https:\/\/www.bgamstetten.ac.at\/wp-content\/uploads\/2022\/08\/hochkar19-bb-768x437.jpg 768w, https:\/\/www.bgamstetten.ac.at\/wp-content\/uploads\/2022\/08\/hochkar19-bb-580x330.jpg 580w\" sizes=\"(max-width: 800px) 100vw, 800px\" \/><\/div><div class=\"item\"><img decoding=\"async\" width=\"2560\" height=\"1706\" src=\"https:\/\/www.bgamstetten.ac.at\/wp-content\/uploads\/2022\/08\/MG_3253-scaled.jpg\" class=\"attachment-full size-full\" alt=\"\" srcset=\"https:\/\/www.bgamstetten.ac.at\/wp-content\/uploads\/2022\/08\/MG_3253-scaled.jpg 2560w, https:\/\/www.bgamstetten.ac.at\/wp-content\/uploads\/2022\/08\/MG_3253-300x200.jpg 300w, https:\/\/www.bgamstetten.ac.at\/wp-content\/uploads\/2022\/08\/MG_3253-1024x683.jpg 1024w, https:\/\/www.bgamstetten.ac.at\/wp-content\/uploads\/2022\/08\/MG_3253-768x512.jpg 768w, https:\/\/www.bgamstetten.ac.at\/wp-content\/uploads\/2022\/08\/MG_3253-1536x1024.jpg 1536w, https:\/\/www.bgamstetten.ac.at\/wp-content\/uploads\/2022\/08\/MG_3253-2048x1365.jpg 2048w, https:\/\/www.bgamstetten.ac.at\/wp-content\/uploads\/2022\/08\/MG_3253-580x387.jpg 580w, https:\/\/www.bgamstetten.ac.at\/wp-content\/uploads\/2022\/08\/MG_3253-820x547.jpg 820w, https:\/\/www.bgamstetten.ac.at\/wp-content\/uploads\/2022\/08\/MG_3253-1160x773.jpg 1160w\" sizes=\"(max-width: 2560px) 100vw, 2560px\" \/><\/div><\/div>\n<\/div>\n<\/div>\n<div class=\"rightdiv\">\n<p>In <strong>Kooperation<\/strong> mit dem <strong>ESV Umdasch Amstetten<\/strong> findet von Anfang <strong>Dezember bis M\u00e4rz jeden Freitag von 11:00 bis 17:00<\/strong> (manchmal auch ganzt\u00e4gig) ein <strong>Skitraining <\/strong>(Alpine Skitechnik, Skirennlauftechnik im Riesenslalom und Slalom) in den <strong>umliegenden Skigebieten (\u00d6tscher, Hochkar)<\/strong> statt.Ist ein Training aufgrund der Schneeverh\u00e4ltnisse nicht m\u00f6glich, so findet ein Training in der Sporthalle statt. Inkludiert ist dabei eine <strong>Ausgangs- und Abschlusstestung des sportmotorischen Leistungsverm\u00f6gens<\/strong>.<\/p>\n<p>Folgende Inhalte werden angeboten und nach den Interessen der Sch\u00fclerInnen gestaltet: <strong>Krafttraining, Schnelligkeitstraining, Beweglichkeitstraining, Gleichgewichtstraining, Stretching und Faszientraining<\/strong>.<\/p>\n<\/div>\n<\/div>\n<\/div>\n<\/div>\n<\/div><div class=\"cmsms_toggle_wrap\" data-tags=\"all \">\n<div class=\"cmsms_toggle_title\">\n<span class=\"cmsms_toggle_plus\">\n<span class=\"cmsms_toggle_plus_hor\"><\/span>\n<span class=\"cmsms_toggle_plus_vert\"><\/span>\n<\/span>\n<a href=\"#\">Skitrainingscamps<\/a>\n<\/div>\n<div class=\"cmsms_toggle\">\n<div class=\"cmsms_toggle_inner\">\n<div class=\"maindiv\">\n<div class=\"leftdiv\">\n<div class=\"content_slider_wrap\" style=\"max-width:px;\">\n<script type=\"text\/javascript\">jQuery(document).ready(function () { jQuery(\"#cmsms_slider_69f570f9c4007.content_slider\").owlCarousel( { singleItem : true, transitionStyle: false, rewindSpeed : 1000, slideSpeed : 600, autoHeight : true, paginationSpeed : \t600, autoPlay : 5000,stopOnHover: true, navigationText : \t[ \"<span class=\\\"cmsms_prev_arrow\\\"><\/span>\", \"<span class=\\\"cmsms_next_arrow\\\"><\/span>\" ] } );} );<\/script>\n<div id=\"cmsms_slider_69f570f9c4007\" class=\"content_slider owl-carousel\">\n<div class=\"item\"><img decoding=\"async\" width=\"2560\" height=\"1920\" src=\"https:\/\/www.bgamstetten.ac.at\/wp-content\/uploads\/2023\/04\/Camp4-scaled.jpg\" class=\"attachment-full size-full\" alt=\"\" srcset=\"https:\/\/www.bgamstetten.ac.at\/wp-content\/uploads\/2023\/04\/Camp4-scaled.jpg 2560w, https:\/\/www.bgamstetten.ac.at\/wp-content\/uploads\/2023\/04\/Camp4-300x225.jpg 300w, https:\/\/www.bgamstetten.ac.at\/wp-content\/uploads\/2023\/04\/Camp4-1024x768.jpg 1024w, https:\/\/www.bgamstetten.ac.at\/wp-content\/uploads\/2023\/04\/Camp4-768x576.jpg 768w, https:\/\/www.bgamstetten.ac.at\/wp-content\/uploads\/2023\/04\/Camp4-1536x1152.jpg 1536w, https:\/\/www.bgamstetten.ac.at\/wp-content\/uploads\/2023\/04\/Camp4-2048x1536.jpg 2048w, https:\/\/www.bgamstetten.ac.at\/wp-content\/uploads\/2023\/04\/Camp4-580x435.jpg 580w, https:\/\/www.bgamstetten.ac.at\/wp-content\/uploads\/2023\/04\/Camp4-820x615.jpg 820w, https:\/\/www.bgamstetten.ac.at\/wp-content\/uploads\/2023\/04\/Camp4-1160x870.jpg 1160w\" sizes=\"(max-width: 2560px) 100vw, 2560px\" \/><\/div><div class=\"item\"><img decoding=\"async\" width=\"2560\" height=\"1920\" src=\"https:\/\/www.bgamstetten.ac.at\/wp-content\/uploads\/2023\/04\/Camp1-scaled.jpg\" class=\"attachment-full size-full\" alt=\"\" srcset=\"https:\/\/www.bgamstetten.ac.at\/wp-content\/uploads\/2023\/04\/Camp1-scaled.jpg 2560w, https:\/\/www.bgamstetten.ac.at\/wp-content\/uploads\/2023\/04\/Camp1-300x225.jpg 300w, https:\/\/www.bgamstetten.ac.at\/wp-content\/uploads\/2023\/04\/Camp1-1024x768.jpg 1024w, https:\/\/www.bgamstetten.ac.at\/wp-content\/uploads\/2023\/04\/Camp1-768x576.jpg 768w, https:\/\/www.bgamstetten.ac.at\/wp-content\/uploads\/2023\/04\/Camp1-1536x1152.jpg 1536w, https:\/\/www.bgamstetten.ac.at\/wp-content\/uploads\/2023\/04\/Camp1-2048x1536.jpg 2048w, https:\/\/www.bgamstetten.ac.at\/wp-content\/uploads\/2023\/04\/Camp1-580x435.jpg 580w, https:\/\/www.bgamstetten.ac.at\/wp-content\/uploads\/2023\/04\/Camp1-820x615.jpg 820w, https:\/\/www.bgamstetten.ac.at\/wp-content\/uploads\/2023\/04\/Camp1-1160x870.jpg 1160w\" sizes=\"(max-width: 2560px) 100vw, 2560px\" \/><\/div><div class=\"item\"><img decoding=\"async\" width=\"1024\" height=\"768\" src=\"https:\/\/www.bgamstetten.ac.at\/wp-content\/uploads\/2023\/04\/Camp3.jpg\" class=\"attachment-full size-full\" alt=\"\" srcset=\"https:\/\/www.bgamstetten.ac.at\/wp-content\/uploads\/2023\/04\/Camp3.jpg 1024w, https:\/\/www.bgamstetten.ac.at\/wp-content\/uploads\/2023\/04\/Camp3-300x225.jpg 300w, https:\/\/www.bgamstetten.ac.at\/wp-content\/uploads\/2023\/04\/Camp3-768x576.jpg 768w, https:\/\/www.bgamstetten.ac.at\/wp-content\/uploads\/2023\/04\/Camp3-580x435.jpg 580w, https:\/\/www.bgamstetten.ac.at\/wp-content\/uploads\/2023\/04\/Camp3-820x615.jpg 820w\" sizes=\"(max-width: 1024px) 100vw, 1024px\" \/><\/div><div class=\"item\"><img decoding=\"async\" width=\"2560\" height=\"1442\" src=\"https:\/\/www.bgamstetten.ac.at\/wp-content\/uploads\/2023\/04\/Camp5-scaled.jpg\" class=\"attachment-full size-full\" alt=\"\" srcset=\"https:\/\/www.bgamstetten.ac.at\/wp-content\/uploads\/2023\/04\/Camp5-scaled.jpg 2560w, https:\/\/www.bgamstetten.ac.at\/wp-content\/uploads\/2023\/04\/Camp5-300x169.jpg 300w, https:\/\/www.bgamstetten.ac.at\/wp-content\/uploads\/2023\/04\/Camp5-1024x577.jpg 1024w, https:\/\/www.bgamstetten.ac.at\/wp-content\/uploads\/2023\/04\/Camp5-768x432.jpg 768w, https:\/\/www.bgamstetten.ac.at\/wp-content\/uploads\/2023\/04\/Camp5-1536x865.jpg 1536w, https:\/\/www.bgamstetten.ac.at\/wp-content\/uploads\/2023\/04\/Camp5-2048x1153.jpg 2048w, https:\/\/www.bgamstetten.ac.at\/wp-content\/uploads\/2023\/04\/Camp5-580x327.jpg 580w, https:\/\/www.bgamstetten.ac.at\/wp-content\/uploads\/2023\/04\/Camp5-820x462.jpg 820w, https:\/\/www.bgamstetten.ac.at\/wp-content\/uploads\/2023\/04\/Camp5-1160x653.jpg 1160w\" sizes=\"(max-width: 2560px) 100vw, 2560px\" \/><\/div><div class=\"item\"><img decoding=\"async\" width=\"1280\" height=\"960\" src=\"https:\/\/www.bgamstetten.ac.at\/wp-content\/uploads\/2023\/04\/Camp6.jpg\" class=\"attachment-full size-full\" alt=\"\" srcset=\"https:\/\/www.bgamstetten.ac.at\/wp-content\/uploads\/2023\/04\/Camp6.jpg 1280w, https:\/\/www.bgamstetten.ac.at\/wp-content\/uploads\/2023\/04\/Camp6-300x225.jpg 300w, https:\/\/www.bgamstetten.ac.at\/wp-content\/uploads\/2023\/04\/Camp6-1024x768.jpg 1024w, https:\/\/www.bgamstetten.ac.at\/wp-content\/uploads\/2023\/04\/Camp6-768x576.jpg 768w, https:\/\/www.bgamstetten.ac.at\/wp-content\/uploads\/2023\/04\/Camp6-580x435.jpg 580w, https:\/\/www.bgamstetten.ac.at\/wp-content\/uploads\/2023\/04\/Camp6-820x615.jpg 820w, https:\/\/www.bgamstetten.ac.at\/wp-content\/uploads\/2023\/04\/Camp6-1160x870.jpg 1160w\" sizes=\"(max-width: 1280px) 100vw, 1280px\" \/><\/div><div class=\"item\"><img decoding=\"async\" width=\"2560\" height=\"1920\" src=\"https:\/\/www.bgamstetten.ac.at\/wp-content\/uploads\/2023\/04\/Camp2-scaled.jpg\" class=\"attachment-full size-full\" alt=\"\" srcset=\"https:\/\/www.bgamstetten.ac.at\/wp-content\/uploads\/2023\/04\/Camp2-scaled.jpg 2560w, https:\/\/www.bgamstetten.ac.at\/wp-content\/uploads\/2023\/04\/Camp2-300x225.jpg 300w, https:\/\/www.bgamstetten.ac.at\/wp-content\/uploads\/2023\/04\/Camp2-1024x768.jpg 1024w, https:\/\/www.bgamstetten.ac.at\/wp-content\/uploads\/2023\/04\/Camp2-768x576.jpg 768w, https:\/\/www.bgamstetten.ac.at\/wp-content\/uploads\/2023\/04\/Camp2-1536x1152.jpg 1536w, https:\/\/www.bgamstetten.ac.at\/wp-content\/uploads\/2023\/04\/Camp2-2048x1536.jpg 2048w, https:\/\/www.bgamstetten.ac.at\/wp-content\/uploads\/2023\/04\/Camp2-580x435.jpg 580w, https:\/\/www.bgamstetten.ac.at\/wp-content\/uploads\/2023\/04\/Camp2-820x615.jpg 820w, https:\/\/www.bgamstetten.ac.at\/wp-content\/uploads\/2023\/04\/Camp2-1160x870.jpg 1160w\" sizes=\"(max-width: 2560px) 100vw, 2560px\" \/><\/div><div class=\"item\"><img decoding=\"async\" width=\"2560\" height=\"1920\" src=\"https:\/\/www.bgamstetten.ac.at\/wp-content\/uploads\/2023\/04\/Camp7-scaled.jpg\" class=\"attachment-full size-full\" alt=\"\" srcset=\"https:\/\/www.bgamstetten.ac.at\/wp-content\/uploads\/2023\/04\/Camp7-scaled.jpg 2560w, https:\/\/www.bgamstetten.ac.at\/wp-content\/uploads\/2023\/04\/Camp7-300x225.jpg 300w, https:\/\/www.bgamstetten.ac.at\/wp-content\/uploads\/2023\/04\/Camp7-1024x768.jpg 1024w, https:\/\/www.bgamstetten.ac.at\/wp-content\/uploads\/2023\/04\/Camp7-768x576.jpg 768w, https:\/\/www.bgamstetten.ac.at\/wp-content\/uploads\/2023\/04\/Camp7-1536x1152.jpg 1536w, https:\/\/www.bgamstetten.ac.at\/wp-content\/uploads\/2023\/04\/Camp7-2048x1536.jpg 2048w, https:\/\/www.bgamstetten.ac.at\/wp-content\/uploads\/2023\/04\/Camp7-580x435.jpg 580w, https:\/\/www.bgamstetten.ac.at\/wp-content\/uploads\/2023\/04\/Camp7-820x615.jpg 820w, https:\/\/www.bgamstetten.ac.at\/wp-content\/uploads\/2023\/04\/Camp7-1160x870.jpg 1160w\" sizes=\"(max-width: 2560px) 100vw, 2560px\" \/><\/div><div class=\"item\"><img decoding=\"async\" width=\"2560\" height=\"1435\" src=\"https:\/\/www.bgamstetten.ac.at\/wp-content\/uploads\/2022\/08\/DSC4597-scaled.jpg\" class=\"attachment-full size-full\" alt=\"\" srcset=\"https:\/\/www.bgamstetten.ac.at\/wp-content\/uploads\/2022\/08\/DSC4597-scaled.jpg 2560w, https:\/\/www.bgamstetten.ac.at\/wp-content\/uploads\/2022\/08\/DSC4597-300x168.jpg 300w, https:\/\/www.bgamstetten.ac.at\/wp-content\/uploads\/2022\/08\/DSC4597-1024x574.jpg 1024w, https:\/\/www.bgamstetten.ac.at\/wp-content\/uploads\/2022\/08\/DSC4597-768x430.jpg 768w, https:\/\/www.bgamstetten.ac.at\/wp-content\/uploads\/2022\/08\/DSC4597-1536x861.jpg 1536w, https:\/\/www.bgamstetten.ac.at\/wp-content\/uploads\/2022\/08\/DSC4597-2048x1148.jpg 2048w, https:\/\/www.bgamstetten.ac.at\/wp-content\/uploads\/2022\/08\/DSC4597-580x325.jpg 580w, https:\/\/www.bgamstetten.ac.at\/wp-content\/uploads\/2022\/08\/DSC4597-820x460.jpg 820w, https:\/\/www.bgamstetten.ac.at\/wp-content\/uploads\/2022\/08\/DSC4597-1160x650.jpg 1160w\" sizes=\"(max-width: 2560px) 100vw, 2560px\" \/><\/div><div class=\"item\"><img decoding=\"async\" width=\"2560\" height=\"1707\" src=\"https:\/\/www.bgamstetten.ac.at\/wp-content\/uploads\/2022\/08\/IMG_4107-scaled.jpg\" class=\"attachment-full size-full\" alt=\"\" srcset=\"https:\/\/www.bgamstetten.ac.at\/wp-content\/uploads\/2022\/08\/IMG_4107-scaled.jpg 2560w, https:\/\/www.bgamstetten.ac.at\/wp-content\/uploads\/2022\/08\/IMG_4107-300x200.jpg 300w, https:\/\/www.bgamstetten.ac.at\/wp-content\/uploads\/2022\/08\/IMG_4107-1024x683.jpg 1024w, https:\/\/www.bgamstetten.ac.at\/wp-content\/uploads\/2022\/08\/IMG_4107-768x512.jpg 768w, https:\/\/www.bgamstetten.ac.at\/wp-content\/uploads\/2022\/08\/IMG_4107-1536x1024.jpg 1536w, https:\/\/www.bgamstetten.ac.at\/wp-content\/uploads\/2022\/08\/IMG_4107-2048x1366.jpg 2048w, https:\/\/www.bgamstetten.ac.at\/wp-content\/uploads\/2022\/08\/IMG_4107-580x387.jpg 580w, https:\/\/www.bgamstetten.ac.at\/wp-content\/uploads\/2022\/08\/IMG_4107-820x547.jpg 820w, https:\/\/www.bgamstetten.ac.at\/wp-content\/uploads\/2022\/08\/IMG_4107-1160x774.jpg 1160w\" sizes=\"(max-width: 2560px) 100vw, 2560px\" \/><\/div><div class=\"item\"><img decoding=\"async\" width=\"2560\" height=\"1706\" src=\"https:\/\/www.bgamstetten.ac.at\/wp-content\/uploads\/2022\/08\/IMG_4038-scaled.jpg\" class=\"attachment-full size-full\" alt=\"\" srcset=\"https:\/\/www.bgamstetten.ac.at\/wp-content\/uploads\/2022\/08\/IMG_4038-scaled.jpg 2560w, https:\/\/www.bgamstetten.ac.at\/wp-content\/uploads\/2022\/08\/IMG_4038-300x200.jpg 300w, https:\/\/www.bgamstetten.ac.at\/wp-content\/uploads\/2022\/08\/IMG_4038-1024x683.jpg 1024w, https:\/\/www.bgamstetten.ac.at\/wp-content\/uploads\/2022\/08\/IMG_4038-768x512.jpg 768w, https:\/\/www.bgamstetten.ac.at\/wp-content\/uploads\/2022\/08\/IMG_4038-1536x1024.jpg 1536w, https:\/\/www.bgamstetten.ac.at\/wp-content\/uploads\/2022\/08\/IMG_4038-2048x1365.jpg 2048w, https:\/\/www.bgamstetten.ac.at\/wp-content\/uploads\/2022\/08\/IMG_4038-580x387.jpg 580w, https:\/\/www.bgamstetten.ac.at\/wp-content\/uploads\/2022\/08\/IMG_4038-820x547.jpg 820w, https:\/\/www.bgamstetten.ac.at\/wp-content\/uploads\/2022\/08\/IMG_4038-1160x773.jpg 1160w\" sizes=\"(max-width: 2560px) 100vw, 2560px\" \/><\/div><\/div>\n<\/div>\n<\/div>\n<div class=\"rightdiv\">\n<p>Es finden zusammen mit dem ESV Amstetten auch <strong>drei mehrt\u00e4gige Skitrainingscamps<\/strong> statt an denen man teilnehmen kann.<\/p>\n<ul>\n<li><strong>Skitrainingscamp 1 (Mitte November) am Kitzsteinhorn<\/strong> (Hotel-Gasthof zur M\u00fchle)<\/li>\n<li><strong>Skitrainingscamp 2 (Anfang Dezember) in Hinterstoder\u00a0<\/strong>(Explorer Hotel)<\/li>\n<li><strong>Skitrainingscamp 3 (Anfang J\u00e4nner) am Hochkar<\/strong> (Jufa)<\/li>\n<\/ul>\n<\/div>\n<\/div>\n<\/div>\n<\/div>\n<\/div><div class=\"cmsms_toggle_wrap\" data-tags=\"all \">\n<div class=\"cmsms_toggle_title\">\n<span class=\"cmsms_toggle_plus\">\n<span class=\"cmsms_toggle_plus_hor\"><\/span>\n<span class=\"cmsms_toggle_plus_vert\"><\/span>\n<\/span>\n<a href=\"#\">Skilehrerausbildung<\/a>\n<\/div>\n<div class=\"cmsms_toggle\">\n<div class=\"cmsms_toggle_inner\">\n<div class=\"maindiv\">\n<div class=\"leftdiv\"><div class=\"content_slider_wrap\" style=\"max-width:px;\">\n<script type=\"text\/javascript\">jQuery(document).ready(function () { jQuery(\"#cmsms_slider_69f570f9cec66.content_slider\").owlCarousel( { singleItem : true, transitionStyle: false, rewindSpeed : 1000, slideSpeed : 600, autoHeight : true, paginationSpeed : \t600, autoPlay : 7000,stopOnHover: true, navigationText : \t[ \"<span class=\\\"cmsms_prev_arrow\\\"><\/span>\", \"<span class=\\\"cmsms_next_arrow\\\"><\/span>\" ] } );} );<\/script>\n<div id=\"cmsms_slider_69f570f9cec66\" class=\"content_slider owl-carousel\">\n<div class=\"item\"><img decoding=\"async\" width=\"640\" height=\"640\" src=\"https:\/\/www.bgamstetten.ac.at\/wp-content\/uploads\/2022\/08\/260292181_116888590737872_2182388349049341261_n.webpfull.jpg\" class=\"attachment-full size-full\" alt=\"\" srcset=\"https:\/\/www.bgamstetten.ac.at\/wp-content\/uploads\/2022\/08\/260292181_116888590737872_2182388349049341261_n.webpfull.jpg 640w, https:\/\/www.bgamstetten.ac.at\/wp-content\/uploads\/2022\/08\/260292181_116888590737872_2182388349049341261_n.webpfull-300x300.jpg 300w, https:\/\/www.bgamstetten.ac.at\/wp-content\/uploads\/2022\/08\/260292181_116888590737872_2182388349049341261_n.webpfull-200x200.jpg 200w, https:\/\/www.bgamstetten.ac.at\/wp-content\/uploads\/2022\/08\/260292181_116888590737872_2182388349049341261_n.webpfull-55x55.jpg 55w, https:\/\/www.bgamstetten.ac.at\/wp-content\/uploads\/2022\/08\/260292181_116888590737872_2182388349049341261_n.webpfull-250x250.jpg 250w, https:\/\/www.bgamstetten.ac.at\/wp-content\/uploads\/2022\/08\/260292181_116888590737872_2182388349049341261_n.webpfull-580x580.jpg 580w\" sizes=\"(max-width: 640px) 100vw, 640px\" \/><\/div><div class=\"item\"><img decoding=\"async\" width=\"640\" height=\"427\" src=\"https:\/\/www.bgamstetten.ac.at\/wp-content\/uploads\/2022\/08\/271115230_405004147977002_1386588382903782580_nfull.jpg\" class=\"attachment-full size-full\" alt=\"\" srcset=\"https:\/\/www.bgamstetten.ac.at\/wp-content\/uploads\/2022\/08\/271115230_405004147977002_1386588382903782580_nfull.jpg 640w, https:\/\/www.bgamstetten.ac.at\/wp-content\/uploads\/2022\/08\/271115230_405004147977002_1386588382903782580_nfull-300x200.jpg 300w, https:\/\/www.bgamstetten.ac.at\/wp-content\/uploads\/2022\/08\/271115230_405004147977002_1386588382903782580_nfull-580x387.jpg 580w\" sizes=\"(max-width: 640px) 100vw, 640px\" \/><\/div><div class=\"item\"><img decoding=\"async\" width=\"828\" height=\"1104\" src=\"https:\/\/www.bgamstetten.ac.at\/wp-content\/uploads\/2023\/01\/IMG_9698.jpg\" class=\"attachment-full size-full\" alt=\"\" srcset=\"https:\/\/www.bgamstetten.ac.at\/wp-content\/uploads\/2023\/01\/IMG_9698.jpg 828w, https:\/\/www.bgamstetten.ac.at\/wp-content\/uploads\/2023\/01\/IMG_9698-225x300.jpg 225w, https:\/\/www.bgamstetten.ac.at\/wp-content\/uploads\/2023\/01\/IMG_9698-768x1024.jpg 768w, https:\/\/www.bgamstetten.ac.at\/wp-content\/uploads\/2023\/01\/IMG_9698-580x773.jpg 580w, https:\/\/www.bgamstetten.ac.at\/wp-content\/uploads\/2023\/01\/IMG_9698-820x1093.jpg 820w\" sizes=\"(max-width: 828px) 100vw, 828px\" \/><\/div><div class=\"item\"><img decoding=\"async\" width=\"2560\" height=\"1441\" src=\"https:\/\/www.bgamstetten.ac.at\/wp-content\/uploads\/2023\/04\/Anwaerter2-scaled.jpg\" class=\"attachment-full size-full\" alt=\"\" srcset=\"https:\/\/www.bgamstetten.ac.at\/wp-content\/uploads\/2023\/04\/Anwaerter2-scaled.jpg 2560w, https:\/\/www.bgamstetten.ac.at\/wp-content\/uploads\/2023\/04\/Anwaerter2-300x169.jpg 300w, https:\/\/www.bgamstetten.ac.at\/wp-content\/uploads\/2023\/04\/Anwaerter2-1024x577.jpg 1024w, https:\/\/www.bgamstetten.ac.at\/wp-content\/uploads\/2023\/04\/Anwaerter2-768x432.jpg 768w, https:\/\/www.bgamstetten.ac.at\/wp-content\/uploads\/2023\/04\/Anwaerter2-1536x865.jpg 1536w, https:\/\/www.bgamstetten.ac.at\/wp-content\/uploads\/2023\/04\/Anwaerter2-2048x1153.jpg 2048w, https:\/\/www.bgamstetten.ac.at\/wp-content\/uploads\/2023\/04\/Anwaerter2-580x327.jpg 580w, https:\/\/www.bgamstetten.ac.at\/wp-content\/uploads\/2023\/04\/Anwaerter2-820x462.jpg 820w, https:\/\/www.bgamstetten.ac.at\/wp-content\/uploads\/2023\/04\/Anwaerter2-1160x653.jpg 1160w\" sizes=\"(max-width: 2560px) 100vw, 2560px\" \/><\/div><div class=\"item\"><img decoding=\"async\" width=\"2560\" height=\"1442\" src=\"https:\/\/www.bgamstetten.ac.at\/wp-content\/uploads\/2023\/04\/Anwaerter1-scaled.jpg\" class=\"attachment-full size-full\" alt=\"\" srcset=\"https:\/\/www.bgamstetten.ac.at\/wp-content\/uploads\/2023\/04\/Anwaerter1-scaled.jpg 2560w, https:\/\/www.bgamstetten.ac.at\/wp-content\/uploads\/2023\/04\/Anwaerter1-300x169.jpg 300w, https:\/\/www.bgamstetten.ac.at\/wp-content\/uploads\/2023\/04\/Anwaerter1-1024x577.jpg 1024w, https:\/\/www.bgamstetten.ac.at\/wp-content\/uploads\/2023\/04\/Anwaerter1-768x432.jpg 768w, https:\/\/www.bgamstetten.ac.at\/wp-content\/uploads\/2023\/04\/Anwaerter1-1536x865.jpg 1536w, https:\/\/www.bgamstetten.ac.at\/wp-content\/uploads\/2023\/04\/Anwaerter1-2048x1153.jpg 2048w, https:\/\/www.bgamstetten.ac.at\/wp-content\/uploads\/2023\/04\/Anwaerter1-580x327.jpg 580w, https:\/\/www.bgamstetten.ac.at\/wp-content\/uploads\/2023\/04\/Anwaerter1-820x462.jpg 820w, https:\/\/www.bgamstetten.ac.at\/wp-content\/uploads\/2023\/04\/Anwaerter1-1160x653.jpg 1160w\" sizes=\"(max-width: 2560px) 100vw, 2560px\" \/><\/div><\/div>\n<\/div>\n<\/div>\n<div class=\"rightdiv\">\n<p>F\u00fcr alle jene die gerne mal als <strong>Skilehrer\/in <\/strong>arbeiten m\u00f6chten, gibt es bei gen\u00fcgend Interessent\/innen (mind. 10) auch die M\u00f6glichkeit die Ausbildung zum <b>Skibegleitlehrer\/in <\/b>zu absolvieren.<\/p>\n<\/div>\n<\/div>\n<\/div>\n<\/div>\n<\/div><div class=\"cmsms_toggle_wrap\" data-tags=\"all \">\n<div class=\"cmsms_toggle_title\">\n<span class=\"cmsms_toggle_plus\">\n<span class=\"cmsms_toggle_plus_hor\"><\/span>\n<span class=\"cmsms_toggle_plus_vert\"><\/span>\n<\/span>\n<a href=\"#\">Teilnahme an Skirennen<\/a>\n<\/div>\n<div class=\"cmsms_toggle\">\n<div class=\"cmsms_toggle_inner\">\n<div class=\"maindiv\">\n<div class=\"leftdiv\"><div class=\"content_slider_wrap\" style=\"max-width:px;\">\n<script type=\"text\/javascript\">jQuery(document).ready(function () { jQuery(\"#cmsms_slider_69f570f9d04f8.content_slider\").owlCarousel( { singleItem : true, transitionStyle: false, rewindSpeed : 1000, slideSpeed : 600, autoHeight : true, paginationSpeed : \t600, autoPlay : 5000,stopOnHover: true, navigationText : \t[ \"<span class=\\\"cmsms_prev_arrow\\\"><\/span>\", \"<span class=\\\"cmsms_next_arrow\\\"><\/span>\" ] } );} );<\/script>\n<div id=\"cmsms_slider_69f570f9d04f8\" class=\"content_slider owl-carousel\">\n<div class=\"item\"><img decoding=\"async\" width=\"1024\" height=\"768\" src=\"https:\/\/www.bgamstetten.ac.at\/wp-content\/uploads\/2023\/04\/Rennen4-1.jpg\" class=\"attachment-full size-full\" alt=\"\" srcset=\"https:\/\/www.bgamstetten.ac.at\/wp-content\/uploads\/2023\/04\/Rennen4-1.jpg 1024w, https:\/\/www.bgamstetten.ac.at\/wp-content\/uploads\/2023\/04\/Rennen4-1-300x225.jpg 300w, https:\/\/www.bgamstetten.ac.at\/wp-content\/uploads\/2023\/04\/Rennen4-1-768x576.jpg 768w, https:\/\/www.bgamstetten.ac.at\/wp-content\/uploads\/2023\/04\/Rennen4-1-580x435.jpg 580w, https:\/\/www.bgamstetten.ac.at\/wp-content\/uploads\/2023\/04\/Rennen4-1-820x615.jpg 820w\" sizes=\"(max-width: 1024px) 100vw, 1024px\" \/><\/div><div class=\"item\"><img decoding=\"async\" width=\"2560\" height=\"1442\" src=\"https:\/\/www.bgamstetten.ac.at\/wp-content\/uploads\/2023\/04\/Rennen3-scaled.jpg\" class=\"attachment-full size-full\" alt=\"\" srcset=\"https:\/\/www.bgamstetten.ac.at\/wp-content\/uploads\/2023\/04\/Rennen3-scaled.jpg 2560w, https:\/\/www.bgamstetten.ac.at\/wp-content\/uploads\/2023\/04\/Rennen3-300x169.jpg 300w, https:\/\/www.bgamstetten.ac.at\/wp-content\/uploads\/2023\/04\/Rennen3-1024x577.jpg 1024w, https:\/\/www.bgamstetten.ac.at\/wp-content\/uploads\/2023\/04\/Rennen3-768x432.jpg 768w, https:\/\/www.bgamstetten.ac.at\/wp-content\/uploads\/2023\/04\/Rennen3-1536x865.jpg 1536w, https:\/\/www.bgamstetten.ac.at\/wp-content\/uploads\/2023\/04\/Rennen3-2048x1153.jpg 2048w, https:\/\/www.bgamstetten.ac.at\/wp-content\/uploads\/2023\/04\/Rennen3-580x327.jpg 580w, https:\/\/www.bgamstetten.ac.at\/wp-content\/uploads\/2023\/04\/Rennen3-820x462.jpg 820w, https:\/\/www.bgamstetten.ac.at\/wp-content\/uploads\/2023\/04\/Rennen3-1160x653.jpg 1160w\" sizes=\"(max-width: 2560px) 100vw, 2560px\" \/><\/div><div class=\"item\"><img decoding=\"async\" width=\"2560\" height=\"1442\" src=\"https:\/\/www.bgamstetten.ac.at\/wp-content\/uploads\/2023\/04\/Rennen2-scaled.jpg\" class=\"attachment-full size-full\" alt=\"\" srcset=\"https:\/\/www.bgamstetten.ac.at\/wp-content\/uploads\/2023\/04\/Rennen2-scaled.jpg 2560w, https:\/\/www.bgamstetten.ac.at\/wp-content\/uploads\/2023\/04\/Rennen2-300x169.jpg 300w, https:\/\/www.bgamstetten.ac.at\/wp-content\/uploads\/2023\/04\/Rennen2-1024x577.jpg 1024w, https:\/\/www.bgamstetten.ac.at\/wp-content\/uploads\/2023\/04\/Rennen2-768x432.jpg 768w, https:\/\/www.bgamstetten.ac.at\/wp-content\/uploads\/2023\/04\/Rennen2-1536x865.jpg 1536w, https:\/\/www.bgamstetten.ac.at\/wp-content\/uploads\/2023\/04\/Rennen2-2048x1153.jpg 2048w, https:\/\/www.bgamstetten.ac.at\/wp-content\/uploads\/2023\/04\/Rennen2-580x327.jpg 580w, https:\/\/www.bgamstetten.ac.at\/wp-content\/uploads\/2023\/04\/Rennen2-820x462.jpg 820w, https:\/\/www.bgamstetten.ac.at\/wp-content\/uploads\/2023\/04\/Rennen2-1160x653.jpg 1160w\" sizes=\"(max-width: 2560px) 100vw, 2560px\" \/><\/div><div class=\"item\"><img decoding=\"async\" width=\"2560\" height=\"1442\" src=\"https:\/\/www.bgamstetten.ac.at\/wp-content\/uploads\/2023\/04\/Rennen1-scaled.jpg\" class=\"attachment-full size-full\" alt=\"\" srcset=\"https:\/\/www.bgamstetten.ac.at\/wp-content\/uploads\/2023\/04\/Rennen1-scaled.jpg 2560w, https:\/\/www.bgamstetten.ac.at\/wp-content\/uploads\/2023\/04\/Rennen1-300x169.jpg 300w, https:\/\/www.bgamstetten.ac.at\/wp-content\/uploads\/2023\/04\/Rennen1-1024x577.jpg 1024w, https:\/\/www.bgamstetten.ac.at\/wp-content\/uploads\/2023\/04\/Rennen1-768x432.jpg 768w, https:\/\/www.bgamstetten.ac.at\/wp-content\/uploads\/2023\/04\/Rennen1-1536x865.jpg 1536w, https:\/\/www.bgamstetten.ac.at\/wp-content\/uploads\/2023\/04\/Rennen1-2048x1153.jpg 2048w, https:\/\/www.bgamstetten.ac.at\/wp-content\/uploads\/2023\/04\/Rennen1-580x327.jpg 580w, https:\/\/www.bgamstetten.ac.at\/wp-content\/uploads\/2023\/04\/Rennen1-820x462.jpg 820w, https:\/\/www.bgamstetten.ac.at\/wp-content\/uploads\/2023\/04\/Rennen1-1160x653.jpg 1160w\" sizes=\"(max-width: 2560px) 100vw, 2560px\" \/><\/div><div class=\"item\"><img decoding=\"async\" width=\"2560\" height=\"1707\" src=\"https:\/\/www.bgamstetten.ac.at\/wp-content\/uploads\/2023\/04\/Rennen5-scaled.jpg\" class=\"attachment-full size-full\" alt=\"\" srcset=\"https:\/\/www.bgamstetten.ac.at\/wp-content\/uploads\/2023\/04\/Rennen5-scaled.jpg 2560w, https:\/\/www.bgamstetten.ac.at\/wp-content\/uploads\/2023\/04\/Rennen5-300x200.jpg 300w, https:\/\/www.bgamstetten.ac.at\/wp-content\/uploads\/2023\/04\/Rennen5-1024x683.jpg 1024w, https:\/\/www.bgamstetten.ac.at\/wp-content\/uploads\/2023\/04\/Rennen5-768x512.jpg 768w, https:\/\/www.bgamstetten.ac.at\/wp-content\/uploads\/2023\/04\/Rennen5-1536x1024.jpg 1536w, https:\/\/www.bgamstetten.ac.at\/wp-content\/uploads\/2023\/04\/Rennen5-2048x1365.jpg 2048w, https:\/\/www.bgamstetten.ac.at\/wp-content\/uploads\/2023\/04\/Rennen5-580x387.jpg 580w, https:\/\/www.bgamstetten.ac.at\/wp-content\/uploads\/2023\/04\/Rennen5-820x547.jpg 820w, https:\/\/www.bgamstetten.ac.at\/wp-content\/uploads\/2023\/04\/Rennen5-1160x773.jpg 1160w\" sizes=\"(max-width: 2560px) 100vw, 2560px\" \/><\/div><div class=\"item\"><img decoding=\"async\" width=\"2560\" height=\"1707\" src=\"https:\/\/www.bgamstetten.ac.at\/wp-content\/uploads\/2023\/04\/Rennen6-scaled.jpg\" class=\"attachment-full size-full\" alt=\"\" srcset=\"https:\/\/www.bgamstetten.ac.at\/wp-content\/uploads\/2023\/04\/Rennen6-scaled.jpg 2560w, https:\/\/www.bgamstetten.ac.at\/wp-content\/uploads\/2023\/04\/Rennen6-300x200.jpg 300w, https:\/\/www.bgamstetten.ac.at\/wp-content\/uploads\/2023\/04\/Rennen6-1024x683.jpg 1024w, https:\/\/www.bgamstetten.ac.at\/wp-content\/uploads\/2023\/04\/Rennen6-768x512.jpg 768w, https:\/\/www.bgamstetten.ac.at\/wp-content\/uploads\/2023\/04\/Rennen6-1536x1024.jpg 1536w, https:\/\/www.bgamstetten.ac.at\/wp-content\/uploads\/2023\/04\/Rennen6-2048x1365.jpg 2048w, https:\/\/www.bgamstetten.ac.at\/wp-content\/uploads\/2023\/04\/Rennen6-580x387.jpg 580w, https:\/\/www.bgamstetten.ac.at\/wp-content\/uploads\/2023\/04\/Rennen6-820x547.jpg 820w, https:\/\/www.bgamstetten.ac.at\/wp-content\/uploads\/2023\/04\/Rennen6-1160x773.jpg 1160w\" sizes=\"(max-width: 2560px) 100vw, 2560px\" \/><\/div><div class=\"item\"><img decoding=\"async\" width=\"1000\" height=\"667\" src=\"https:\/\/www.bgamstetten.ac.at\/wp-content\/uploads\/2022\/08\/IMG_0164.jpg\" class=\"attachment-full size-full\" alt=\"\" srcset=\"https:\/\/www.bgamstetten.ac.at\/wp-content\/uploads\/2022\/08\/IMG_0164.jpg 1000w, https:\/\/www.bgamstetten.ac.at\/wp-content\/uploads\/2022\/08\/IMG_0164-300x200.jpg 300w, https:\/\/www.bgamstetten.ac.at\/wp-content\/uploads\/2022\/08\/IMG_0164-768x512.jpg 768w, https:\/\/www.bgamstetten.ac.at\/wp-content\/uploads\/2022\/08\/IMG_0164-580x387.jpg 580w, https:\/\/www.bgamstetten.ac.at\/wp-content\/uploads\/2022\/08\/IMG_0164-820x547.jpg 820w\" sizes=\"(max-width: 1000px) 100vw, 1000px\" \/><\/div><div class=\"item\"><img decoding=\"async\" width=\"1000\" height=\"750\" src=\"https:\/\/www.bgamstetten.ac.at\/wp-content\/uploads\/2022\/08\/a_20180201_101827.jpg\" class=\"attachment-full size-full\" alt=\"\" srcset=\"https:\/\/www.bgamstetten.ac.at\/wp-content\/uploads\/2022\/08\/a_20180201_101827.jpg 1000w, https:\/\/www.bgamstetten.ac.at\/wp-content\/uploads\/2022\/08\/a_20180201_101827-300x225.jpg 300w, https:\/\/www.bgamstetten.ac.at\/wp-content\/uploads\/2022\/08\/a_20180201_101827-768x576.jpg 768w, https:\/\/www.bgamstetten.ac.at\/wp-content\/uploads\/2022\/08\/a_20180201_101827-580x435.jpg 580w, https:\/\/www.bgamstetten.ac.at\/wp-content\/uploads\/2022\/08\/a_20180201_101827-820x615.jpg 820w\" sizes=\"(max-width: 1000px) 100vw, 1000px\" \/><\/div><div class=\"item\"><img decoding=\"async\" width=\"1000\" height=\"667\" src=\"https:\/\/www.bgamstetten.ac.at\/wp-content\/uploads\/2022\/08\/IMG_4306.jpg\" class=\"attachment-full size-full\" alt=\"\" srcset=\"https:\/\/www.bgamstetten.ac.at\/wp-content\/uploads\/2022\/08\/IMG_4306.jpg 1000w, https:\/\/www.bgamstetten.ac.at\/wp-content\/uploads\/2022\/08\/IMG_4306-300x200.jpg 300w, https:\/\/www.bgamstetten.ac.at\/wp-content\/uploads\/2022\/08\/IMG_4306-768x512.jpg 768w, https:\/\/www.bgamstetten.ac.at\/wp-content\/uploads\/2022\/08\/IMG_4306-580x387.jpg 580w, https:\/\/www.bgamstetten.ac.at\/wp-content\/uploads\/2022\/08\/IMG_4306-820x547.jpg 820w\" sizes=\"(max-width: 1000px) 100vw, 1000px\" \/><\/div><\/div>\n<\/div>\n<\/div>\n<div class=\"rightdiv\" style=\"min-height: 1000px;\">\n<p>F\u00fcr all jene die sich gerne in einem <strong>Wettkampf <\/strong>messen, gibt es auch <strong>diverse Skirennen<\/strong> an denen wir teilnehmen:<\/p>\n<ul>\n<li>Ski Alpin Landesmeisterschaft der Schulen<\/li>\n<li>Ski Cross Landesmeisterschaft der Schulen<\/li>\n<li>Snowboard Cross Landesmeisterschaft der Schulen<\/li>\n<li>Schulski- und Snowboardmeisterschaft des Gymnasium Amstetten<\/li>\n<li>Amstettner Stadtskimeisterschaft<\/li>\n<li>ASK\u00d6 Vereinsmeisterschaften<\/li>\n<li>ESV Umdasch Amstetten Vereinsmeisterschaften<\/li>\n<\/ul>\n<p>Die <strong>Terminisierung erfolgt erst im Herbst<\/strong> und ist dann im <strong>Schulkalender ersichtlich<\/strong>.<\/p>\n<iframe style=\"border-radius: 20px; min-height: 300px!important;\" title=\"YouTube video player\" src=\"https:\/\/www.youtube.com\/embed\/Lqv0F2gJVWM\" width=\"560\" height=\"315\" frameborder=\"0\" allowfullscreen=\"allowfullscreen\"><\/iframe>\n<iframe style=\"border-radius: 20px; min-height: 300px!important;\" title=\"YouTube video player\" src=\"https:\/\/www.youtube.com\/embed\/mvBhlq_yXZY\" width=\"560\" height=\"315\" frameborder=\"0\" allowfullscreen=\"allowfullscreen\"><\/iframe>\n<\/div>\n<\/div>\n<\/div>\n<\/div>\n<\/div><div class=\"cmsms_toggle_wrap\" data-tags=\"all \">\n<div class=\"cmsms_toggle_title\">\n<span class=\"cmsms_toggle_plus\">\n<span class=\"cmsms_toggle_plus_hor\"><\/span>\n<span class=\"cmsms_toggle_plus_vert\"><\/span>\n<\/span>\n<a href=\"#\">Weitere Aktivit\u00e4ten<\/a>\n<\/div>\n<div class=\"cmsms_toggle\">\n<div class=\"cmsms_toggle_inner\">\n<div class=\"maindiv\">\n<div class=\"leftdiv\"><div class=\"content_slider_wrap\" style=\"max-width:px;\">\n<script type=\"text\/javascript\">jQuery(document).ready(function () { jQuery(\"#cmsms_slider_69f570f9d36f3.content_slider\").owlCarousel( { singleItem : true, transitionStyle: false, rewindSpeed : 1000, slideSpeed : 600, autoHeight : true, paginationSpeed : \t600, autoPlay : 5000,stopOnHover: true, navigationText : \t[ \"<span class=\\\"cmsms_prev_arrow\\\"><\/span>\", \"<span class=\\\"cmsms_next_arrow\\\"><\/span>\" ] } );} );<\/script>\n<div id=\"cmsms_slider_69f570f9d36f3\" class=\"content_slider owl-carousel\">\n<div class=\"item\"><img decoding=\"async\" width=\"2560\" height=\"1707\" src=\"https:\/\/www.bgamstetten.ac.at\/wp-content\/uploads\/2022\/08\/MG_3285-scaled.jpg\" class=\"attachment-full size-full\" alt=\"\" srcset=\"https:\/\/www.bgamstetten.ac.at\/wp-content\/uploads\/2022\/08\/MG_3285-scaled.jpg 2560w, https:\/\/www.bgamstetten.ac.at\/wp-content\/uploads\/2022\/08\/MG_3285-300x200.jpg 300w, https:\/\/www.bgamstetten.ac.at\/wp-content\/uploads\/2022\/08\/MG_3285-1024x683.jpg 1024w, https:\/\/www.bgamstetten.ac.at\/wp-content\/uploads\/2022\/08\/MG_3285-768x512.jpg 768w, https:\/\/www.bgamstetten.ac.at\/wp-content\/uploads\/2022\/08\/MG_3285-1536x1024.jpg 1536w, https:\/\/www.bgamstetten.ac.at\/wp-content\/uploads\/2022\/08\/MG_3285-2048x1365.jpg 2048w, https:\/\/www.bgamstetten.ac.at\/wp-content\/uploads\/2022\/08\/MG_3285-580x387.jpg 580w, https:\/\/www.bgamstetten.ac.at\/wp-content\/uploads\/2022\/08\/MG_3285-820x547.jpg 820w, https:\/\/www.bgamstetten.ac.at\/wp-content\/uploads\/2022\/08\/MG_3285-1160x773.jpg 1160w\" sizes=\"(max-width: 2560px) 100vw, 2560px\" \/><\/div><div class=\"item\"><img decoding=\"async\" width=\"2560\" height=\"1706\" src=\"https:\/\/www.bgamstetten.ac.at\/wp-content\/uploads\/2022\/08\/MG_3345-scaled.jpg\" class=\"attachment-full size-full\" alt=\"\" srcset=\"https:\/\/www.bgamstetten.ac.at\/wp-content\/uploads\/2022\/08\/MG_3345-scaled.jpg 2560w, https:\/\/www.bgamstetten.ac.at\/wp-content\/uploads\/2022\/08\/MG_3345-300x200.jpg 300w, https:\/\/www.bgamstetten.ac.at\/wp-content\/uploads\/2022\/08\/MG_3345-1024x683.jpg 1024w, https:\/\/www.bgamstetten.ac.at\/wp-content\/uploads\/2022\/08\/MG_3345-768x512.jpg 768w, https:\/\/www.bgamstetten.ac.at\/wp-content\/uploads\/2022\/08\/MG_3345-1536x1024.jpg 1536w, https:\/\/www.bgamstetten.ac.at\/wp-content\/uploads\/2022\/08\/MG_3345-2048x1365.jpg 2048w, https:\/\/www.bgamstetten.ac.at\/wp-content\/uploads\/2022\/08\/MG_3345-580x387.jpg 580w, https:\/\/www.bgamstetten.ac.at\/wp-content\/uploads\/2022\/08\/MG_3345-820x547.jpg 820w, https:\/\/www.bgamstetten.ac.at\/wp-content\/uploads\/2022\/08\/MG_3345-1160x773.jpg 1160w\" sizes=\"(max-width: 2560px) 100vw, 2560px\" \/><\/div><div class=\"item\"><img decoding=\"async\" width=\"2560\" height=\"1707\" src=\"https:\/\/www.bgamstetten.ac.at\/wp-content\/uploads\/2022\/08\/MG_3309-scaled.jpg\" class=\"attachment-full size-full\" alt=\"\" srcset=\"https:\/\/www.bgamstetten.ac.at\/wp-content\/uploads\/2022\/08\/MG_3309-scaled.jpg 2560w, https:\/\/www.bgamstetten.ac.at\/wp-content\/uploads\/2022\/08\/MG_3309-300x200.jpg 300w, https:\/\/www.bgamstetten.ac.at\/wp-content\/uploads\/2022\/08\/MG_3309-1024x683.jpg 1024w, https:\/\/www.bgamstetten.ac.at\/wp-content\/uploads\/2022\/08\/MG_3309-768x512.jpg 768w, https:\/\/www.bgamstetten.ac.at\/wp-content\/uploads\/2022\/08\/MG_3309-1536x1024.jpg 1536w, https:\/\/www.bgamstetten.ac.at\/wp-content\/uploads\/2022\/08\/MG_3309-2048x1365.jpg 2048w, https:\/\/www.bgamstetten.ac.at\/wp-content\/uploads\/2022\/08\/MG_3309-580x387.jpg 580w, https:\/\/www.bgamstetten.ac.at\/wp-content\/uploads\/2022\/08\/MG_3309-820x547.jpg 820w, https:\/\/www.bgamstetten.ac.at\/wp-content\/uploads\/2022\/08\/MG_3309-1160x773.jpg 1160w\" sizes=\"(max-width: 2560px) 100vw, 2560px\" \/><\/div><div class=\"item\"><img decoding=\"async\" width=\"2560\" height=\"1707\" src=\"https:\/\/www.bgamstetten.ac.at\/wp-content\/uploads\/2022\/08\/MG_3287-scaled.jpg\" class=\"attachment-full size-full\" alt=\"\" srcset=\"https:\/\/www.bgamstetten.ac.at\/wp-content\/uploads\/2022\/08\/MG_3287-scaled.jpg 2560w, https:\/\/www.bgamstetten.ac.at\/wp-content\/uploads\/2022\/08\/MG_3287-300x200.jpg 300w, https:\/\/www.bgamstetten.ac.at\/wp-content\/uploads\/2022\/08\/MG_3287-1024x683.jpg 1024w, https:\/\/www.bgamstetten.ac.at\/wp-content\/uploads\/2022\/08\/MG_3287-768x512.jpg 768w, https:\/\/www.bgamstetten.ac.at\/wp-content\/uploads\/2022\/08\/MG_3287-1536x1024.jpg 1536w, https:\/\/www.bgamstetten.ac.at\/wp-content\/uploads\/2022\/08\/MG_3287-2048x1365.jpg 2048w, https:\/\/www.bgamstetten.ac.at\/wp-content\/uploads\/2022\/08\/MG_3287-580x387.jpg 580w, https:\/\/www.bgamstetten.ac.at\/wp-content\/uploads\/2022\/08\/MG_3287-820x547.jpg 820w, https:\/\/www.bgamstetten.ac.at\/wp-content\/uploads\/2022\/08\/MG_3287-1160x773.jpg 1160w\" sizes=\"(max-width: 2560px) 100vw, 2560px\" \/><\/div><div class=\"item\"><img decoding=\"async\" width=\"1600\" height=\"1200\" src=\"https:\/\/www.bgamstetten.ac.at\/wp-content\/uploads\/2022\/08\/IMG-20220530-WA0010.jpg\" class=\"attachment-full size-full\" alt=\"\" srcset=\"https:\/\/www.bgamstetten.ac.at\/wp-content\/uploads\/2022\/08\/IMG-20220530-WA0010.jpg 1600w, https:\/\/www.bgamstetten.ac.at\/wp-content\/uploads\/2022\/08\/IMG-20220530-WA0010-300x225.jpg 300w, https:\/\/www.bgamstetten.ac.at\/wp-content\/uploads\/2022\/08\/IMG-20220530-WA0010-1024x768.jpg 1024w, https:\/\/www.bgamstetten.ac.at\/wp-content\/uploads\/2022\/08\/IMG-20220530-WA0010-768x576.jpg 768w, https:\/\/www.bgamstetten.ac.at\/wp-content\/uploads\/2022\/08\/IMG-20220530-WA0010-1536x1152.jpg 1536w, https:\/\/www.bgamstetten.ac.at\/wp-content\/uploads\/2022\/08\/IMG-20220530-WA0010-580x435.jpg 580w, https:\/\/www.bgamstetten.ac.at\/wp-content\/uploads\/2022\/08\/IMG-20220530-WA0010-820x615.jpg 820w, https:\/\/www.bgamstetten.ac.at\/wp-content\/uploads\/2022\/08\/IMG-20220530-WA0010-1160x870.jpg 1160w\" sizes=\"(max-width: 1600px) 100vw, 1600px\" \/><\/div><div class=\"item\"><img decoding=\"async\" width=\"1600\" height=\"1200\" src=\"https:\/\/www.bgamstetten.ac.at\/wp-content\/uploads\/2022\/08\/IMG-20220530-WA0009.jpg\" class=\"attachment-full size-full\" alt=\"\" srcset=\"https:\/\/www.bgamstetten.ac.at\/wp-content\/uploads\/2022\/08\/IMG-20220530-WA0009.jpg 1600w, https:\/\/www.bgamstetten.ac.at\/wp-content\/uploads\/2022\/08\/IMG-20220530-WA0009-300x225.jpg 300w, https:\/\/www.bgamstetten.ac.at\/wp-content\/uploads\/2022\/08\/IMG-20220530-WA0009-1024x768.jpg 1024w, https:\/\/www.bgamstetten.ac.at\/wp-content\/uploads\/2022\/08\/IMG-20220530-WA0009-768x576.jpg 768w, https:\/\/www.bgamstetten.ac.at\/wp-content\/uploads\/2022\/08\/IMG-20220530-WA0009-1536x1152.jpg 1536w, https:\/\/www.bgamstetten.ac.at\/wp-content\/uploads\/2022\/08\/IMG-20220530-WA0009-580x435.jpg 580w, https:\/\/www.bgamstetten.ac.at\/wp-content\/uploads\/2022\/08\/IMG-20220530-WA0009-820x615.jpg 820w, https:\/\/www.bgamstetten.ac.at\/wp-content\/uploads\/2022\/08\/IMG-20220530-WA0009-1160x870.jpg 1160w\" sizes=\"(max-width: 1600px) 100vw, 1600px\" \/><\/div><div class=\"item\"><img decoding=\"async\" width=\"1600\" height=\"1200\" src=\"https:\/\/www.bgamstetten.ac.at\/wp-content\/uploads\/2022\/08\/IMG-20220530-WA0013.jpg\" class=\"attachment-full size-full\" alt=\"\" srcset=\"https:\/\/www.bgamstetten.ac.at\/wp-content\/uploads\/2022\/08\/IMG-20220530-WA0013.jpg 1600w, https:\/\/www.bgamstetten.ac.at\/wp-content\/uploads\/2022\/08\/IMG-20220530-WA0013-300x225.jpg 300w, https:\/\/www.bgamstetten.ac.at\/wp-content\/uploads\/2022\/08\/IMG-20220530-WA0013-1024x768.jpg 1024w, https:\/\/www.bgamstetten.ac.at\/wp-content\/uploads\/2022\/08\/IMG-20220530-WA0013-768x576.jpg 768w, https:\/\/www.bgamstetten.ac.at\/wp-content\/uploads\/2022\/08\/IMG-20220530-WA0013-1536x1152.jpg 1536w, https:\/\/www.bgamstetten.ac.at\/wp-content\/uploads\/2022\/08\/IMG-20220530-WA0013-580x435.jpg 580w, https:\/\/www.bgamstetten.ac.at\/wp-content\/uploads\/2022\/08\/IMG-20220530-WA0013-820x615.jpg 820w, https:\/\/www.bgamstetten.ac.at\/wp-content\/uploads\/2022\/08\/IMG-20220530-WA0013-1160x870.jpg 1160w\" sizes=\"(max-width: 1600px) 100vw, 1600px\" \/><\/div><div class=\"item\"><img decoding=\"async\" width=\"2560\" height=\"1440\" src=\"https:\/\/www.bgamstetten.ac.at\/wp-content\/uploads\/2022\/08\/20220530_124800-scaled.jpg\" class=\"attachment-full size-full\" alt=\"\" srcset=\"https:\/\/www.bgamstetten.ac.at\/wp-content\/uploads\/2022\/08\/20220530_124800-scaled.jpg 2560w, https:\/\/www.bgamstetten.ac.at\/wp-content\/uploads\/2022\/08\/20220530_124800-300x169.jpg 300w, https:\/\/www.bgamstetten.ac.at\/wp-content\/uploads\/2022\/08\/20220530_124800-1024x576.jpg 1024w, https:\/\/www.bgamstetten.ac.at\/wp-content\/uploads\/2022\/08\/20220530_124800-768x432.jpg 768w, https:\/\/www.bgamstetten.ac.at\/wp-content\/uploads\/2022\/08\/20220530_124800-1536x864.jpg 1536w, https:\/\/www.bgamstetten.ac.at\/wp-content\/uploads\/2022\/08\/20220530_124800-2048x1152.jpg 2048w, https:\/\/www.bgamstetten.ac.at\/wp-content\/uploads\/2022\/08\/20220530_124800-580x326.jpg 580w, https:\/\/www.bgamstetten.ac.at\/wp-content\/uploads\/2022\/08\/20220530_124800-820x461.jpg 820w, https:\/\/www.bgamstetten.ac.at\/wp-content\/uploads\/2022\/08\/20220530_124800-1160x653.jpg 1160w\" sizes=\"(max-width: 2560px) 100vw, 2560px\" \/><\/div><div class=\"item\"><img decoding=\"async\" width=\"2560\" height=\"1440\" src=\"https:\/\/www.bgamstetten.ac.at\/wp-content\/uploads\/2022\/08\/20220530_124758-scaled.jpg\" class=\"attachment-full size-full\" alt=\"\" srcset=\"https:\/\/www.bgamstetten.ac.at\/wp-content\/uploads\/2022\/08\/20220530_124758-scaled.jpg 2560w, https:\/\/www.bgamstetten.ac.at\/wp-content\/uploads\/2022\/08\/20220530_124758-300x169.jpg 300w, https:\/\/www.bgamstetten.ac.at\/wp-content\/uploads\/2022\/08\/20220530_124758-1024x576.jpg 1024w, https:\/\/www.bgamstetten.ac.at\/wp-content\/uploads\/2022\/08\/20220530_124758-768x432.jpg 768w, https:\/\/www.bgamstetten.ac.at\/wp-content\/uploads\/2022\/08\/20220530_124758-1536x864.jpg 1536w, https:\/\/www.bgamstetten.ac.at\/wp-content\/uploads\/2022\/08\/20220530_124758-2048x1152.jpg 2048w, https:\/\/www.bgamstetten.ac.at\/wp-content\/uploads\/2022\/08\/20220530_124758-580x326.jpg 580w, https:\/\/www.bgamstetten.ac.at\/wp-content\/uploads\/2022\/08\/20220530_124758-820x461.jpg 820w, https:\/\/www.bgamstetten.ac.at\/wp-content\/uploads\/2022\/08\/20220530_124758-1160x653.jpg 1160w\" sizes=\"(max-width: 2560px) 100vw, 2560px\" \/><\/div><div class=\"item\"><img decoding=\"async\" width=\"1200\" height=\"1600\" src=\"https:\/\/www.bgamstetten.ac.at\/wp-content\/uploads\/2022\/08\/signal-2022-05-30-133219-4.jpeg\" class=\"attachment-full size-full\" alt=\"\" srcset=\"https:\/\/www.bgamstetten.ac.at\/wp-content\/uploads\/2022\/08\/signal-2022-05-30-133219-4.jpeg 1200w, https:\/\/www.bgamstetten.ac.at\/wp-content\/uploads\/2022\/08\/signal-2022-05-30-133219-4-225x300.jpeg 225w, https:\/\/www.bgamstetten.ac.at\/wp-content\/uploads\/2022\/08\/signal-2022-05-30-133219-4-768x1024.jpeg 768w, https:\/\/www.bgamstetten.ac.at\/wp-content\/uploads\/2022\/08\/signal-2022-05-30-133219-4-1152x1536.jpeg 1152w, https:\/\/www.bgamstetten.ac.at\/wp-content\/uploads\/2022\/08\/signal-2022-05-30-133219-4-580x773.jpeg 580w, https:\/\/www.bgamstetten.ac.at\/wp-content\/uploads\/2022\/08\/signal-2022-05-30-133219-4-820x1093.jpeg 820w, https:\/\/www.bgamstetten.ac.at\/wp-content\/uploads\/2022\/08\/signal-2022-05-30-133219-4-1160x1547.jpeg 1160w\" sizes=\"(max-width: 1200px) 100vw, 1200px\" \/><\/div><div class=\"item\"><img decoding=\"async\" width=\"1200\" height=\"1600\" src=\"https:\/\/www.bgamstetten.ac.at\/wp-content\/uploads\/2022\/08\/signal-2022-05-30-133219-14.jpeg\" class=\"attachment-full size-full\" alt=\"\" srcset=\"https:\/\/www.bgamstetten.ac.at\/wp-content\/uploads\/2022\/08\/signal-2022-05-30-133219-14.jpeg 1200w, https:\/\/www.bgamstetten.ac.at\/wp-content\/uploads\/2022\/08\/signal-2022-05-30-133219-14-225x300.jpeg 225w, https:\/\/www.bgamstetten.ac.at\/wp-content\/uploads\/2022\/08\/signal-2022-05-30-133219-14-768x1024.jpeg 768w, https:\/\/www.bgamstetten.ac.at\/wp-content\/uploads\/2022\/08\/signal-2022-05-30-133219-14-1152x1536.jpeg 1152w, https:\/\/www.bgamstetten.ac.at\/wp-content\/uploads\/2022\/08\/signal-2022-05-30-133219-14-580x773.jpeg 580w, https:\/\/www.bgamstetten.ac.at\/wp-content\/uploads\/2022\/08\/signal-2022-05-30-133219-14-820x1093.jpeg 820w, https:\/\/www.bgamstetten.ac.at\/wp-content\/uploads\/2022\/08\/signal-2022-05-30-133219-14-1160x1547.jpeg 1160w\" sizes=\"(max-width: 1200px) 100vw, 1200px\" \/><\/div><div class=\"item\"><img decoding=\"async\" width=\"1200\" height=\"1600\" src=\"https:\/\/www.bgamstetten.ac.at\/wp-content\/uploads\/2022\/08\/signal-2022-05-30-133310-4.jpeg\" class=\"attachment-full size-full\" alt=\"\" srcset=\"https:\/\/www.bgamstetten.ac.at\/wp-content\/uploads\/2022\/08\/signal-2022-05-30-133310-4.jpeg 1200w, https:\/\/www.bgamstetten.ac.at\/wp-content\/uploads\/2022\/08\/signal-2022-05-30-133310-4-225x300.jpeg 225w, https:\/\/www.bgamstetten.ac.at\/wp-content\/uploads\/2022\/08\/signal-2022-05-30-133310-4-768x1024.jpeg 768w, https:\/\/www.bgamstetten.ac.at\/wp-content\/uploads\/2022\/08\/signal-2022-05-30-133310-4-1152x1536.jpeg 1152w, https:\/\/www.bgamstetten.ac.at\/wp-content\/uploads\/2022\/08\/signal-2022-05-30-133310-4-580x773.jpeg 580w, https:\/\/www.bgamstetten.ac.at\/wp-content\/uploads\/2022\/08\/signal-2022-05-30-133310-4-820x1093.jpeg 820w, https:\/\/www.bgamstetten.ac.at\/wp-content\/uploads\/2022\/08\/signal-2022-05-30-133310-4-1160x1547.jpeg 1160w\" sizes=\"(max-width: 1200px) 100vw, 1200px\" \/><\/div><div class=\"item\"><img decoding=\"async\" width=\"1200\" height=\"1600\" src=\"https:\/\/www.bgamstetten.ac.at\/wp-content\/uploads\/2022\/08\/signal-2022-05-30-133353-24.jpeg\" class=\"attachment-full size-full\" alt=\"\" srcset=\"https:\/\/www.bgamstetten.ac.at\/wp-content\/uploads\/2022\/08\/signal-2022-05-30-133353-24.jpeg 1200w, https:\/\/www.bgamstetten.ac.at\/wp-content\/uploads\/2022\/08\/signal-2022-05-30-133353-24-225x300.jpeg 225w, https:\/\/www.bgamstetten.ac.at\/wp-content\/uploads\/2022\/08\/signal-2022-05-30-133353-24-768x1024.jpeg 768w, https:\/\/www.bgamstetten.ac.at\/wp-content\/uploads\/2022\/08\/signal-2022-05-30-133353-24-1152x1536.jpeg 1152w, https:\/\/www.bgamstetten.ac.at\/wp-content\/uploads\/2022\/08\/signal-2022-05-30-133353-24-580x773.jpeg 580w, https:\/\/www.bgamstetten.ac.at\/wp-content\/uploads\/2022\/08\/signal-2022-05-30-133353-24-820x1093.jpeg 820w, https:\/\/www.bgamstetten.ac.at\/wp-content\/uploads\/2022\/08\/signal-2022-05-30-133353-24-1160x1547.jpeg 1160w\" sizes=\"(max-width: 1200px) 100vw, 1200px\" \/><\/div><\/div>\n<\/div>\n<\/div>\n<div class=\"rightdiv\">\n<p>Je nach Interesse der Sch\u00fclerInnen gibt es am Saisonbeginn und am Saisonende Zusatzaktivit\u00e4ten wie z.B. SUP, PaddleTennis, Spikeball, Slingtraining, Slackline-Training, Mountainbiken oder Inlineskaten.<\/p>\n<\/div>\n<\/div>\n<\/div>\n<\/div>\n<\/div><div class=\"cmsms_toggle_wrap\" data-tags=\"all \">\n<div class=\"cmsms_toggle_title\">\n<span class=\"cmsms_toggle_plus\">\n<span class=\"cmsms_toggle_plus_hor\"><\/span>\n<span class=\"cmsms_toggle_plus_vert\"><\/span>\n<\/span>\n<a href=\"#\">Bekleidung<\/a>\n<\/div>\n<div class=\"cmsms_toggle\">\n<div class=\"cmsms_toggle_inner\">\n<p>Es gibt auch j\u00e4hrlich die M\u00f6glichkeit sich die neueste Sportbekleidung von SKI AM GYM zu kaufen.<\/p>\n<p style=\"font-weight: 400;\"><a href=\"https:\/\/teamsport.intersportwinninger.at\/\" data-saferedirecturl=\"https:\/\/www.google.com\/url?q=https:\/\/teamsport.intersportwinninger.at\/&amp;source=gmail&amp;ust=1747803502575000&amp;usg=AOvVaw2FUxsvK_g-pLR0gxDPyBmS\" target=\"_blank\" rel=\"noopener\">https:\/\/teamsport.intersportwinninger.at\/<\/a><\/p>\n<p style=\"font-weight: 400;\">User: bgbrgamski<\/p>\n<p style=\"font-weight: 400;\">Passwort: bgbrgski47<\/p>\n<\/div>\n<\/div>\n<\/div><\/div>\n<\/div>\n<\/div>\n<\/div>\n<\/div>\n<\/div>\n<\/div>\n\n","protected":false},"excerpt":{"rendered":"","protected":false},"author":1,"featured_media":0,"parent":471,"menu_order":0,"comment_status":"closed","ping_status":"closed","template":"","meta":{"footnotes":""},"class_list":["post-50921","page","type-page","status-publish","hentry"],"_links":{"self":[{"href":"https:\/\/www.bgamstetten.ac.at\/index.php\/wp-json\/wp\/v2\/pages\/50921","targetHints":{"allow":["GET"]}}],"collection":[{"href":"https:\/\/www.bgamstetten.ac.at\/index.php\/wp-json\/wp\/v2\/pages"}],"about":[{"href":"https:\/\/www.bgamstetten.ac.at\/index.php\/wp-json\/wp\/v2\/types\/page"}],"author":[{"embeddable":true,"href":"https:\/\/www.bgamstetten.ac.at\/index.php\/wp-json\/wp\/v2\/users\/1"}],"replies":[{"embeddable":true,"href":"https:\/\/www.bgamstetten.ac.at\/index.php\/wp-json\/wp\/v2\/comments?post=50921"}],"version-history":[{"count":66,"href":"https:\/\/www.bgamstetten.ac.at\/index.php\/wp-json\/wp\/v2\/pages\/50921\/revisions"}],"predecessor-version":[{"id":58565,"href":"https:\/\/www.bgamstetten.ac.at\/index.php\/wp-json\/wp\/v2\/pages\/50921\/revisions\/58565"}],"up":[{"embeddable":true,"href":"https:\/\/www.bgamstetten.ac.at\/index.php\/wp-json\/wp\/v2\/pages\/471"}],"wp:attachment":[{"href":"https:\/\/www.bgamstetten.ac.at\/index.php\/wp-json\/wp\/v2\/media?parent=50921"}],"curies":[{"name":"wp","href":"https:\/\/api.w.org\/{rel}","templated":true}]}}