{"id":50776,"date":"2022-08-10T09:02:26","date_gmt":"2022-08-10T07:02:26","guid":{"rendered":"https:\/\/www.bgamstetten.ac.at\/?page_id=50776"},"modified":"2022-11-24T15:26:53","modified_gmt":"2022-11-24T14:26:53","slug":"zusatzausbildungen","status":"publish","type":"page","link":"https:\/\/www.bgamstetten.ac.at\/index.php\/ausbildung\/zusatzausbildungen\/","title":{"rendered":"Zusatzausbildungen"},"content":{"rendered":"<style type=\"text\/css\"> \n#cmsms_row_69f3f51bb571c .cmsms_row_outer_parent { \n\tpadding-top: 30px; \n} \n\n<\/style><div id=\"cmsms_row_69f3f51bb571c\" class=\"cmsms_row cmsms_color_scheme_default\">\n<div class=\"cmsms_row_outer_parent\">\n<div class=\"cmsms_row_outer\">\n<div class=\"cmsms_row_inner\">\n<div class=\"cmsms_row_margin\">\n<div class=\"cmsms_column one_first\">\n<div class=\"cmsms_text\">\n<p>Wir als BG\/BRG Amstetten legen gro\u00dfen <strong>Wert auf Vielfalt und Individualit\u00e4t<\/strong>. <strong>Interessiert<\/strong> du dich f\u00fcr einen <strong>Bereich besonders<\/strong>, so kannst du hier auch <strong>Zusatzausbildungen absolvieren<\/strong>.<\/p>\n<\/div>\n<div class=\"cmsms_toggles toggles_mode_accordion\">\n<div class=\"cmsms_toggle_wrap current_toggle\" data-tags=\"all \">\n<div class=\"cmsms_toggle_title\">\n<span class=\"cmsms_toggle_plus\">\n<span class=\"cmsms_toggle_plus_hor\"><\/span>\n<span class=\"cmsms_toggle_plus_vert\"><\/span>\n<\/span>\n<a href=\"#\">ECDL<\/a>\n<\/div>\n<div class=\"cmsms_toggle\">\n<div class=\"cmsms_toggle_inner\">\n<div class=\"maindiv\">\n<div class=\"leftdiv\"><div class=\"content_slider_wrap\" style=\"max-width:px;\">\n<script type=\"text\/javascript\">jQuery(document).ready(function () { jQuery(\"#cmsms_slider_69f3f51bb645e.content_slider\").owlCarousel( { singleItem : true, transitionStyle: false, rewindSpeed : 1000, slideSpeed : 600, autoHeight : true, paginationSpeed : \t600, autoPlay : 5000,stopOnHover: true, navigationText : \t[ \"<span class=\\\"cmsms_prev_arrow\\\"><\/span>\", \"<span class=\\\"cmsms_next_arrow\\\"><\/span>\" ] } );} );<\/script>\n<div id=\"cmsms_slider_69f3f51bb645e\" class=\"content_slider owl-carousel\">\n<div class=\"item\"><img decoding=\"async\" width=\"446\" height=\"161\" src=\"https:\/\/www.bgamstetten.ac.at\/wp-content\/uploads\/2022\/08\/ecdl.png\" class=\"attachment-full size-full\" alt=\"\" srcset=\"https:\/\/www.bgamstetten.ac.at\/wp-content\/uploads\/2022\/08\/ecdl.png 446w, https:\/\/www.bgamstetten.ac.at\/wp-content\/uploads\/2022\/08\/ecdl-300x108.png 300w\" sizes=\"(max-width: 446px) 100vw, 446px\" \/><\/div><div class=\"item\"><img decoding=\"async\" width=\"2275\" height=\"2560\" src=\"https:\/\/www.bgamstetten.ac.at\/wp-content\/uploads\/2022\/08\/20210525_102126-scaled-1.jpg\" class=\"attachment-full size-full\" alt=\"\" srcset=\"https:\/\/www.bgamstetten.ac.at\/wp-content\/uploads\/2022\/08\/20210525_102126-scaled-1.jpg 2275w, https:\/\/www.bgamstetten.ac.at\/wp-content\/uploads\/2022\/08\/20210525_102126-scaled-1-267x300.jpg 267w, https:\/\/www.bgamstetten.ac.at\/wp-content\/uploads\/2022\/08\/20210525_102126-scaled-1-910x1024.jpg 910w, https:\/\/www.bgamstetten.ac.at\/wp-content\/uploads\/2022\/08\/20210525_102126-scaled-1-768x864.jpg 768w, https:\/\/www.bgamstetten.ac.at\/wp-content\/uploads\/2022\/08\/20210525_102126-scaled-1-1365x1536.jpg 1365w, https:\/\/www.bgamstetten.ac.at\/wp-content\/uploads\/2022\/08\/20210525_102126-scaled-1-1820x2048.jpg 1820w, https:\/\/www.bgamstetten.ac.at\/wp-content\/uploads\/2022\/08\/20210525_102126-scaled-1-580x653.jpg 580w, https:\/\/www.bgamstetten.ac.at\/wp-content\/uploads\/2022\/08\/20210525_102126-scaled-1-820x923.jpg 820w, https:\/\/www.bgamstetten.ac.at\/wp-content\/uploads\/2022\/08\/20210525_102126-scaled-1-1160x1305.jpg 1160w\" sizes=\"(max-width: 2275px) 100vw, 2275px\" \/><\/div><div class=\"item\"><img decoding=\"async\" width=\"612\" height=\"768\" src=\"https:\/\/www.bgamstetten.ac.at\/wp-content\/uploads\/2022\/09\/ecdlstandard.png\" class=\"attachment-full size-full\" alt=\"\" srcset=\"https:\/\/www.bgamstetten.ac.at\/wp-content\/uploads\/2022\/09\/ecdlstandard.png 612w, https:\/\/www.bgamstetten.ac.at\/wp-content\/uploads\/2022\/09\/ecdlstandard-239x300.png 239w, https:\/\/www.bgamstetten.ac.at\/wp-content\/uploads\/2022\/09\/ecdlstandard-580x728.png 580w\" sizes=\"(max-width: 612px) 100vw, 612px\" \/><\/div><div class=\"item\"><img decoding=\"async\" width=\"1030\" height=\"841\" src=\"https:\/\/www.bgamstetten.ac.at\/wp-content\/uploads\/2022\/09\/ECDL_allemodule.jpg\" class=\"attachment-full size-full\" alt=\"\" srcset=\"https:\/\/www.bgamstetten.ac.at\/wp-content\/uploads\/2022\/09\/ECDL_allemodule.jpg 1030w, https:\/\/www.bgamstetten.ac.at\/wp-content\/uploads\/2022\/09\/ECDL_allemodule-300x245.jpg 300w, https:\/\/www.bgamstetten.ac.at\/wp-content\/uploads\/2022\/09\/ECDL_allemodule-1024x836.jpg 1024w, https:\/\/www.bgamstetten.ac.at\/wp-content\/uploads\/2022\/09\/ECDL_allemodule-768x627.jpg 768w, https:\/\/www.bgamstetten.ac.at\/wp-content\/uploads\/2022\/09\/ECDL_allemodule-580x474.jpg 580w, https:\/\/www.bgamstetten.ac.at\/wp-content\/uploads\/2022\/09\/ECDL_allemodule-820x670.jpg 820w\" sizes=\"(max-width: 1030px) 100vw, 1030px\" \/><\/div><div class=\"item\"><img decoding=\"async\" width=\"1697\" height=\"2372\" src=\"https:\/\/www.bgamstetten.ac.at\/wp-content\/uploads\/2022\/08\/20210630_101604.jpg\" class=\"attachment-full size-full\" alt=\"\" srcset=\"https:\/\/www.bgamstetten.ac.at\/wp-content\/uploads\/2022\/08\/20210630_101604.jpg 1697w, https:\/\/www.bgamstetten.ac.at\/wp-content\/uploads\/2022\/08\/20210630_101604-215x300.jpg 215w, https:\/\/www.bgamstetten.ac.at\/wp-content\/uploads\/2022\/08\/20210630_101604-733x1024.jpg 733w, https:\/\/www.bgamstetten.ac.at\/wp-content\/uploads\/2022\/08\/20210630_101604-768x1073.jpg 768w, https:\/\/www.bgamstetten.ac.at\/wp-content\/uploads\/2022\/08\/20210630_101604-1099x1536.jpg 1099w, https:\/\/www.bgamstetten.ac.at\/wp-content\/uploads\/2022\/08\/20210630_101604-1465x2048.jpg 1465w, https:\/\/www.bgamstetten.ac.at\/wp-content\/uploads\/2022\/08\/20210630_101604-580x811.jpg 580w, https:\/\/www.bgamstetten.ac.at\/wp-content\/uploads\/2022\/08\/20210630_101604-820x1146.jpg 820w, https:\/\/www.bgamstetten.ac.at\/wp-content\/uploads\/2022\/08\/20210630_101604-1160x1621.jpg 1160w\" sizes=\"(max-width: 1697px) 100vw, 1697px\" \/><\/div><\/div>\n<\/div>\n<\/div>\n<div class=\"rightdiv\">\n<p>Unsere Schule bietet seit vier Jahren den\u00a0<strong>ECDL (Europ\u00e4ischer Computerf\u00fchrerschein)<\/strong>\u00a0an und ist <strong>Testcenter<\/strong>, d. h. unsere Sch\u00fclerinnen und Sch\u00fcler k\u00f6nnen <strong>in der Schule dieses Zertifikat erwerben<\/strong>. Mehr Infos siehe\u00a0<a href=\"https:\/\/www.ecdl.at\/\" target=\"_blank\" rel=\"noopener\">https:\/\/www.ecdl.at\/<\/a>\u00a0\u00a0oder\u00a0<a href=\"https:\/\/edu.ecdl.at\/\" target=\"_blank\" rel=\"noopener\">https:\/\/edu.ecdl.at\/<\/a><\/p>\n<p>Ihre Kinder erlernen <strong>in der Schule im Unterrichtsfach Digitale Grundbildung die notwendigen Grundlagen<\/strong> f\u00fcr die Ablegung der Pr\u00fcfungen f\u00fcr den\u00a0<a href=\"https:\/\/www.ecdl.at\/de\/ecdl-base\" target=\"_blank\" rel=\"noopener\"><strong>ECDL Base<\/strong><\/a> (Textverarbeitung, Tabellenkalkulation, Computergrundlagen, Onlinegrundlagen) und\u00a0die Module <strong>Pr\u00e4sentation <\/strong>und <strong>Online-Zusammenarbeit<\/strong>.<\/p>\n<p>F\u00fcr den <a href=\"https:\/\/www.ecdl.at\/ecdl-standard\" target=\"_blank\" rel=\"noopener\"><strong>ECDL-Standard (ECDL Base + 3 Wahlmodule)<\/strong><\/a>\u00a0 und zur <strong>Pr\u00fcfungsvorbereitung<\/strong> wird die <strong>unverbindliche \u00dcbung ECDL<\/strong> in der <strong>3. &amp; 4. Klasse<\/strong> empfohlen, wo sich ihre Kinder auf die <strong>Wahlmodule nochmals speziell vorbereiten<\/strong> k\u00f6nnen.<\/p>\n<p>Hier unsere <strong>Empfehlung f\u00fcr das Absolvieren der Pr\u00fcfungen<\/strong>:<\/p>\n<p><strong>6 Module in DigiGB<\/strong><\/p>\n<ul>\n<li>1. Klasse (Juni) \u2013 Computergrundlagen<\/li>\n<li>2. Klasse (Dezember) \u2013 Onlinegrundlagen<\/li>\n<li>3. Klasse (Dezember) &#8211; Word<\/li>\n<li>3. Klasse (Juni) \u2013 Pr\u00e4sentation<\/li>\n<li>4. Klasse (Dezember) &#8211; Excel<\/li>\n<li>4. Klasse (Juni) \u2013 Online-Zusammenarbeit<\/li>\n<\/ul>\n<p><strong>1 Modul in unv. \u00dcbung ECDL (3 + 4. Klasse)<\/strong><\/p>\n<ul>\n<li>4. Klasse (Juni) \u2013 Bildbearbeitung<\/li>\n<li>4. Klasse (Juni) \u2013 Datenbanken \/ IT-Security<\/li>\n<\/ul>\n<p>Die Kosten f\u00fcr die <strong>Skills Card (= Pr\u00fcfungspass)<\/strong> betragen <strong>einmalig 37,00\u00a0\u20ac<\/strong> und f\u00fcr jede <strong>Modul-Pr\u00fcfung je 15,00 \u20ac<\/strong> (Stand 11. Juli 2021).<\/p>\n<p>Ihr Kind kann grunds\u00e4tzlich\u00a0<strong>nach Erreichen des 12. Lebensjahr Pr\u00fcfungen<\/strong>\u00a0<strong>ablegen.<\/strong>\u00a0Die Sch\u00fclerinnen und Sch\u00fcler werden in der Unverbindlichen \u00dcbung INFO auf eine m\u00f6gliche Pr\u00fcfung vorbereitet und es werden auch sogenannte Diagnosetests (Probetest) durchgef\u00fchrt. Bei den Pr\u00fcfungen (Modulen) m\u00fcssen jeweils <strong>27 von 36 Fragen richtig<\/strong> beantwortet werden, damit das <strong>Ergebnis positiv<\/strong> ist.<\/p>\n<p>Bei Fragen k\u00f6nnen Sie Christa H\u00f6glinger (<a href=\"mailto:christa.hoeglinger@am-gym.at\">christa.hoeglinger@am-gym.at<\/a>) kontaktieren.<\/p>\n<\/div>\n<\/div>\n<\/div>\n<\/div>\n<\/div><div class=\"cmsms_toggle_wrap\" data-tags=\"all \">\n<div class=\"cmsms_toggle_title\">\n<span class=\"cmsms_toggle_plus\">\n<span class=\"cmsms_toggle_plus_hor\"><\/span>\n<span class=\"cmsms_toggle_plus_vert\"><\/span>\n<\/span>\n<a href=\"#\">Erste Hilfe Grundkurs<\/a>\n<\/div>\n<div class=\"cmsms_toggle\">\n<div class=\"cmsms_toggle_inner\">\n<div class=\"maindiv\">\n<div class=\"leftdiv\"><div class=\"content_slider_wrap\" style=\"max-width:px;\">\n<script type=\"text\/javascript\">jQuery(document).ready(function () { jQuery(\"#cmsms_slider_69f3f51bb805a.content_slider\").owlCarousel( { singleItem : true, transitionStyle: false, rewindSpeed : 1000, slideSpeed : 600, autoHeight : true, paginationSpeed : \t600, autoPlay : 5000,stopOnHover: true, navigationText : \t[ \"<span class=\\\"cmsms_prev_arrow\\\"><\/span>\", \"<span class=\\\"cmsms_next_arrow\\\"><\/span>\" ] } );} );<\/script>\n<div id=\"cmsms_slider_69f3f51bb805a\" class=\"content_slider owl-carousel\">\n<div class=\"item\"><img decoding=\"async\" width=\"874\" height=\"448\" src=\"https:\/\/www.bgamstetten.ac.at\/wp-content\/uploads\/2022\/08\/EHK-20-header.jpg\" class=\"attachment-full size-full\" alt=\"\" srcset=\"https:\/\/www.bgamstetten.ac.at\/wp-content\/uploads\/2022\/08\/EHK-20-header.jpg 874w, https:\/\/www.bgamstetten.ac.at\/wp-content\/uploads\/2022\/08\/EHK-20-header-300x154.jpg 300w, https:\/\/www.bgamstetten.ac.at\/wp-content\/uploads\/2022\/08\/EHK-20-header-768x394.jpg 768w, https:\/\/www.bgamstetten.ac.at\/wp-content\/uploads\/2022\/08\/EHK-20-header-580x297.jpg 580w, https:\/\/www.bgamstetten.ac.at\/wp-content\/uploads\/2022\/08\/EHK-20-header-820x420.jpg 820w\" sizes=\"(max-width: 874px) 100vw, 874px\" \/><\/div><div class=\"item\"><img decoding=\"async\" width=\"800\" height=\"455\" src=\"https:\/\/www.bgamstetten.ac.at\/wp-content\/uploads\/2022\/08\/EHFit-2020-bb.jpg\" class=\"attachment-full size-full\" alt=\"\" srcset=\"https:\/\/www.bgamstetten.ac.at\/wp-content\/uploads\/2022\/08\/EHFit-2020-bb.jpg 800w, https:\/\/www.bgamstetten.ac.at\/wp-content\/uploads\/2022\/08\/EHFit-2020-bb-300x171.jpg 300w, https:\/\/www.bgamstetten.ac.at\/wp-content\/uploads\/2022\/08\/EHFit-2020-bb-768x437.jpg 768w, https:\/\/www.bgamstetten.ac.at\/wp-content\/uploads\/2022\/08\/EHFit-2020-bb-580x330.jpg 580w\" sizes=\"(max-width: 800px) 100vw, 800px\" \/><\/div><div class=\"item\"><img decoding=\"async\" width=\"800\" height=\"455\" src=\"https:\/\/www.bgamstetten.ac.at\/wp-content\/uploads\/2022\/08\/EHK-20-bb.jpg\" class=\"attachment-full size-full\" alt=\"\" srcset=\"https:\/\/www.bgamstetten.ac.at\/wp-content\/uploads\/2022\/08\/EHK-20-bb.jpg 800w, https:\/\/www.bgamstetten.ac.at\/wp-content\/uploads\/2022\/08\/EHK-20-bb-300x171.jpg 300w, https:\/\/www.bgamstetten.ac.at\/wp-content\/uploads\/2022\/08\/EHK-20-bb-768x437.jpg 768w, https:\/\/www.bgamstetten.ac.at\/wp-content\/uploads\/2022\/08\/EHK-20-bb-580x330.jpg 580w\" sizes=\"(max-width: 800px) 100vw, 800px\" \/><\/div><div class=\"item\"><img decoding=\"async\" width=\"900\" height=\"506\" src=\"https:\/\/www.bgamstetten.ac.at\/wp-content\/uploads\/2022\/08\/EHFit2.jpg\" class=\"attachment-full size-full\" alt=\"\" srcset=\"https:\/\/www.bgamstetten.ac.at\/wp-content\/uploads\/2022\/08\/EHFit2.jpg 900w, https:\/\/www.bgamstetten.ac.at\/wp-content\/uploads\/2022\/08\/EHFit2-300x169.jpg 300w, https:\/\/www.bgamstetten.ac.at\/wp-content\/uploads\/2022\/08\/EHFit2-768x432.jpg 768w, https:\/\/www.bgamstetten.ac.at\/wp-content\/uploads\/2022\/08\/EHFit2-580x326.jpg 580w, https:\/\/www.bgamstetten.ac.at\/wp-content\/uploads\/2022\/08\/EHFit2-820x461.jpg 820w\" sizes=\"(max-width: 900px) 100vw, 900px\" \/><\/div><\/div>\n<\/div>\n<\/div>\n<div class=\"rightdiv\">\n<p>Unsere Schule bekommt f\u00fcr das <strong>Engagement im Bereich der Ersten Hilfe<\/strong> j\u00e4hrlich das <strong>G\u00fctesiegel \u201eErste Hilfe FIT\u201c<\/strong>.Dieses <strong>Zertifikat<\/strong> wird vom <strong>\u00d6sterreichischen Jugendrotkreuz (\u00d6JRK)<\/strong>, der <strong>Allgemeinen Unfallversicherungsanstalt (AUVA)<\/strong> sowie dem <strong>Bildungsministerium<\/strong> vergeben und hat zum Ziel, Schulen sicherer zu machen und das Bewusstsein und Wissen im Zusammenhang mit Erster Hilfe zu steigern.<\/p>\n<p>Schon seit vielen Jahren versuchen wir m\u00f6glichst vielen Sch\u00fclerinnen und Sch\u00fclern die M\u00f6glichkeit zu geben, in Erster Hilfe fit zu werden. So absolvierten regelm\u00e4\u00dfig <strong>unsere Sch\u00fclerInnen<\/strong> einen <strong>16-st\u00fcndigen Erste Hilfe-Grundkurs direkt in der Schule<\/strong> und auch das <strong>Lehrerkollegium<\/strong> bildet sich <strong>durch regelm\u00e4\u00dfige Auffrischungskurse<\/strong> in diesem wichtigen Bereich laufend fort.<\/p>\n<p>Bei Interesse bitte per Mail mit Herrn <a href=\"mailto:kurt.marcik@am-gym.at\">Mag. Marcik Kurt<\/a> Kontakt aufnehmen.<\/p>\n<\/div>\n<\/div>\n<\/div>\n<\/div>\n<\/div><div class=\"cmsms_toggle_wrap\" data-tags=\"all \">\n<div class=\"cmsms_toggle_title\">\n<span class=\"cmsms_toggle_plus\">\n<span class=\"cmsms_toggle_plus_hor\"><\/span>\n<span class=\"cmsms_toggle_plus_vert\"><\/span>\n<\/span>\n<a href=\"#\">IT - CAP Cybersecurity<\/a>\n<\/div>\n<div class=\"cmsms_toggle\">\n<div class=\"cmsms_toggle_inner\">\n<div class=\"maindiv\">\n<div class=\"leftdiv\"><img decoding=\"async\" class=\"alignnone size-full wp-image-52001\" src=\"https:\/\/www.bgamstetten.ac.at\/wp-content\/uploads\/2022\/11\/CAP-CS1.jpg\" alt=\"\" width=\"850\" height=\"599\" srcset=\"https:\/\/www.bgamstetten.ac.at\/wp-content\/uploads\/2022\/11\/CAP-CS1.jpg 850w, https:\/\/www.bgamstetten.ac.at\/wp-content\/uploads\/2022\/11\/CAP-CS1-300x211.jpg 300w, https:\/\/www.bgamstetten.ac.at\/wp-content\/uploads\/2022\/11\/CAP-CS1-768x541.jpg 768w, https:\/\/www.bgamstetten.ac.at\/wp-content\/uploads\/2022\/11\/CAP-CS1-580x409.jpg 580w, https:\/\/www.bgamstetten.ac.at\/wp-content\/uploads\/2022\/11\/CAP-CS1-820x578.jpg 820w\" sizes=\"(max-width: 850px) 100vw, 850px\" \/><\/div>\n<div class=\"rightdiv\">\n<p><a href=\"https:\/\/www.cap-ausbildung.eu\/cybersecurity\/\" target=\"_blank\" rel=\"noopener\"><strong>CAP &#8211; AHS + CYBERSECURITY<\/strong><\/a><\/p>\n<ul>\n<li>Du interessierst dich sehr f\u00fcr <strong>IT<\/strong>, auch besonders f\u00fcr IT-Sicherheit?<\/li>\n<li>Du m\u00f6chtest neben der AHS auch eine <strong>Berufsausbildung<\/strong>?<\/li>\n<li>Du bist bereit, daf\u00fcr etwas mehr zu investieren?<\/li>\n<\/ul>\n<p>Dann k\u00f6nnte diese <strong>Zusatzausbildung<\/strong>, <strong>exklusiv<\/strong> f\u00fcr die <strong>AHS<\/strong>, genau das richtige sein. Die vierj\u00e4hrige <strong>CAP-Ausbildung<\/strong> wird in Kooperation mit der <a href=\"https:\/\/www.fh-ooe.at\/campus-hagenberg\/\" target=\"_blank\" rel=\"noopener\"><strong>FH O\u00d6, Department Sichere Informationssystem in Hagenberg<\/strong><\/a> sowie mit der <a href=\"https:\/\/www.codersbay.at\/de\" target=\"_blank\" rel=\"noopener\"><strong>CODERS.BAY<\/strong> <\/a>durchgef\u00fchrt. Neben der Spezialisierung im Bereich IT-Sicherheit liegt der Fokus auf Projektmanagement und der Entwicklung von Social Skills.<\/p>\n<ul>\n<li class=\"bklyn-fancy-list-content\"><strong>Au\u00dferordentlicher Lehrabschluss<\/strong> &#8211; ca. 3 Monate nach der Matura<\/li>\n<li class=\"bklyn-fancy-list-content\"><strong>ECTS, Zertifizierung Betriebssystem Linux<\/strong><\/li>\n<li class=\"bklyn-fancy-list-content\">Ausbildungsort: <strong>CODERS.BAY (Tabakfabrik) <\/strong>und\u00a0<strong>FH O\u00d6 Standort Hagenberg<\/strong><\/li>\n<li class=\"bklyn-fancy-list-content\">Ausbildungsbeginn: <strong>5. Klasse AHS<\/strong> (auch 6. Klasse m\u00f6glich!)<\/li>\n<li class=\"bklyn-fancy-list-content\">Verpflichtende <strong>Praktikumsdauer<\/strong>: mindestens <strong>10 Wochen<\/strong><\/li>\n<\/ul>\n<p>Weitere Informationen auf der Website unseres Partners <a href=\"https:\/\/www.cap-ausbildung.eu\/cybersecurity\/\" target=\"_blank\" rel=\"noopener\"><strong>CAP. Cybersecurity<\/strong><\/a>!<\/p>\n<\/div>\n<\/div>\n<\/div>\n<\/div>\n<\/div><div class=\"cmsms_toggle_wrap\" data-tags=\"all \">\n<div class=\"cmsms_toggle_title\">\n<span class=\"cmsms_toggle_plus\">\n<span class=\"cmsms_toggle_plus_hor\"><\/span>\n<span class=\"cmsms_toggle_plus_vert\"><\/span>\n<\/span>\n<a href=\"#\">Skilehrerausbildung Anw\u00e4rter<\/a>\n<\/div>\n<div class=\"cmsms_toggle\">\n<div class=\"cmsms_toggle_inner\">\n<div class=\"maindiv\">\n<div class=\"leftdiv\"><div class=\"content_slider_wrap\" style=\"max-width:px;\">\n<script type=\"text\/javascript\">jQuery(document).ready(function () { jQuery(\"#cmsms_slider_69f3f51bb953a.content_slider\").owlCarousel( { singleItem : true, transitionStyle: false, rewindSpeed : 1000, slideSpeed : 600, autoHeight : true, paginationSpeed : \t600, autoPlay : 5000,stopOnHover: true, navigationText : \t[ \"<span class=\\\"cmsms_prev_arrow\\\"><\/span>\", \"<span class=\\\"cmsms_next_arrow\\\"><\/span>\" ] } );} );<\/script>\n<div id=\"cmsms_slider_69f3f51bb953a\" class=\"content_slider owl-carousel\">\n<div class=\"item\"><img decoding=\"async\" width=\"640\" height=\"640\" src=\"https:\/\/www.bgamstetten.ac.at\/wp-content\/uploads\/2022\/08\/260292181_116888590737872_2182388349049341261_n.webpfull.jpg\" class=\"attachment-full size-full\" alt=\"\" srcset=\"https:\/\/www.bgamstetten.ac.at\/wp-content\/uploads\/2022\/08\/260292181_116888590737872_2182388349049341261_n.webpfull.jpg 640w, https:\/\/www.bgamstetten.ac.at\/wp-content\/uploads\/2022\/08\/260292181_116888590737872_2182388349049341261_n.webpfull-300x300.jpg 300w, https:\/\/www.bgamstetten.ac.at\/wp-content\/uploads\/2022\/08\/260292181_116888590737872_2182388349049341261_n.webpfull-200x200.jpg 200w, https:\/\/www.bgamstetten.ac.at\/wp-content\/uploads\/2022\/08\/260292181_116888590737872_2182388349049341261_n.webpfull-55x55.jpg 55w, https:\/\/www.bgamstetten.ac.at\/wp-content\/uploads\/2022\/08\/260292181_116888590737872_2182388349049341261_n.webpfull-250x250.jpg 250w, https:\/\/www.bgamstetten.ac.at\/wp-content\/uploads\/2022\/08\/260292181_116888590737872_2182388349049341261_n.webpfull-580x580.jpg 580w\" sizes=\"(max-width: 640px) 100vw, 640px\" \/><\/div><div class=\"item\"><img decoding=\"async\" width=\"640\" height=\"427\" src=\"https:\/\/www.bgamstetten.ac.at\/wp-content\/uploads\/2022\/08\/271115230_405004147977002_1386588382903782580_nfull.jpg\" class=\"attachment-full size-full\" alt=\"\" srcset=\"https:\/\/www.bgamstetten.ac.at\/wp-content\/uploads\/2022\/08\/271115230_405004147977002_1386588382903782580_nfull.jpg 640w, https:\/\/www.bgamstetten.ac.at\/wp-content\/uploads\/2022\/08\/271115230_405004147977002_1386588382903782580_nfull-300x200.jpg 300w, https:\/\/www.bgamstetten.ac.at\/wp-content\/uploads\/2022\/08\/271115230_405004147977002_1386588382903782580_nfull-580x387.jpg 580w\" sizes=\"(max-width: 640px) 100vw, 640px\" \/><\/div><div class=\"item\"><img decoding=\"async\" width=\"2560\" height=\"1706\" src=\"https:\/\/www.bgamstetten.ac.at\/wp-content\/uploads\/2022\/08\/IMG_3955-scaled.jpg\" class=\"attachment-full size-full\" alt=\"\" srcset=\"https:\/\/www.bgamstetten.ac.at\/wp-content\/uploads\/2022\/08\/IMG_3955-scaled.jpg 2560w, https:\/\/www.bgamstetten.ac.at\/wp-content\/uploads\/2022\/08\/IMG_3955-300x200.jpg 300w, https:\/\/www.bgamstetten.ac.at\/wp-content\/uploads\/2022\/08\/IMG_3955-1024x683.jpg 1024w, https:\/\/www.bgamstetten.ac.at\/wp-content\/uploads\/2022\/08\/IMG_3955-768x512.jpg 768w, https:\/\/www.bgamstetten.ac.at\/wp-content\/uploads\/2022\/08\/IMG_3955-1536x1024.jpg 1536w, https:\/\/www.bgamstetten.ac.at\/wp-content\/uploads\/2022\/08\/IMG_3955-2048x1365.jpg 2048w, https:\/\/www.bgamstetten.ac.at\/wp-content\/uploads\/2022\/08\/IMG_3955-580x387.jpg 580w, https:\/\/www.bgamstetten.ac.at\/wp-content\/uploads\/2022\/08\/IMG_3955-820x547.jpg 820w, https:\/\/www.bgamstetten.ac.at\/wp-content\/uploads\/2022\/08\/IMG_3955-1160x773.jpg 1160w\" sizes=\"(max-width: 2560px) 100vw, 2560px\" \/><\/div><\/div>\n<\/div>\n<\/div>\n<div class=\"rightdiv\">\n<p>Ab dem Schuljahr 2022\/23 k\u00f6nnen unsere Sch\u00fclerInnen teilweise <strong>im Rahmen einer Schulveranstaltung der<\/strong> <a href=\"https:\/\/www.bgamstetten.ac.at\/index.php\/ausbildung\/unverbindliche-uebungen\/skiamgym\/\"><strong>SKI AM GYM &#8211; Rennlaufgruppe<\/strong><\/a> die <strong>Skilehrerausbildung Anw\u00e4rter<\/strong> absolvieren, womit sie zum Arbeiten in einer Skischule berechtigt sind.<\/p>\n<p>M\u00f6glich macht dies unsere Kooperation mit dem <a href=\"http:\/\/ski-esv.at\" target=\"_blank\" rel=\"noopener\"><strong>ESV Umdasch Amstetten<\/strong><\/a> und dem <a href=\"https:\/\/www.noeslv.at\" target=\"_blank\" rel=\"noopener\"><strong>(NOESLV) Nieder\u00f6sterreichischen Skilehrerverband<\/strong><\/a>.<\/p>\n<p>Bei Interesse bitte f\u00fcr die <a href=\"https:\/\/www.bgamstetten.ac.at\/index.php\/ausbildung\/unverbindliche-uebungen\/skiamgym\/\"><strong>unverbindliche \u00dcbung SKI AM GYM<\/strong><\/a> anmelden oder direkt Herrn <a href=\"mailto:andreas.lahmer@am-gym.at\"><strong>Mag. Andreas Lahmer<\/strong><\/a> per Mail kontaktieren.<\/p>\n<\/div>\n<\/div>\n<\/div>\n<\/div>\n<\/div><div class=\"cmsms_toggle_wrap\" data-tags=\"all \">\n<div class=\"cmsms_toggle_title\">\n<span class=\"cmsms_toggle_plus\">\n<span class=\"cmsms_toggle_plus_hor\"><\/span>\n<span class=\"cmsms_toggle_plus_vert\"><\/span>\n<\/span>\n<a href=\"#\">Sportinstruktorausbildung<\/a>\n<\/div>\n<div class=\"cmsms_toggle\">\n<div class=\"cmsms_toggle_inner\">\n<div class=\"maindiv\">\n<div class=\"leftdiv\"><div class=\"content_slider_wrap\" style=\"max-width:px;\">\n<script type=\"text\/javascript\">jQuery(document).ready(function () { jQuery(\"#cmsms_slider_69f3f51bba534.content_slider\").owlCarousel( { singleItem : true, transitionStyle: false, rewindSpeed : 1000, slideSpeed : 600, autoHeight : true, paginationSpeed : \t600, autoPlay : 5000,stopOnHover: true, navigationText : \t[ \"<span class=\\\"cmsms_prev_arrow\\\"><\/span>\", \"<span class=\\\"cmsms_next_arrow\\\"><\/span>\" ] } );} );<\/script>\n<div id=\"cmsms_slider_69f3f51bba534\" class=\"content_slider owl-carousel\">\n<div class=\"item\"><img decoding=\"async\" width=\"900\" height=\"675\" src=\"https:\/\/www.bgamstetten.ac.at\/wp-content\/uploads\/2022\/08\/sportinst22-04.jpg\" class=\"attachment-full size-full\" alt=\"\" srcset=\"https:\/\/www.bgamstetten.ac.at\/wp-content\/uploads\/2022\/08\/sportinst22-04.jpg 900w, https:\/\/www.bgamstetten.ac.at\/wp-content\/uploads\/2022\/08\/sportinst22-04-300x225.jpg 300w, https:\/\/www.bgamstetten.ac.at\/wp-content\/uploads\/2022\/08\/sportinst22-04-768x576.jpg 768w, https:\/\/www.bgamstetten.ac.at\/wp-content\/uploads\/2022\/08\/sportinst22-04-580x435.jpg 580w, https:\/\/www.bgamstetten.ac.at\/wp-content\/uploads\/2022\/08\/sportinst22-04-820x615.jpg 820w\" sizes=\"(max-width: 900px) 100vw, 900px\" \/><\/div><div class=\"item\"><img decoding=\"async\" width=\"800\" height=\"455\" src=\"https:\/\/www.bgamstetten.ac.at\/wp-content\/uploads\/2022\/08\/spinst22-bb.jpg\" class=\"attachment-full size-full\" alt=\"\" srcset=\"https:\/\/www.bgamstetten.ac.at\/wp-content\/uploads\/2022\/08\/spinst22-bb.jpg 800w, https:\/\/www.bgamstetten.ac.at\/wp-content\/uploads\/2022\/08\/spinst22-bb-300x171.jpg 300w, https:\/\/www.bgamstetten.ac.at\/wp-content\/uploads\/2022\/08\/spinst22-bb-768x437.jpg 768w, https:\/\/www.bgamstetten.ac.at\/wp-content\/uploads\/2022\/08\/spinst22-bb-580x330.jpg 580w\" sizes=\"(max-width: 800px) 100vw, 800px\" \/><\/div><div class=\"item\"><img decoding=\"async\" width=\"900\" height=\"675\" src=\"https:\/\/www.bgamstetten.ac.at\/wp-content\/uploads\/2022\/08\/spinst22-06.jpg\" class=\"attachment-full size-full\" alt=\"\" srcset=\"https:\/\/www.bgamstetten.ac.at\/wp-content\/uploads\/2022\/08\/spinst22-06.jpg 900w, https:\/\/www.bgamstetten.ac.at\/wp-content\/uploads\/2022\/08\/spinst22-06-300x225.jpg 300w, https:\/\/www.bgamstetten.ac.at\/wp-content\/uploads\/2022\/08\/spinst22-06-768x576.jpg 768w, https:\/\/www.bgamstetten.ac.at\/wp-content\/uploads\/2022\/08\/spinst22-06-580x435.jpg 580w, https:\/\/www.bgamstetten.ac.at\/wp-content\/uploads\/2022\/08\/spinst22-06-820x615.jpg 820w\" sizes=\"(max-width: 900px) 100vw, 900px\" \/><\/div><div class=\"item\"><img decoding=\"async\" width=\"675\" height=\"900\" src=\"https:\/\/www.bgamstetten.ac.at\/wp-content\/uploads\/2022\/08\/spinst22-01.jpg\" class=\"attachment-full size-full\" alt=\"\" srcset=\"https:\/\/www.bgamstetten.ac.at\/wp-content\/uploads\/2022\/08\/spinst22-01.jpg 675w, https:\/\/www.bgamstetten.ac.at\/wp-content\/uploads\/2022\/08\/spinst22-01-225x300.jpg 225w, https:\/\/www.bgamstetten.ac.at\/wp-content\/uploads\/2022\/08\/spinst22-01-580x773.jpg 580w\" sizes=\"(max-width: 675px) 100vw, 675px\" \/><\/div><div class=\"item\"><img decoding=\"async\" width=\"445\" height=\"667\" src=\"https:\/\/www.bgamstetten.ac.at\/wp-content\/uploads\/2022\/08\/IMG_3422.jpg\" class=\"attachment-full size-full\" alt=\"\" srcset=\"https:\/\/www.bgamstetten.ac.at\/wp-content\/uploads\/2022\/08\/IMG_3422.jpg 445w, https:\/\/www.bgamstetten.ac.at\/wp-content\/uploads\/2022\/08\/IMG_3422-200x300.jpg 200w\" sizes=\"(max-width: 445px) 100vw, 445px\" \/><\/div><div class=\"item\"><img decoding=\"async\" width=\"1000\" height=\"667\" src=\"https:\/\/www.bgamstetten.ac.at\/wp-content\/uploads\/2022\/08\/IMG_3546.jpg\" class=\"attachment-full size-full\" alt=\"\" srcset=\"https:\/\/www.bgamstetten.ac.at\/wp-content\/uploads\/2022\/08\/IMG_3546.jpg 1000w, https:\/\/www.bgamstetten.ac.at\/wp-content\/uploads\/2022\/08\/IMG_3546-300x200.jpg 300w, https:\/\/www.bgamstetten.ac.at\/wp-content\/uploads\/2022\/08\/IMG_3546-768x512.jpg 768w, https:\/\/www.bgamstetten.ac.at\/wp-content\/uploads\/2022\/08\/IMG_3546-580x387.jpg 580w, https:\/\/www.bgamstetten.ac.at\/wp-content\/uploads\/2022\/08\/IMG_3546-820x547.jpg 820w\" sizes=\"(max-width: 1000px) 100vw, 1000px\" \/><\/div><div class=\"item\"><img decoding=\"async\" width=\"1000\" height=\"667\" src=\"https:\/\/www.bgamstetten.ac.at\/wp-content\/uploads\/2022\/08\/IMG_3346.jpg\" class=\"attachment-full size-full\" alt=\"\" srcset=\"https:\/\/www.bgamstetten.ac.at\/wp-content\/uploads\/2022\/08\/IMG_3346.jpg 1000w, https:\/\/www.bgamstetten.ac.at\/wp-content\/uploads\/2022\/08\/IMG_3346-300x200.jpg 300w, https:\/\/www.bgamstetten.ac.at\/wp-content\/uploads\/2022\/08\/IMG_3346-768x512.jpg 768w, https:\/\/www.bgamstetten.ac.at\/wp-content\/uploads\/2022\/08\/IMG_3346-580x387.jpg 580w, https:\/\/www.bgamstetten.ac.at\/wp-content\/uploads\/2022\/08\/IMG_3346-820x547.jpg 820w\" sizes=\"(max-width: 1000px) 100vw, 1000px\" \/><\/div><div class=\"item\"><img decoding=\"async\" width=\"900\" height=\"675\" src=\"https:\/\/www.bgamstetten.ac.at\/wp-content\/uploads\/2022\/08\/sportinst22-02.jpg\" class=\"attachment-full size-full\" alt=\"\" srcset=\"https:\/\/www.bgamstetten.ac.at\/wp-content\/uploads\/2022\/08\/sportinst22-02.jpg 900w, https:\/\/www.bgamstetten.ac.at\/wp-content\/uploads\/2022\/08\/sportinst22-02-300x225.jpg 300w, https:\/\/www.bgamstetten.ac.at\/wp-content\/uploads\/2022\/08\/sportinst22-02-768x576.jpg 768w, https:\/\/www.bgamstetten.ac.at\/wp-content\/uploads\/2022\/08\/sportinst22-02-580x435.jpg 580w, https:\/\/www.bgamstetten.ac.at\/wp-content\/uploads\/2022\/08\/sportinst22-02-820x615.jpg 820w\" sizes=\"(max-width: 900px) 100vw, 900px\" \/><\/div><\/div>\n<\/div>\n<\/div>\n<div class=\"rightdiv\">\n<p>Die Ausbildung zum <strong>Fit- und Gesundheits-Instruktor<\/strong> ist nun schon <strong>seit vielen Jahren eine Institution im Rahmen des Sportzweigs<\/strong> unserer Schule.<\/p>\n<p>In <strong>Verbindung mit dem schuleigenen Sportkunde-Unterricht<\/strong> und den von <strong>externen Vortragenden bzw. Schullehrern geleiteten Kursen<\/strong> ist eine <strong>\u00fcberaus qualit\u00e4tsvolle Ausbildung<\/strong> gegeben.<span id=\"more-47852\"><\/span>\u00a0Die Sch\u00fclerinnen und Sch\u00fcler erwerben damit ein <strong>staatliches Diplom, also eine Arbeitserlaubnis im Sport- und Gesundheitsbereich<\/strong>.<\/p>\n<p>Der <strong>Kurs ist mehrteilig<\/strong> aufgebaut, so findet<strong> ein Kursteil<\/strong> auch immer im <strong>BSFZ Obertraun<\/strong> statt.<\/p>\n<p>F\u00fcr mehr Informationen bitte Herrn <a href=\"mailto:klaus.vogl@am-gym.at\">Mag. Klaus Vogl<\/a> kontaktieren.<\/p>\n<\/div>\n<\/div>\n<\/div>\n<\/div>\n<\/div><div class=\"cmsms_toggle_wrap\" data-tags=\"all \">\n<div class=\"cmsms_toggle_title\">\n<span class=\"cmsms_toggle_plus\">\n<span class=\"cmsms_toggle_plus_hor\"><\/span>\n<span class=\"cmsms_toggle_plus_vert\"><\/span>\n<\/span>\n<a href=\"#\">Peer Mediationsausbildung<\/a>\n<\/div>\n<div class=\"cmsms_toggle\">\n<div class=\"cmsms_toggle_inner\">\n<div class=\"maindiv\">\n<div class=\"leftdiv\"><div class=\"content_slider_wrap\" style=\"max-width:px;\">\n<script type=\"text\/javascript\">jQuery(document).ready(function () { jQuery(\"#cmsms_slider_69f3f51bbcbc4.content_slider\").owlCarousel( { singleItem : true, transitionStyle: false, rewindSpeed : 1000, slideSpeed : 600, autoHeight : true, paginationSpeed : \t600, autoPlay : 5000,stopOnHover: true, navigationText : \t[ \"<span class=\\\"cmsms_prev_arrow\\\"><\/span>\", \"<span class=\\\"cmsms_next_arrow\\\"><\/span>\" ] } );} );<\/script>\n<div id=\"cmsms_slider_69f3f51bbcbc4\" class=\"content_slider owl-carousel\">\n<div class=\"item\"><img decoding=\"async\" width=\"1024\" height=\"678\" src=\"https:\/\/www.bgamstetten.ac.at\/wp-content\/uploads\/2022\/08\/1624691891288-1-1024x678-1.jpg\" class=\"attachment-full size-full\" alt=\"\" srcset=\"https:\/\/www.bgamstetten.ac.at\/wp-content\/uploads\/2022\/08\/1624691891288-1-1024x678-1.jpg 1024w, https:\/\/www.bgamstetten.ac.at\/wp-content\/uploads\/2022\/08\/1624691891288-1-1024x678-1-300x199.jpg 300w, https:\/\/www.bgamstetten.ac.at\/wp-content\/uploads\/2022\/08\/1624691891288-1-1024x678-1-768x509.jpg 768w, https:\/\/www.bgamstetten.ac.at\/wp-content\/uploads\/2022\/08\/1624691891288-1-1024x678-1-580x384.jpg 580w, https:\/\/www.bgamstetten.ac.at\/wp-content\/uploads\/2022\/08\/1624691891288-1-1024x678-1-820x543.jpg 820w\" sizes=\"(max-width: 1024px) 100vw, 1024px\" \/><\/div><div class=\"item\"><img decoding=\"async\" width=\"2560\" height=\"1920\" src=\"https:\/\/www.bgamstetten.ac.at\/wp-content\/uploads\/2022\/08\/IMG_20180625_122051-1-scaled.jpg\" class=\"attachment-full size-full\" alt=\"\" srcset=\"https:\/\/www.bgamstetten.ac.at\/wp-content\/uploads\/2022\/08\/IMG_20180625_122051-1-scaled.jpg 2560w, https:\/\/www.bgamstetten.ac.at\/wp-content\/uploads\/2022\/08\/IMG_20180625_122051-1-300x225.jpg 300w, https:\/\/www.bgamstetten.ac.at\/wp-content\/uploads\/2022\/08\/IMG_20180625_122051-1-1024x768.jpg 1024w, https:\/\/www.bgamstetten.ac.at\/wp-content\/uploads\/2022\/08\/IMG_20180625_122051-1-768x576.jpg 768w, https:\/\/www.bgamstetten.ac.at\/wp-content\/uploads\/2022\/08\/IMG_20180625_122051-1-1536x1152.jpg 1536w, https:\/\/www.bgamstetten.ac.at\/wp-content\/uploads\/2022\/08\/IMG_20180625_122051-1-2048x1536.jpg 2048w, https:\/\/www.bgamstetten.ac.at\/wp-content\/uploads\/2022\/08\/IMG_20180625_122051-1-580x435.jpg 580w, https:\/\/www.bgamstetten.ac.at\/wp-content\/uploads\/2022\/08\/IMG_20180625_122051-1-820x615.jpg 820w, https:\/\/www.bgamstetten.ac.at\/wp-content\/uploads\/2022\/08\/IMG_20180625_122051-1-1160x870.jpg 1160w\" sizes=\"(max-width: 2560px) 100vw, 2560px\" \/><\/div><div class=\"item\"><img decoding=\"async\" width=\"2560\" height=\"1920\" src=\"https:\/\/www.bgamstetten.ac.at\/wp-content\/uploads\/2022\/08\/IMG_20180625_081123-1-scaled.jpg\" class=\"attachment-full size-full\" alt=\"\" srcset=\"https:\/\/www.bgamstetten.ac.at\/wp-content\/uploads\/2022\/08\/IMG_20180625_081123-1-scaled.jpg 2560w, https:\/\/www.bgamstetten.ac.at\/wp-content\/uploads\/2022\/08\/IMG_20180625_081123-1-300x225.jpg 300w, https:\/\/www.bgamstetten.ac.at\/wp-content\/uploads\/2022\/08\/IMG_20180625_081123-1-1024x768.jpg 1024w, https:\/\/www.bgamstetten.ac.at\/wp-content\/uploads\/2022\/08\/IMG_20180625_081123-1-768x576.jpg 768w, https:\/\/www.bgamstetten.ac.at\/wp-content\/uploads\/2022\/08\/IMG_20180625_081123-1-1536x1152.jpg 1536w, https:\/\/www.bgamstetten.ac.at\/wp-content\/uploads\/2022\/08\/IMG_20180625_081123-1-2048x1536.jpg 2048w, https:\/\/www.bgamstetten.ac.at\/wp-content\/uploads\/2022\/08\/IMG_20180625_081123-1-580x435.jpg 580w, https:\/\/www.bgamstetten.ac.at\/wp-content\/uploads\/2022\/08\/IMG_20180625_081123-1-820x615.jpg 820w, https:\/\/www.bgamstetten.ac.at\/wp-content\/uploads\/2022\/08\/IMG_20180625_081123-1-1160x870.jpg 1160w\" sizes=\"(max-width: 2560px) 100vw, 2560px\" \/><\/div><div class=\"item\"><img decoding=\"async\" width=\"1920\" height=\"2560\" src=\"https:\/\/www.bgamstetten.ac.at\/wp-content\/uploads\/2022\/08\/IMG_20180625_224844-1-scaled.jpg\" class=\"attachment-full size-full\" alt=\"\" srcset=\"https:\/\/www.bgamstetten.ac.at\/wp-content\/uploads\/2022\/08\/IMG_20180625_224844-1-scaled.jpg 1920w, https:\/\/www.bgamstetten.ac.at\/wp-content\/uploads\/2022\/08\/IMG_20180625_224844-1-225x300.jpg 225w, https:\/\/www.bgamstetten.ac.at\/wp-content\/uploads\/2022\/08\/IMG_20180625_224844-1-768x1024.jpg 768w, https:\/\/www.bgamstetten.ac.at\/wp-content\/uploads\/2022\/08\/IMG_20180625_224844-1-1152x1536.jpg 1152w, https:\/\/www.bgamstetten.ac.at\/wp-content\/uploads\/2022\/08\/IMG_20180625_224844-1-1536x2048.jpg 1536w, https:\/\/www.bgamstetten.ac.at\/wp-content\/uploads\/2022\/08\/IMG_20180625_224844-1-580x773.jpg 580w, https:\/\/www.bgamstetten.ac.at\/wp-content\/uploads\/2022\/08\/IMG_20180625_224844-1-820x1093.jpg 820w, https:\/\/www.bgamstetten.ac.at\/wp-content\/uploads\/2022\/08\/IMG_20180625_224844-1-1160x1547.jpg 1160w\" sizes=\"(max-width: 1920px) 100vw, 1920px\" \/><\/div><div class=\"item\"><img decoding=\"async\" width=\"2560\" height=\"1920\" src=\"https:\/\/www.bgamstetten.ac.at\/wp-content\/uploads\/2022\/08\/IMG_20180625_122027-1-scaled.jpg\" class=\"attachment-full size-full\" alt=\"\" srcset=\"https:\/\/www.bgamstetten.ac.at\/wp-content\/uploads\/2022\/08\/IMG_20180625_122027-1-scaled.jpg 2560w, https:\/\/www.bgamstetten.ac.at\/wp-content\/uploads\/2022\/08\/IMG_20180625_122027-1-300x225.jpg 300w, https:\/\/www.bgamstetten.ac.at\/wp-content\/uploads\/2022\/08\/IMG_20180625_122027-1-1024x768.jpg 1024w, https:\/\/www.bgamstetten.ac.at\/wp-content\/uploads\/2022\/08\/IMG_20180625_122027-1-768x576.jpg 768w, https:\/\/www.bgamstetten.ac.at\/wp-content\/uploads\/2022\/08\/IMG_20180625_122027-1-1536x1152.jpg 1536w, https:\/\/www.bgamstetten.ac.at\/wp-content\/uploads\/2022\/08\/IMG_20180625_122027-1-2048x1536.jpg 2048w, https:\/\/www.bgamstetten.ac.at\/wp-content\/uploads\/2022\/08\/IMG_20180625_122027-1-580x435.jpg 580w, https:\/\/www.bgamstetten.ac.at\/wp-content\/uploads\/2022\/08\/IMG_20180625_122027-1-820x615.jpg 820w, https:\/\/www.bgamstetten.ac.at\/wp-content\/uploads\/2022\/08\/IMG_20180625_122027-1-1160x870.jpg 1160w\" sizes=\"(max-width: 2560px) 100vw, 2560px\" \/><\/div><div class=\"item\"><img decoding=\"async\" width=\"2560\" height=\"1920\" src=\"https:\/\/www.bgamstetten.ac.at\/wp-content\/uploads\/2022\/08\/IMG_20180625_223249-1-scaled.jpg\" class=\"attachment-full size-full\" alt=\"\" srcset=\"https:\/\/www.bgamstetten.ac.at\/wp-content\/uploads\/2022\/08\/IMG_20180625_223249-1-scaled.jpg 2560w, https:\/\/www.bgamstetten.ac.at\/wp-content\/uploads\/2022\/08\/IMG_20180625_223249-1-300x225.jpg 300w, https:\/\/www.bgamstetten.ac.at\/wp-content\/uploads\/2022\/08\/IMG_20180625_223249-1-1024x768.jpg 1024w, https:\/\/www.bgamstetten.ac.at\/wp-content\/uploads\/2022\/08\/IMG_20180625_223249-1-768x576.jpg 768w, https:\/\/www.bgamstetten.ac.at\/wp-content\/uploads\/2022\/08\/IMG_20180625_223249-1-1536x1152.jpg 1536w, https:\/\/www.bgamstetten.ac.at\/wp-content\/uploads\/2022\/08\/IMG_20180625_223249-1-2048x1536.jpg 2048w, https:\/\/www.bgamstetten.ac.at\/wp-content\/uploads\/2022\/08\/IMG_20180625_223249-1-580x435.jpg 580w, https:\/\/www.bgamstetten.ac.at\/wp-content\/uploads\/2022\/08\/IMG_20180625_223249-1-820x615.jpg 820w, https:\/\/www.bgamstetten.ac.at\/wp-content\/uploads\/2022\/08\/IMG_20180625_223249-1-1160x870.jpg 1160w\" sizes=\"(max-width: 2560px) 100vw, 2560px\" \/><\/div><\/div>\n<\/div>\n<\/div>\n<div class=\"rightdiv\">\n<p><strong>Peer-Mediation<\/strong> ist eine <strong>Methode der Streitschlichtung unter Gleichaltrigen<\/strong>.Die <strong>Streitparteien<\/strong> werden von speziell <strong>ausgebildeten Streitschlichtern (Mediatoren) bei der L\u00f6sung des Konflikts begleitet<\/strong>.<\/p>\n<p>Bei einem <strong>Seminar<\/strong> lernten die <strong>Sch\u00fclerInnen<\/strong> den <strong>Ablauf<\/strong> eines so genannten <strong>Mediationsgespr\u00e4chs<\/strong> kennen, das das <strong>Herzst\u00fcck der Mediation<\/strong> ausmacht und darauf abzielt, dass die Streitenden im Zuge der <strong>Auseinandersetzung mit dem Konflikt<\/strong> f\u00fcr diesen <strong>eine L\u00f6sung finden<\/strong>.<\/p>\n<p>Die <strong>Vermittlung der Inhalte<\/strong> sind <strong>verbunden mit vielen praktischen \u00dcbungen<\/strong> (Rollenspielen sowie gemeinschaftsbildenden Aktivit\u00e4ten).<\/p>\n<p>Die Sch\u00fclerInnen besch\u00e4ftigten sich auch mit der <strong>Formulierung von Ich-Botschaften<\/strong>, <strong>aktivem Zuh\u00f6ren<\/strong>, <strong>ihrem Lebens- und somit Konfliktpanorama<\/strong>, etc.<\/p>\n<p>Die <strong>ausgebildeten MediatorInnen<\/strong> stehen den <strong>Sch\u00fclerInnen der ersten Klassen als Buddys zur Verf\u00fcgung<\/strong> stehen.<\/p>\n<p>Bei Interesse bitte mit Herrn <strong><a href=\"mailto:dominik.buchmeier@am-gym.at\">Mag. Dominik Buchmeier<\/a><\/strong> und\/oder Frau <a href=\"mailto:maria.resnitschek@am-gym.at\"><strong>Mag. Maria Resnitschek<\/strong><\/a> Kontakt aufnehmen.<\/p>\n<\/div>\n<\/div>\n<\/div>\n<\/div>\n<\/div><\/div>\n<\/div>\n<\/div>\n<\/div>\n<\/div>\n<\/div>\n<\/div>\n\n","protected":false},"excerpt":{"rendered":"","protected":false},"author":1,"featured_media":0,"parent":50770,"menu_order":0,"comment_status":"closed","ping_status":"closed","template":"","meta":{"footnotes":""},"class_list":["post-50776","page","type-page","status-publish","hentry"],"_links":{"self":[{"href":"https:\/\/www.bgamstetten.ac.at\/index.php\/wp-json\/wp\/v2\/pages\/50776","targetHints":{"allow":["GET"]}}],"collection":[{"href":"https:\/\/www.bgamstetten.ac.at\/index.php\/wp-json\/wp\/v2\/pages"}],"about":[{"href":"https:\/\/www.bgamstetten.ac.at\/index.php\/wp-json\/wp\/v2\/types\/page"}],"author":[{"embeddable":true,"href":"https:\/\/www.bgamstetten.ac.at\/index.php\/wp-json\/wp\/v2\/users\/1"}],"replies":[{"embeddable":true,"href":"https:\/\/www.bgamstetten.ac.at\/index.php\/wp-json\/wp\/v2\/comments?post=50776"}],"version-history":[{"count":29,"href":"https:\/\/www.bgamstetten.ac.at\/index.php\/wp-json\/wp\/v2\/pages\/50776\/revisions"}],"predecessor-version":[{"id":52091,"href":"https:\/\/www.bgamstetten.ac.at\/index.php\/wp-json\/wp\/v2\/pages\/50776\/revisions\/52091"}],"up":[{"embeddable":true,"href":"https:\/\/www.bgamstetten.ac.at\/index.php\/wp-json\/wp\/v2\/pages\/50770"}],"wp:attachment":[{"href":"https:\/\/www.bgamstetten.ac.at\/index.php\/wp-json\/wp\/v2\/media?parent=50776"}],"curies":[{"name":"wp","href":"https:\/\/api.w.org\/{rel}","templated":true}]}}