{"id":50772,"date":"2022-08-10T09:00:43","date_gmt":"2022-08-10T07:00:43","guid":{"rendered":"https:\/\/www.bgamstetten.ac.at\/?page_id=50772"},"modified":"2022-10-19T08:34:38","modified_gmt":"2022-10-19T06:34:38","slug":"sportfoerderung-kooperationen","status":"publish","type":"page","link":"https:\/\/www.bgamstetten.ac.at\/index.php\/ausbildung\/sportfoerderung-kooperationen\/","title":{"rendered":"Sportf\u00f6rderung durch Kooperation"},"content":{"rendered":"<style type=\"text\/css\"> \n#cmsms_row_69f4cd8ab1e52 .cmsms_row_outer_parent { \n\tpadding-top: 30px; \n} \n\n<\/style><div id=\"cmsms_row_69f4cd8ab1e52\" class=\"cmsms_row cmsms_color_scheme_default\">\n<div class=\"cmsms_row_outer_parent\">\n<div class=\"cmsms_row_outer\">\n<div class=\"cmsms_row_inner\">\n<div class=\"cmsms_row_margin\">\n<div class=\"cmsms_column one_first\">\n<div class=\"cmsms_text\">\n<p>Dank des <strong>Dreht\u00fcrmodells<\/strong> an unserer Schule k\u00f6nnen <strong>begabte Sch\u00fclerInnen<\/strong> von <strong>einzelnen Unterrichtseinheiten fernbleiben<\/strong> und daf\u00fcr ein <strong>anderes Fach bzw. ein Vereinstraining besuchen<\/strong>.<\/p>\n<p>Wir <strong>unterst\u00fctzen<\/strong> unsere <strong>Sch\u00fclerInnen bei Ihren pers\u00f6nlichen Zielen bestm\u00f6glich<\/strong> und sind in <strong>enger Kooperation mit den umliegenden Vereinen<\/strong>:<\/p>\n<div class=\"cmsms_toggles toggles_mode_accordion\">\n<div class=\"cmsms_toggle_wrap current_toggle\" data-tags=\"all \">\n<div class=\"cmsms_toggle_title\">\n<span class=\"cmsms_toggle_plus\">\n<span class=\"cmsms_toggle_plus_hor\"><\/span>\n<span class=\"cmsms_toggle_plus_vert\"><\/span>\n<\/span>\n<a href=\"#\">ESV Amstetten<\/a>\n<\/div>\n<div class=\"cmsms_toggle\">\n<div class=\"cmsms_toggle_inner\">\n<div class=\"maindiv\">\n<div class=\"leftdivsmall\"><a href=\"https:\/\/www.ski-esv.at\" target=\"_blank\" rel=\"noopener\"><img decoding=\"async\" class=\"aligncenter size-medium wp-image-50860\" style=\"border-radius: 20px;\" src=\"https:\/\/www.bgamstetten.ac.at\/wp-content\/uploads\/2022\/08\/esv_logo-300x230.jpg\" alt=\"\" width=\"300\" height=\"230\" srcset=\"https:\/\/www.bgamstetten.ac.at\/wp-content\/uploads\/2022\/08\/esv_logo-300x230.jpg 300w, https:\/\/www.bgamstetten.ac.at\/wp-content\/uploads\/2022\/08\/esv_logo-768x588.jpg 768w, https:\/\/www.bgamstetten.ac.at\/wp-content\/uploads\/2022\/08\/esv_logo-580x444.jpg 580w, https:\/\/www.bgamstetten.ac.at\/wp-content\/uploads\/2022\/08\/esv_logo-820x627.jpg 820w, https:\/\/www.bgamstetten.ac.at\/wp-content\/uploads\/2022\/08\/esv_logo.jpg 979w\" sizes=\"(max-width: 300px) 100vw, 300px\" \/><\/a><\/div>\n<div class=\"rightdivbig\">\n<p><span style=\"display: block; margin-bottom: 20px;\"><br \/>\nDie seit <strong>Jahrzehnten bestehende Zusammenarbeit<\/strong> mit dem ESV Amstetten erm\u00f6glicht unseren Sch\u00fclerInnen in den Wintermonaten ein <strong>kosteng\u00fcnstiges und professionelles Skirennlauftraining<\/strong>. <\/span><\/p>\n<p>Dieses findet jeweils am <strong>Freitag ab 11:00<\/strong> in den umliegenden Skigebieten (Lackenhof, Hochkar, ..) statt.<\/p>\n<p>Mehr Informationen dazu finden Sie unter der <a href=\"https:\/\/www.bgamstetten.ac.at\/index.php\/ausbildung\/unverbindliche-uebungen\/skiamgym\/\"><strong>unverbindlichen \u00dcbung Skirennlauf<\/strong><\/a> oder direkt bei <strong>Mag. Lahmer Andreas<\/strong>.<\/p>\n<div class=\"content_slider_wrap\" style=\"max-width:px;\">\n<script type=\"text\/javascript\">jQuery(document).ready(function () { jQuery(\"#cmsms_slider_69f4cd8ab2b41.content_slider\").owlCarousel( { singleItem : true, transitionStyle: false, rewindSpeed : 1000, slideSpeed : 600, autoHeight : true, paginationSpeed : \t600, autoPlay : 5000,stopOnHover: true, navigationText : \t[ \"<span class=\\\"cmsms_prev_arrow\\\"><\/span>\", \"<span class=\\\"cmsms_next_arrow\\\"><\/span>\" ] } );} );<\/script>\n<div id=\"cmsms_slider_69f4cd8ab2b41\" class=\"content_slider owl-carousel\">\n<div class=\"item\"><img decoding=\"async\" width=\"2560\" height=\"1435\" src=\"https:\/\/www.bgamstetten.ac.at\/wp-content\/uploads\/2022\/08\/DSC4701-scaled.jpg\" class=\"attachment-full size-full\" alt=\"\" srcset=\"https:\/\/www.bgamstetten.ac.at\/wp-content\/uploads\/2022\/08\/DSC4701-scaled.jpg 2560w, https:\/\/www.bgamstetten.ac.at\/wp-content\/uploads\/2022\/08\/DSC4701-300x168.jpg 300w, https:\/\/www.bgamstetten.ac.at\/wp-content\/uploads\/2022\/08\/DSC4701-1024x574.jpg 1024w, https:\/\/www.bgamstetten.ac.at\/wp-content\/uploads\/2022\/08\/DSC4701-768x430.jpg 768w, https:\/\/www.bgamstetten.ac.at\/wp-content\/uploads\/2022\/08\/DSC4701-1536x861.jpg 1536w, https:\/\/www.bgamstetten.ac.at\/wp-content\/uploads\/2022\/08\/DSC4701-2048x1148.jpg 2048w, https:\/\/www.bgamstetten.ac.at\/wp-content\/uploads\/2022\/08\/DSC4701-580x325.jpg 580w, https:\/\/www.bgamstetten.ac.at\/wp-content\/uploads\/2022\/08\/DSC4701-820x460.jpg 820w, https:\/\/www.bgamstetten.ac.at\/wp-content\/uploads\/2022\/08\/DSC4701-1160x650.jpg 1160w\" sizes=\"(max-width: 2560px) 100vw, 2560px\" \/><\/div><div class=\"item\"><img decoding=\"async\" width=\"2560\" height=\"1319\" src=\"https:\/\/www.bgamstetten.ac.at\/wp-content\/uploads\/2022\/08\/20220311_170840-scaled.jpg\" class=\"attachment-full size-full\" alt=\"\" srcset=\"https:\/\/www.bgamstetten.ac.at\/wp-content\/uploads\/2022\/08\/20220311_170840-scaled.jpg 2560w, https:\/\/www.bgamstetten.ac.at\/wp-content\/uploads\/2022\/08\/20220311_170840-300x155.jpg 300w, https:\/\/www.bgamstetten.ac.at\/wp-content\/uploads\/2022\/08\/20220311_170840-1024x528.jpg 1024w, https:\/\/www.bgamstetten.ac.at\/wp-content\/uploads\/2022\/08\/20220311_170840-768x396.jpg 768w, https:\/\/www.bgamstetten.ac.at\/wp-content\/uploads\/2022\/08\/20220311_170840-1536x791.jpg 1536w, https:\/\/www.bgamstetten.ac.at\/wp-content\/uploads\/2022\/08\/20220311_170840-2048x1055.jpg 2048w, https:\/\/www.bgamstetten.ac.at\/wp-content\/uploads\/2022\/08\/20220311_170840-580x299.jpg 580w, https:\/\/www.bgamstetten.ac.at\/wp-content\/uploads\/2022\/08\/20220311_170840-820x422.jpg 820w, https:\/\/www.bgamstetten.ac.at\/wp-content\/uploads\/2022\/08\/20220311_170840-1160x598.jpg 1160w\" sizes=\"(max-width: 2560px) 100vw, 2560px\" \/><\/div><div class=\"item\"><img decoding=\"async\" width=\"800\" height=\"455\" src=\"https:\/\/www.bgamstetten.ac.at\/wp-content\/uploads\/2022\/08\/hochkar19-bb.jpg\" class=\"attachment-full size-full\" alt=\"\" srcset=\"https:\/\/www.bgamstetten.ac.at\/wp-content\/uploads\/2022\/08\/hochkar19-bb.jpg 800w, https:\/\/www.bgamstetten.ac.at\/wp-content\/uploads\/2022\/08\/hochkar19-bb-300x171.jpg 300w, https:\/\/www.bgamstetten.ac.at\/wp-content\/uploads\/2022\/08\/hochkar19-bb-768x437.jpg 768w, https:\/\/www.bgamstetten.ac.at\/wp-content\/uploads\/2022\/08\/hochkar19-bb-580x330.jpg 580w\" sizes=\"(max-width: 800px) 100vw, 800px\" \/><\/div><div class=\"item\"><img decoding=\"async\" width=\"2560\" height=\"1435\" src=\"https:\/\/www.bgamstetten.ac.at\/wp-content\/uploads\/2022\/08\/DSC4597-scaled.jpg\" class=\"attachment-full size-full\" alt=\"\" srcset=\"https:\/\/www.bgamstetten.ac.at\/wp-content\/uploads\/2022\/08\/DSC4597-scaled.jpg 2560w, https:\/\/www.bgamstetten.ac.at\/wp-content\/uploads\/2022\/08\/DSC4597-300x168.jpg 300w, https:\/\/www.bgamstetten.ac.at\/wp-content\/uploads\/2022\/08\/DSC4597-1024x574.jpg 1024w, https:\/\/www.bgamstetten.ac.at\/wp-content\/uploads\/2022\/08\/DSC4597-768x430.jpg 768w, https:\/\/www.bgamstetten.ac.at\/wp-content\/uploads\/2022\/08\/DSC4597-1536x861.jpg 1536w, https:\/\/www.bgamstetten.ac.at\/wp-content\/uploads\/2022\/08\/DSC4597-2048x1148.jpg 2048w, https:\/\/www.bgamstetten.ac.at\/wp-content\/uploads\/2022\/08\/DSC4597-580x325.jpg 580w, https:\/\/www.bgamstetten.ac.at\/wp-content\/uploads\/2022\/08\/DSC4597-820x460.jpg 820w, https:\/\/www.bgamstetten.ac.at\/wp-content\/uploads\/2022\/08\/DSC4597-1160x650.jpg 1160w\" sizes=\"(max-width: 2560px) 100vw, 2560px\" \/><\/div><div class=\"item\"><img decoding=\"async\" width=\"2560\" height=\"1707\" src=\"https:\/\/www.bgamstetten.ac.at\/wp-content\/uploads\/2022\/08\/IMG_4107-scaled.jpg\" class=\"attachment-full size-full\" alt=\"\" srcset=\"https:\/\/www.bgamstetten.ac.at\/wp-content\/uploads\/2022\/08\/IMG_4107-scaled.jpg 2560w, https:\/\/www.bgamstetten.ac.at\/wp-content\/uploads\/2022\/08\/IMG_4107-300x200.jpg 300w, https:\/\/www.bgamstetten.ac.at\/wp-content\/uploads\/2022\/08\/IMG_4107-1024x683.jpg 1024w, https:\/\/www.bgamstetten.ac.at\/wp-content\/uploads\/2022\/08\/IMG_4107-768x512.jpg 768w, https:\/\/www.bgamstetten.ac.at\/wp-content\/uploads\/2022\/08\/IMG_4107-1536x1024.jpg 1536w, https:\/\/www.bgamstetten.ac.at\/wp-content\/uploads\/2022\/08\/IMG_4107-2048x1366.jpg 2048w, https:\/\/www.bgamstetten.ac.at\/wp-content\/uploads\/2022\/08\/IMG_4107-580x387.jpg 580w, https:\/\/www.bgamstetten.ac.at\/wp-content\/uploads\/2022\/08\/IMG_4107-820x547.jpg 820w, https:\/\/www.bgamstetten.ac.at\/wp-content\/uploads\/2022\/08\/IMG_4107-1160x774.jpg 1160w\" sizes=\"(max-width: 2560px) 100vw, 2560px\" \/><\/div><div class=\"item\"><img decoding=\"async\" width=\"2560\" height=\"1706\" src=\"https:\/\/www.bgamstetten.ac.at\/wp-content\/uploads\/2022\/08\/IMG_3955-scaled.jpg\" class=\"attachment-full size-full\" alt=\"\" srcset=\"https:\/\/www.bgamstetten.ac.at\/wp-content\/uploads\/2022\/08\/IMG_3955-scaled.jpg 2560w, https:\/\/www.bgamstetten.ac.at\/wp-content\/uploads\/2022\/08\/IMG_3955-300x200.jpg 300w, https:\/\/www.bgamstetten.ac.at\/wp-content\/uploads\/2022\/08\/IMG_3955-1024x683.jpg 1024w, https:\/\/www.bgamstetten.ac.at\/wp-content\/uploads\/2022\/08\/IMG_3955-768x512.jpg 768w, https:\/\/www.bgamstetten.ac.at\/wp-content\/uploads\/2022\/08\/IMG_3955-1536x1024.jpg 1536w, https:\/\/www.bgamstetten.ac.at\/wp-content\/uploads\/2022\/08\/IMG_3955-2048x1365.jpg 2048w, https:\/\/www.bgamstetten.ac.at\/wp-content\/uploads\/2022\/08\/IMG_3955-580x387.jpg 580w, https:\/\/www.bgamstetten.ac.at\/wp-content\/uploads\/2022\/08\/IMG_3955-820x547.jpg 820w, https:\/\/www.bgamstetten.ac.at\/wp-content\/uploads\/2022\/08\/IMG_3955-1160x773.jpg 1160w\" sizes=\"(max-width: 2560px) 100vw, 2560px\" \/><\/div><div class=\"item\"><img decoding=\"async\" width=\"2560\" height=\"1435\" src=\"https:\/\/www.bgamstetten.ac.at\/wp-content\/uploads\/2022\/08\/DSC4553-scaled.jpg\" class=\"attachment-full size-full\" alt=\"\" srcset=\"https:\/\/www.bgamstetten.ac.at\/wp-content\/uploads\/2022\/08\/DSC4553-scaled.jpg 2560w, https:\/\/www.bgamstetten.ac.at\/wp-content\/uploads\/2022\/08\/DSC4553-300x168.jpg 300w, https:\/\/www.bgamstetten.ac.at\/wp-content\/uploads\/2022\/08\/DSC4553-1024x574.jpg 1024w, https:\/\/www.bgamstetten.ac.at\/wp-content\/uploads\/2022\/08\/DSC4553-768x430.jpg 768w, https:\/\/www.bgamstetten.ac.at\/wp-content\/uploads\/2022\/08\/DSC4553-1536x861.jpg 1536w, https:\/\/www.bgamstetten.ac.at\/wp-content\/uploads\/2022\/08\/DSC4553-2048x1148.jpg 2048w, https:\/\/www.bgamstetten.ac.at\/wp-content\/uploads\/2022\/08\/DSC4553-580x325.jpg 580w, https:\/\/www.bgamstetten.ac.at\/wp-content\/uploads\/2022\/08\/DSC4553-820x460.jpg 820w, https:\/\/www.bgamstetten.ac.at\/wp-content\/uploads\/2022\/08\/DSC4553-1160x650.jpg 1160w\" sizes=\"(max-width: 2560px) 100vw, 2560px\" \/><\/div><div class=\"item\"><img decoding=\"async\" width=\"2560\" height=\"1706\" src=\"https:\/\/www.bgamstetten.ac.at\/wp-content\/uploads\/2022\/08\/IMG_4038-scaled.jpg\" class=\"attachment-full size-full\" alt=\"\" srcset=\"https:\/\/www.bgamstetten.ac.at\/wp-content\/uploads\/2022\/08\/IMG_4038-scaled.jpg 2560w, https:\/\/www.bgamstetten.ac.at\/wp-content\/uploads\/2022\/08\/IMG_4038-300x200.jpg 300w, https:\/\/www.bgamstetten.ac.at\/wp-content\/uploads\/2022\/08\/IMG_4038-1024x683.jpg 1024w, https:\/\/www.bgamstetten.ac.at\/wp-content\/uploads\/2022\/08\/IMG_4038-768x512.jpg 768w, https:\/\/www.bgamstetten.ac.at\/wp-content\/uploads\/2022\/08\/IMG_4038-1536x1024.jpg 1536w, https:\/\/www.bgamstetten.ac.at\/wp-content\/uploads\/2022\/08\/IMG_4038-2048x1365.jpg 2048w, https:\/\/www.bgamstetten.ac.at\/wp-content\/uploads\/2022\/08\/IMG_4038-580x387.jpg 580w, https:\/\/www.bgamstetten.ac.at\/wp-content\/uploads\/2022\/08\/IMG_4038-820x547.jpg 820w, https:\/\/www.bgamstetten.ac.at\/wp-content\/uploads\/2022\/08\/IMG_4038-1160x773.jpg 1160w\" sizes=\"(max-width: 2560px) 100vw, 2560px\" \/><\/div><\/div>\n<\/div>\n<\/div>\n<\/div>\n<\/div>\n<\/div>\n<\/div><div class=\"cmsms_toggle_wrap\" data-tags=\"all \">\n<div class=\"cmsms_toggle_title\">\n<span class=\"cmsms_toggle_plus\">\n<span class=\"cmsms_toggle_plus_hor\"><\/span>\n<span class=\"cmsms_toggle_plus_vert\"><\/span>\n<\/span>\n<a href=\"#\">LCA Amstetten<\/a>\n<\/div>\n<div class=\"cmsms_toggle\">\n<div class=\"cmsms_toggle_inner\">\n<div class=\"maindiv\">\n<div class=\"leftdivsmall\"><a href=\"https:\/\/www.lca-umdasch-amstetten.at\" target=\"_blank\" rel=\"noopener\"><br \/>\n<img decoding=\"async\" class=\"aligncenter size-medium wp-image-50866\" src=\"https:\/\/www.bgamstetten.ac.at\/wp-content\/uploads\/2022\/08\/LCA_Umdasch_group_Logo-300x224.png\" alt=\"\" width=\"300\" height=\"224\" srcset=\"https:\/\/www.bgamstetten.ac.at\/wp-content\/uploads\/2022\/08\/LCA_Umdasch_group_Logo-300x224.png 300w, https:\/\/www.bgamstetten.ac.at\/wp-content\/uploads\/2022\/08\/LCA_Umdasch_group_Logo-768x573.png 768w, https:\/\/www.bgamstetten.ac.at\/wp-content\/uploads\/2022\/08\/LCA_Umdasch_group_Logo-580x433.png 580w, https:\/\/www.bgamstetten.ac.at\/wp-content\/uploads\/2022\/08\/LCA_Umdasch_group_Logo-820x612.png 820w, https:\/\/www.bgamstetten.ac.at\/wp-content\/uploads\/2022\/08\/LCA_Umdasch_group_Logo.png 862w\" sizes=\"(max-width: 300px) 100vw, 300px\" \/><\/a><\/div>\n<div class=\"rightdivbig\">\n<p>Immer wieder w\u00e4hlen die AthletInnen des LCA Umdasch Amstetten auf ihren Bildungsweg unsere Schule aus, da sich dadurch <strong>Training und Schule optimal koordinieren<\/strong> l\u00e4sst.<\/p>\n<p>Noch dazu haben wir mit <strong>Mag. Klaus Vogl<\/strong> einen <strong>Top-Athleten und Trainer<\/strong> des Vereins als Lehrperson an unserer Schule, der die Sch\u00fclerInnen dank seiner Erfahrung mit <strong>wertvollen Tipps und Ratschl\u00e4gen <\/strong>unterst\u00fctzt.<\/p>\n<p>Zeitgleich hat er auch ein <strong>geschultes Auge f\u00fcr talentierte LeichtathletInnen<\/strong>, die man dann nicht selten beim LCA Umdasch Amstetten in einer Trainingsgruppe wiedersieht.<\/p>\n<div class=\"content_slider_wrap\" style=\"max-width:px;\">\n<script type=\"text\/javascript\">jQuery(document).ready(function () { jQuery(\"#cmsms_slider_69f4cd8ab568c.content_slider\").owlCarousel( { singleItem : true, transitionStyle: false, rewindSpeed : 1000, slideSpeed : 600, autoHeight : true, paginationSpeed : \t600, autoPlay : 5000,stopOnHover: true, navigationText : \t[ \"<span class=\\\"cmsms_prev_arrow\\\"><\/span>\", \"<span class=\\\"cmsms_next_arrow\\\"><\/span>\" ] } );} );<\/script>\n<div id=\"cmsms_slider_69f4cd8ab568c\" class=\"content_slider owl-carousel\">\n<div class=\"item\"><img decoding=\"async\" width=\"2560\" height=\"1435\" src=\"https:\/\/www.bgamstetten.ac.at\/wp-content\/uploads\/2022\/08\/DSC9121-scaled.jpg\" class=\"attachment-full size-full\" alt=\"\" srcset=\"https:\/\/www.bgamstetten.ac.at\/wp-content\/uploads\/2022\/08\/DSC9121-scaled.jpg 2560w, https:\/\/www.bgamstetten.ac.at\/wp-content\/uploads\/2022\/08\/DSC9121-300x168.jpg 300w, https:\/\/www.bgamstetten.ac.at\/wp-content\/uploads\/2022\/08\/DSC9121-1024x574.jpg 1024w, https:\/\/www.bgamstetten.ac.at\/wp-content\/uploads\/2022\/08\/DSC9121-768x430.jpg 768w, https:\/\/www.bgamstetten.ac.at\/wp-content\/uploads\/2022\/08\/DSC9121-1536x861.jpg 1536w, https:\/\/www.bgamstetten.ac.at\/wp-content\/uploads\/2022\/08\/DSC9121-2048x1148.jpg 2048w, https:\/\/www.bgamstetten.ac.at\/wp-content\/uploads\/2022\/08\/DSC9121-580x325.jpg 580w, https:\/\/www.bgamstetten.ac.at\/wp-content\/uploads\/2022\/08\/DSC9121-820x460.jpg 820w, https:\/\/www.bgamstetten.ac.at\/wp-content\/uploads\/2022\/08\/DSC9121-1160x650.jpg 1160w\" sizes=\"(max-width: 2560px) 100vw, 2560px\" \/><\/div><div class=\"item\"><img decoding=\"async\" width=\"2560\" height=\"1194\" src=\"https:\/\/www.bgamstetten.ac.at\/wp-content\/uploads\/2022\/08\/DSC8678-scaled.jpg\" class=\"attachment-full size-full\" alt=\"\" srcset=\"https:\/\/www.bgamstetten.ac.at\/wp-content\/uploads\/2022\/08\/DSC8678-scaled.jpg 2560w, https:\/\/www.bgamstetten.ac.at\/wp-content\/uploads\/2022\/08\/DSC8678-300x140.jpg 300w, https:\/\/www.bgamstetten.ac.at\/wp-content\/uploads\/2022\/08\/DSC8678-1024x477.jpg 1024w, https:\/\/www.bgamstetten.ac.at\/wp-content\/uploads\/2022\/08\/DSC8678-768x358.jpg 768w, https:\/\/www.bgamstetten.ac.at\/wp-content\/uploads\/2022\/08\/DSC8678-1536x716.jpg 1536w, https:\/\/www.bgamstetten.ac.at\/wp-content\/uploads\/2022\/08\/DSC8678-2048x955.jpg 2048w, https:\/\/www.bgamstetten.ac.at\/wp-content\/uploads\/2022\/08\/DSC8678-580x270.jpg 580w, https:\/\/www.bgamstetten.ac.at\/wp-content\/uploads\/2022\/08\/DSC8678-820x382.jpg 820w, https:\/\/www.bgamstetten.ac.at\/wp-content\/uploads\/2022\/08\/DSC8678-1160x541.jpg 1160w\" sizes=\"(max-width: 2560px) 100vw, 2560px\" \/><\/div><div class=\"item\"><img decoding=\"async\" width=\"2560\" height=\"1297\" src=\"https:\/\/www.bgamstetten.ac.at\/wp-content\/uploads\/2022\/08\/DSC8904-scaled.jpg\" class=\"attachment-full size-full\" alt=\"\" srcset=\"https:\/\/www.bgamstetten.ac.at\/wp-content\/uploads\/2022\/08\/DSC8904-scaled.jpg 2560w, https:\/\/www.bgamstetten.ac.at\/wp-content\/uploads\/2022\/08\/DSC8904-300x152.jpg 300w, https:\/\/www.bgamstetten.ac.at\/wp-content\/uploads\/2022\/08\/DSC8904-1024x519.jpg 1024w, https:\/\/www.bgamstetten.ac.at\/wp-content\/uploads\/2022\/08\/DSC8904-768x389.jpg 768w, https:\/\/www.bgamstetten.ac.at\/wp-content\/uploads\/2022\/08\/DSC8904-1536x778.jpg 1536w, https:\/\/www.bgamstetten.ac.at\/wp-content\/uploads\/2022\/08\/DSC8904-2048x1038.jpg 2048w, https:\/\/www.bgamstetten.ac.at\/wp-content\/uploads\/2022\/08\/DSC8904-580x294.jpg 580w, https:\/\/www.bgamstetten.ac.at\/wp-content\/uploads\/2022\/08\/DSC8904-820x415.jpg 820w, https:\/\/www.bgamstetten.ac.at\/wp-content\/uploads\/2022\/08\/DSC8904-1160x588.jpg 1160w\" sizes=\"(max-width: 2560px) 100vw, 2560px\" \/><\/div><div class=\"item\"><img decoding=\"async\" width=\"2560\" height=\"1435\" src=\"https:\/\/www.bgamstetten.ac.at\/wp-content\/uploads\/2022\/08\/DSC8973-scaled.jpg\" class=\"attachment-full size-full\" alt=\"\" srcset=\"https:\/\/www.bgamstetten.ac.at\/wp-content\/uploads\/2022\/08\/DSC8973-scaled.jpg 2560w, https:\/\/www.bgamstetten.ac.at\/wp-content\/uploads\/2022\/08\/DSC8973-300x168.jpg 300w, https:\/\/www.bgamstetten.ac.at\/wp-content\/uploads\/2022\/08\/DSC8973-1024x574.jpg 1024w, https:\/\/www.bgamstetten.ac.at\/wp-content\/uploads\/2022\/08\/DSC8973-768x430.jpg 768w, https:\/\/www.bgamstetten.ac.at\/wp-content\/uploads\/2022\/08\/DSC8973-1536x861.jpg 1536w, https:\/\/www.bgamstetten.ac.at\/wp-content\/uploads\/2022\/08\/DSC8973-2048x1148.jpg 2048w, https:\/\/www.bgamstetten.ac.at\/wp-content\/uploads\/2022\/08\/DSC8973-580x325.jpg 580w, https:\/\/www.bgamstetten.ac.at\/wp-content\/uploads\/2022\/08\/DSC8973-820x460.jpg 820w, https:\/\/www.bgamstetten.ac.at\/wp-content\/uploads\/2022\/08\/DSC8973-1160x650.jpg 1160w\" sizes=\"(max-width: 2560px) 100vw, 2560px\" \/><\/div><div class=\"item\"><img decoding=\"async\" width=\"2560\" height=\"1435\" src=\"https:\/\/www.bgamstetten.ac.at\/wp-content\/uploads\/2022\/08\/DSC9063-scaled.jpg\" class=\"attachment-full size-full\" alt=\"\" srcset=\"https:\/\/www.bgamstetten.ac.at\/wp-content\/uploads\/2022\/08\/DSC9063-scaled.jpg 2560w, https:\/\/www.bgamstetten.ac.at\/wp-content\/uploads\/2022\/08\/DSC9063-300x168.jpg 300w, https:\/\/www.bgamstetten.ac.at\/wp-content\/uploads\/2022\/08\/DSC9063-1024x574.jpg 1024w, https:\/\/www.bgamstetten.ac.at\/wp-content\/uploads\/2022\/08\/DSC9063-768x430.jpg 768w, https:\/\/www.bgamstetten.ac.at\/wp-content\/uploads\/2022\/08\/DSC9063-1536x861.jpg 1536w, https:\/\/www.bgamstetten.ac.at\/wp-content\/uploads\/2022\/08\/DSC9063-2048x1148.jpg 2048w, https:\/\/www.bgamstetten.ac.at\/wp-content\/uploads\/2022\/08\/DSC9063-580x325.jpg 580w, https:\/\/www.bgamstetten.ac.at\/wp-content\/uploads\/2022\/08\/DSC9063-820x460.jpg 820w, https:\/\/www.bgamstetten.ac.at\/wp-content\/uploads\/2022\/08\/DSC9063-1160x650.jpg 1160w\" sizes=\"(max-width: 2560px) 100vw, 2560px\" \/><\/div><div class=\"item\"><img decoding=\"async\" width=\"1624\" height=\"2560\" src=\"https:\/\/www.bgamstetten.ac.at\/wp-content\/uploads\/2022\/08\/1-Klaus-Action-scaled-1.jpg\" class=\"attachment-full size-full\" alt=\"\" srcset=\"https:\/\/www.bgamstetten.ac.at\/wp-content\/uploads\/2022\/08\/1-Klaus-Action-scaled-1.jpg 1624w, https:\/\/www.bgamstetten.ac.at\/wp-content\/uploads\/2022\/08\/1-Klaus-Action-scaled-1-190x300.jpg 190w, https:\/\/www.bgamstetten.ac.at\/wp-content\/uploads\/2022\/08\/1-Klaus-Action-scaled-1-650x1024.jpg 650w, https:\/\/www.bgamstetten.ac.at\/wp-content\/uploads\/2022\/08\/1-Klaus-Action-scaled-1-768x1211.jpg 768w, https:\/\/www.bgamstetten.ac.at\/wp-content\/uploads\/2022\/08\/1-Klaus-Action-scaled-1-974x1536.jpg 974w, https:\/\/www.bgamstetten.ac.at\/wp-content\/uploads\/2022\/08\/1-Klaus-Action-scaled-1-1299x2048.jpg 1299w, https:\/\/www.bgamstetten.ac.at\/wp-content\/uploads\/2022\/08\/1-Klaus-Action-scaled-1-580x914.jpg 580w, https:\/\/www.bgamstetten.ac.at\/wp-content\/uploads\/2022\/08\/1-Klaus-Action-scaled-1-820x1293.jpg 820w, https:\/\/www.bgamstetten.ac.at\/wp-content\/uploads\/2022\/08\/1-Klaus-Action-scaled-1-1160x1829.jpg 1160w\" sizes=\"(max-width: 1624px) 100vw, 1624px\" \/><\/div><\/div>\n<\/div>\n<\/div>\n<\/div>\n<\/div>\n<\/div>\n<\/div>\n<div class=\"cmsms_toggle_wrap\" data-tags=\"all \">\n<div class=\"cmsms_toggle_title\">\n<span class=\"cmsms_toggle_plus\">\n<span class=\"cmsms_toggle_plus_hor\"><\/span>\n<span class=\"cmsms_toggle_plus_vert\"><\/span>\n<\/span>\n<a href=\"#\">RATS Amstetten<\/a>\n<\/div>\n<div class=\"cmsms_toggle\">\n<div class=\"cmsms_toggle_inner\">\n<div class=\"maindiv\">\n<div class=\"leftdivsmall\"><a href=\"https:\/\/ratsamstetten.at\" target=\"_blank\" rel=\"noopener\"><br \/>\n<img decoding=\"async\" class=\"aligncenter size-medium wp-image-50887\" src=\"https:\/\/www.bgamstetten.ac.at\/wp-content\/uploads\/2022\/08\/Logo_RATS_600-300x150.jpg\" alt=\"\" width=\"300\" height=\"150\" srcset=\"https:\/\/www.bgamstetten.ac.at\/wp-content\/uploads\/2022\/08\/Logo_RATS_600-300x150.jpg 300w, https:\/\/www.bgamstetten.ac.at\/wp-content\/uploads\/2022\/08\/Logo_RATS_600-580x290.jpg 580w, https:\/\/www.bgamstetten.ac.at\/wp-content\/uploads\/2022\/08\/Logo_RATS_600.jpg 600w\" sizes=\"(max-width: 300px) 100vw, 300px\" \/><\/a><\/div>\n<div class=\"rightdivbig\">\n<p><span style=\"margin-bottom: 20px; display: block;\">Die <strong>Kooperation <\/strong>mit den <strong>RATS Amstetten<\/strong> ist eine <strong>Erfolgsgeschichte<\/strong>. Immer wieder z\u00e4hlen die NachwuchsathletInnen zur <strong>\u00d6sterreichs Elite im Triathlon<\/strong>. <\/span>Dank der Kooperation haben unsere Sch\u00fclerInnen die M\u00f6glichkeit die eine oder andere <strong>Schulstunde mit Schwimm- oder Triathlontraining<\/strong> zu verbringen.<br \/>\nAb der <strong>1.Klasse<\/strong> sind dies <strong>2 Schulstunden<\/strong>, in der <strong>5. Klasse <\/strong>bereits <strong>6 Schulstunden<\/strong>, in denen der Trainer <strong>Keller Bernhard<\/strong> die Sch\u00fcler <strong>individuell betreut<\/strong>.<\/p>\n<div class=\"content_slider_wrap\" style=\"max-width:px;\">\n<script type=\"text\/javascript\">jQuery(document).ready(function () { jQuery(\"#cmsms_slider_69f4cd8ab751a.content_slider\").owlCarousel( { singleItem : true, transitionStyle: false, rewindSpeed : 1000, slideSpeed : 600, autoHeight : true, paginationSpeed : \t600, autoPlay : 5000,stopOnHover: true, navigationText : \t[ \"<span class=\\\"cmsms_prev_arrow\\\"><\/span>\", \"<span class=\\\"cmsms_next_arrow\\\"><\/span>\" ] } );} );<\/script>\n<div id=\"cmsms_slider_69f4cd8ab751a\" class=\"content_slider owl-carousel\">\n<div class=\"item\"><img decoding=\"async\" width=\"450\" height=\"300\" src=\"https:\/\/www.bgamstetten.ac.at\/wp-content\/uploads\/2022\/08\/T_Individualtraining.jpg\" class=\"attachment-full size-full\" alt=\"\" srcset=\"https:\/\/www.bgamstetten.ac.at\/wp-content\/uploads\/2022\/08\/T_Individualtraining.jpg 450w, https:\/\/www.bgamstetten.ac.at\/wp-content\/uploads\/2022\/08\/T_Individualtraining-300x200.jpg 300w\" sizes=\"(max-width: 450px) 100vw, 450px\" \/><\/div><div class=\"item\"><img decoding=\"async\" width=\"2500\" height=\"1667\" src=\"https:\/\/www.bgamstetten.ac.at\/wp-content\/uploads\/2022\/08\/IMG_4605.jpg\" class=\"attachment-full size-full\" alt=\"\" srcset=\"https:\/\/www.bgamstetten.ac.at\/wp-content\/uploads\/2022\/08\/IMG_4605.jpg 2500w, https:\/\/www.bgamstetten.ac.at\/wp-content\/uploads\/2022\/08\/IMG_4605-300x200.jpg 300w, https:\/\/www.bgamstetten.ac.at\/wp-content\/uploads\/2022\/08\/IMG_4605-1024x683.jpg 1024w, https:\/\/www.bgamstetten.ac.at\/wp-content\/uploads\/2022\/08\/IMG_4605-768x512.jpg 768w, https:\/\/www.bgamstetten.ac.at\/wp-content\/uploads\/2022\/08\/IMG_4605-1536x1024.jpg 1536w, https:\/\/www.bgamstetten.ac.at\/wp-content\/uploads\/2022\/08\/IMG_4605-2048x1366.jpg 2048w, https:\/\/www.bgamstetten.ac.at\/wp-content\/uploads\/2022\/08\/IMG_4605-580x387.jpg 580w, https:\/\/www.bgamstetten.ac.at\/wp-content\/uploads\/2022\/08\/IMG_4605-820x547.jpg 820w, https:\/\/www.bgamstetten.ac.at\/wp-content\/uploads\/2022\/08\/IMG_4605-1160x773.jpg 1160w\" sizes=\"(max-width: 2500px) 100vw, 2500px\" \/><\/div><div class=\"item\"><img decoding=\"async\" width=\"2500\" height=\"1667\" src=\"https:\/\/www.bgamstetten.ac.at\/wp-content\/uploads\/2022\/08\/IMG_4632.jpg\" class=\"attachment-full size-full\" alt=\"\" srcset=\"https:\/\/www.bgamstetten.ac.at\/wp-content\/uploads\/2022\/08\/IMG_4632.jpg 2500w, https:\/\/www.bgamstetten.ac.at\/wp-content\/uploads\/2022\/08\/IMG_4632-300x200.jpg 300w, https:\/\/www.bgamstetten.ac.at\/wp-content\/uploads\/2022\/08\/IMG_4632-1024x683.jpg 1024w, https:\/\/www.bgamstetten.ac.at\/wp-content\/uploads\/2022\/08\/IMG_4632-768x512.jpg 768w, https:\/\/www.bgamstetten.ac.at\/wp-content\/uploads\/2022\/08\/IMG_4632-1536x1024.jpg 1536w, https:\/\/www.bgamstetten.ac.at\/wp-content\/uploads\/2022\/08\/IMG_4632-2048x1366.jpg 2048w, https:\/\/www.bgamstetten.ac.at\/wp-content\/uploads\/2022\/08\/IMG_4632-580x387.jpg 580w, https:\/\/www.bgamstetten.ac.at\/wp-content\/uploads\/2022\/08\/IMG_4632-820x547.jpg 820w, https:\/\/www.bgamstetten.ac.at\/wp-content\/uploads\/2022\/08\/IMG_4632-1160x773.jpg 1160w\" sizes=\"(max-width: 2500px) 100vw, 2500px\" \/><\/div><div class=\"item\"><img decoding=\"async\" width=\"2500\" height=\"1667\" src=\"https:\/\/www.bgamstetten.ac.at\/wp-content\/uploads\/2022\/08\/IMG_4697.jpg\" class=\"attachment-full size-full\" alt=\"\" srcset=\"https:\/\/www.bgamstetten.ac.at\/wp-content\/uploads\/2022\/08\/IMG_4697.jpg 2500w, https:\/\/www.bgamstetten.ac.at\/wp-content\/uploads\/2022\/08\/IMG_4697-300x200.jpg 300w, https:\/\/www.bgamstetten.ac.at\/wp-content\/uploads\/2022\/08\/IMG_4697-1024x683.jpg 1024w, https:\/\/www.bgamstetten.ac.at\/wp-content\/uploads\/2022\/08\/IMG_4697-768x512.jpg 768w, https:\/\/www.bgamstetten.ac.at\/wp-content\/uploads\/2022\/08\/IMG_4697-1536x1024.jpg 1536w, https:\/\/www.bgamstetten.ac.at\/wp-content\/uploads\/2022\/08\/IMG_4697-2048x1366.jpg 2048w, https:\/\/www.bgamstetten.ac.at\/wp-content\/uploads\/2022\/08\/IMG_4697-580x387.jpg 580w, https:\/\/www.bgamstetten.ac.at\/wp-content\/uploads\/2022\/08\/IMG_4697-820x547.jpg 820w, https:\/\/www.bgamstetten.ac.at\/wp-content\/uploads\/2022\/08\/IMG_4697-1160x773.jpg 1160w\" sizes=\"(max-width: 2500px) 100vw, 2500px\" \/><\/div><div class=\"item\"><img decoding=\"async\" width=\"2500\" height=\"1667\" src=\"https:\/\/www.bgamstetten.ac.at\/wp-content\/uploads\/2022\/08\/IMG_4807-2.jpg\" class=\"attachment-full size-full\" alt=\"\" srcset=\"https:\/\/www.bgamstetten.ac.at\/wp-content\/uploads\/2022\/08\/IMG_4807-2.jpg 2500w, https:\/\/www.bgamstetten.ac.at\/wp-content\/uploads\/2022\/08\/IMG_4807-2-300x200.jpg 300w, https:\/\/www.bgamstetten.ac.at\/wp-content\/uploads\/2022\/08\/IMG_4807-2-1024x683.jpg 1024w, https:\/\/www.bgamstetten.ac.at\/wp-content\/uploads\/2022\/08\/IMG_4807-2-768x512.jpg 768w, https:\/\/www.bgamstetten.ac.at\/wp-content\/uploads\/2022\/08\/IMG_4807-2-1536x1024.jpg 1536w, https:\/\/www.bgamstetten.ac.at\/wp-content\/uploads\/2022\/08\/IMG_4807-2-2048x1366.jpg 2048w, https:\/\/www.bgamstetten.ac.at\/wp-content\/uploads\/2022\/08\/IMG_4807-2-580x387.jpg 580w, https:\/\/www.bgamstetten.ac.at\/wp-content\/uploads\/2022\/08\/IMG_4807-2-820x547.jpg 820w, https:\/\/www.bgamstetten.ac.at\/wp-content\/uploads\/2022\/08\/IMG_4807-2-1160x773.jpg 1160w\" sizes=\"(max-width: 2500px) 100vw, 2500px\" \/><\/div><div class=\"item\"><img decoding=\"async\" width=\"2560\" height=\"1707\" src=\"https:\/\/www.bgamstetten.ac.at\/wp-content\/uploads\/2022\/08\/IMG_9918-scaled.jpg\" class=\"attachment-full size-full\" alt=\"\" srcset=\"https:\/\/www.bgamstetten.ac.at\/wp-content\/uploads\/2022\/08\/IMG_9918-scaled.jpg 2560w, https:\/\/www.bgamstetten.ac.at\/wp-content\/uploads\/2022\/08\/IMG_9918-300x200.jpg 300w, https:\/\/www.bgamstetten.ac.at\/wp-content\/uploads\/2022\/08\/IMG_9918-1024x683.jpg 1024w, https:\/\/www.bgamstetten.ac.at\/wp-content\/uploads\/2022\/08\/IMG_9918-768x512.jpg 768w, https:\/\/www.bgamstetten.ac.at\/wp-content\/uploads\/2022\/08\/IMG_9918-1536x1024.jpg 1536w, https:\/\/www.bgamstetten.ac.at\/wp-content\/uploads\/2022\/08\/IMG_9918-2048x1365.jpg 2048w, https:\/\/www.bgamstetten.ac.at\/wp-content\/uploads\/2022\/08\/IMG_9918-580x387.jpg 580w, https:\/\/www.bgamstetten.ac.at\/wp-content\/uploads\/2022\/08\/IMG_9918-820x547.jpg 820w, https:\/\/www.bgamstetten.ac.at\/wp-content\/uploads\/2022\/08\/IMG_9918-1160x773.jpg 1160w\" sizes=\"(max-width: 2560px) 100vw, 2560px\" \/><\/div><div class=\"item\"><img decoding=\"async\" width=\"2560\" height=\"1707\" src=\"https:\/\/www.bgamstetten.ac.at\/wp-content\/uploads\/2022\/08\/IMG_9820-scaled.jpg\" class=\"attachment-full size-full\" alt=\"\" srcset=\"https:\/\/www.bgamstetten.ac.at\/wp-content\/uploads\/2022\/08\/IMG_9820-scaled.jpg 2560w, https:\/\/www.bgamstetten.ac.at\/wp-content\/uploads\/2022\/08\/IMG_9820-300x200.jpg 300w, https:\/\/www.bgamstetten.ac.at\/wp-content\/uploads\/2022\/08\/IMG_9820-1024x683.jpg 1024w, https:\/\/www.bgamstetten.ac.at\/wp-content\/uploads\/2022\/08\/IMG_9820-768x512.jpg 768w, https:\/\/www.bgamstetten.ac.at\/wp-content\/uploads\/2022\/08\/IMG_9820-1536x1024.jpg 1536w, https:\/\/www.bgamstetten.ac.at\/wp-content\/uploads\/2022\/08\/IMG_9820-2048x1365.jpg 2048w, https:\/\/www.bgamstetten.ac.at\/wp-content\/uploads\/2022\/08\/IMG_9820-580x387.jpg 580w, https:\/\/www.bgamstetten.ac.at\/wp-content\/uploads\/2022\/08\/IMG_9820-820x547.jpg 820w, https:\/\/www.bgamstetten.ac.at\/wp-content\/uploads\/2022\/08\/IMG_9820-1160x773.jpg 1160w\" sizes=\"(max-width: 2560px) 100vw, 2560px\" \/><\/div><div class=\"item\"><img decoding=\"async\" width=\"2560\" height=\"1707\" src=\"https:\/\/www.bgamstetten.ac.at\/wp-content\/uploads\/2022\/08\/IMG_9805-scaled.jpg\" class=\"attachment-full size-full\" alt=\"\" srcset=\"https:\/\/www.bgamstetten.ac.at\/wp-content\/uploads\/2022\/08\/IMG_9805-scaled.jpg 2560w, https:\/\/www.bgamstetten.ac.at\/wp-content\/uploads\/2022\/08\/IMG_9805-300x200.jpg 300w, https:\/\/www.bgamstetten.ac.at\/wp-content\/uploads\/2022\/08\/IMG_9805-1024x683.jpg 1024w, https:\/\/www.bgamstetten.ac.at\/wp-content\/uploads\/2022\/08\/IMG_9805-768x512.jpg 768w, https:\/\/www.bgamstetten.ac.at\/wp-content\/uploads\/2022\/08\/IMG_9805-1536x1024.jpg 1536w, https:\/\/www.bgamstetten.ac.at\/wp-content\/uploads\/2022\/08\/IMG_9805-2048x1365.jpg 2048w, https:\/\/www.bgamstetten.ac.at\/wp-content\/uploads\/2022\/08\/IMG_9805-580x387.jpg 580w, https:\/\/www.bgamstetten.ac.at\/wp-content\/uploads\/2022\/08\/IMG_9805-820x547.jpg 820w, https:\/\/www.bgamstetten.ac.at\/wp-content\/uploads\/2022\/08\/IMG_9805-1160x773.jpg 1160w\" sizes=\"(max-width: 2560px) 100vw, 2560px\" \/><\/div><div class=\"item\"><img decoding=\"async\" width=\"2500\" height=\"1666\" src=\"https:\/\/www.bgamstetten.ac.at\/wp-content\/uploads\/2022\/08\/IMG_4803-2.jpg\" class=\"attachment-full size-full\" alt=\"\" srcset=\"https:\/\/www.bgamstetten.ac.at\/wp-content\/uploads\/2022\/08\/IMG_4803-2.jpg 2500w, https:\/\/www.bgamstetten.ac.at\/wp-content\/uploads\/2022\/08\/IMG_4803-2-300x200.jpg 300w, https:\/\/www.bgamstetten.ac.at\/wp-content\/uploads\/2022\/08\/IMG_4803-2-1024x682.jpg 1024w, https:\/\/www.bgamstetten.ac.at\/wp-content\/uploads\/2022\/08\/IMG_4803-2-768x512.jpg 768w, https:\/\/www.bgamstetten.ac.at\/wp-content\/uploads\/2022\/08\/IMG_4803-2-1536x1024.jpg 1536w, https:\/\/www.bgamstetten.ac.at\/wp-content\/uploads\/2022\/08\/IMG_4803-2-2048x1365.jpg 2048w, https:\/\/www.bgamstetten.ac.at\/wp-content\/uploads\/2022\/08\/IMG_4803-2-580x387.jpg 580w, https:\/\/www.bgamstetten.ac.at\/wp-content\/uploads\/2022\/08\/IMG_4803-2-820x546.jpg 820w, https:\/\/www.bgamstetten.ac.at\/wp-content\/uploads\/2022\/08\/IMG_4803-2-1160x773.jpg 1160w\" sizes=\"(max-width: 2500px) 100vw, 2500px\" \/><\/div><\/div>\n<\/div>\n<\/div>\n<\/div>\n<\/div>\n<\/div>\n<\/div>\n<div class=\"cmsms_toggle_wrap\" data-tags=\"all \">\n<div class=\"cmsms_toggle_title\">\n<span class=\"cmsms_toggle_plus\">\n<span class=\"cmsms_toggle_plus_hor\"><\/span>\n<span class=\"cmsms_toggle_plus_vert\"><\/span>\n<\/span>\n<a href=\"#\">SKU Amstetten<\/a>\n<\/div>\n<div class=\"cmsms_toggle\">\n<div class=\"cmsms_toggle_inner\">\n<div class=\"maindiv\">\n<div class=\"leftdivsmall\"><img decoding=\"async\" src=\"https:\/\/www.bgamstetten.ac.at\/wp-content\/uploads\/2022\/08\/SKU_Ertl_Glas_Amstetten_Logo.png\" alt=\"\" width=\"112\" height=\"153\" \/><\/div>\n<div class=\"rightdivbig\">\n<p>Aufgrund der <strong>immer st\u00e4rker werdenden Pr\u00e4senz<\/strong> des SKU Amstetten im <strong>\u00f6sterreichischen Fu\u00dfball<\/strong> bekommt auch die <strong>Nachwuchsf\u00f6rderung immer eine wichtigere Rolle<\/strong>.<\/p>\n<p>So setzen <strong>viele Nachwuchshoffnungen des SKU Amstetten <\/strong>neben ihrer fu\u00dfballerischen Ausbildung auf eine <strong>fundierte und breit gef\u00e4cherte Allgemeinbildung mit Matura<\/strong>. Somit stehen ihnen auch <strong>w\u00e4hrend bzw. nach ihrer Karriere alle T\u00fcren offen<\/strong>.<\/p>\n<p>Aktuell befinden sich mit <strong>Tober Benedikt<\/strong> und <strong>Binder Florian<\/strong> zwei ehemalige Sch\u00fcler im <strong>Kader der Kampfmannschaft<\/strong>.<\/p>\n<div class=\"content_slider_wrap\" style=\"max-width:px;\">\n<script type=\"text\/javascript\">jQuery(document).ready(function () { jQuery(\"#cmsms_slider_69f4cd8aba4cc.content_slider\").owlCarousel( { singleItem : true, transitionStyle: false, rewindSpeed : 1000, slideSpeed : 600, autoHeight : true, paginationSpeed : \t600, autoPlay : 5000,stopOnHover: true, navigationText : \t[ \"<span class=\\\"cmsms_prev_arrow\\\"><\/span>\", \"<span class=\\\"cmsms_next_arrow\\\"><\/span>\" ] } );} );<\/script>\n<div id=\"cmsms_slider_69f4cd8aba4cc\" class=\"content_slider owl-carousel\">\n<div class=\"item\"><img decoding=\"async\" width=\"2560\" height=\"1699\" src=\"https:\/\/www.bgamstetten.ac.at\/wp-content\/uploads\/2022\/08\/DSC09492-scaled.jpg\" class=\"attachment-full size-full\" alt=\"\" srcset=\"https:\/\/www.bgamstetten.ac.at\/wp-content\/uploads\/2022\/08\/DSC09492-scaled.jpg 2560w, https:\/\/www.bgamstetten.ac.at\/wp-content\/uploads\/2022\/08\/DSC09492-300x199.jpg 300w, https:\/\/www.bgamstetten.ac.at\/wp-content\/uploads\/2022\/08\/DSC09492-1024x680.jpg 1024w, https:\/\/www.bgamstetten.ac.at\/wp-content\/uploads\/2022\/08\/DSC09492-768x510.jpg 768w, https:\/\/www.bgamstetten.ac.at\/wp-content\/uploads\/2022\/08\/DSC09492-1536x1019.jpg 1536w, https:\/\/www.bgamstetten.ac.at\/wp-content\/uploads\/2022\/08\/DSC09492-2048x1359.jpg 2048w, https:\/\/www.bgamstetten.ac.at\/wp-content\/uploads\/2022\/08\/DSC09492-580x385.jpg 580w, https:\/\/www.bgamstetten.ac.at\/wp-content\/uploads\/2022\/08\/DSC09492-820x544.jpg 820w, https:\/\/www.bgamstetten.ac.at\/wp-content\/uploads\/2022\/08\/DSC09492-1160x770.jpg 1160w\" sizes=\"(max-width: 2560px) 100vw, 2560px\" \/><\/div><div class=\"item\"><img decoding=\"async\" width=\"680\" height=\"456\" src=\"https:\/\/www.bgamstetten.ac.at\/wp-content\/uploads\/2022\/08\/20161221_123823-1-1.jpg\" class=\"attachment-full size-full\" alt=\"\" srcset=\"https:\/\/www.bgamstetten.ac.at\/wp-content\/uploads\/2022\/08\/20161221_123823-1-1.jpg 680w, https:\/\/www.bgamstetten.ac.at\/wp-content\/uploads\/2022\/08\/20161221_123823-1-1-300x201.jpg 300w, https:\/\/www.bgamstetten.ac.at\/wp-content\/uploads\/2022\/08\/20161221_123823-1-1-580x389.jpg 580w\" sizes=\"(max-width: 680px) 100vw, 680px\" \/><\/div><\/div>\n<\/div>\n<\/div>\n<\/div>\n<\/div>\n<\/div>\n<\/div>\n<div class=\"cmsms_toggle_wrap\" data-tags=\"all \">\n<div class=\"cmsms_toggle_title\">\n<span class=\"cmsms_toggle_plus\">\n<span class=\"cmsms_toggle_plus_hor\"><\/span>\n<span class=\"cmsms_toggle_plus_vert\"><\/span>\n<\/span>\n<a href=\"#\">VCA Amstetten<\/a>\n<\/div>\n<div class=\"cmsms_toggle\">\n<div class=\"cmsms_toggle_inner\">\n<div class=\"maindiv\">\n<div class=\"leftdivsmall\"><a href=\"http:\/\/www.vca.at\/cms\/\" target=\"_blank\" rel=\"noopener\"><img decoding=\"async\" class=\"aligncenter size-medium wp-image-50904\" src=\"https:\/\/www.bgamstetten.ac.at\/wp-content\/uploads\/2022\/08\/296005435_497119725752961_2696027477372910117_n-300x300.jpg\" alt=\"\" width=\"300\" height=\"300\" srcset=\"https:\/\/www.bgamstetten.ac.at\/wp-content\/uploads\/2022\/08\/296005435_497119725752961_2696027477372910117_n-300x300.jpg 300w, https:\/\/www.bgamstetten.ac.at\/wp-content\/uploads\/2022\/08\/296005435_497119725752961_2696027477372910117_n-1024x1024.jpg 1024w, https:\/\/www.bgamstetten.ac.at\/wp-content\/uploads\/2022\/08\/296005435_497119725752961_2696027477372910117_n-200x200.jpg 200w, https:\/\/www.bgamstetten.ac.at\/wp-content\/uploads\/2022\/08\/296005435_497119725752961_2696027477372910117_n-768x768.jpg 768w, https:\/\/www.bgamstetten.ac.at\/wp-content\/uploads\/2022\/08\/296005435_497119725752961_2696027477372910117_n-55x55.jpg 55w, https:\/\/www.bgamstetten.ac.at\/wp-content\/uploads\/2022\/08\/296005435_497119725752961_2696027477372910117_n-250x250.jpg 250w, https:\/\/www.bgamstetten.ac.at\/wp-content\/uploads\/2022\/08\/296005435_497119725752961_2696027477372910117_n-580x580.jpg 580w, https:\/\/www.bgamstetten.ac.at\/wp-content\/uploads\/2022\/08\/296005435_497119725752961_2696027477372910117_n-820x820.jpg 820w, https:\/\/www.bgamstetten.ac.at\/wp-content\/uploads\/2022\/08\/296005435_497119725752961_2696027477372910117_n.jpg 1080w\" sizes=\"(max-width: 300px) 100vw, 300px\" \/><\/a><\/div>\n<div class=\"rightdivbig\">\n<p>Der <strong>VCA Amstetten <\/strong>ist bei uns <strong>im Gymnasium tief verwurzelt<\/strong>. So ist z.B. <strong>Micha Henschke der aktuelle Sportdirektor<\/strong> zugleich als <strong>externe Lehrperson bei uns im Gymnasium besch\u00e4ftigt<\/strong>.<br \/>\n<strong>Talentierte Sch\u00fclerInnen<\/strong> haben die M\u00f6glichkeit <strong>w\u00e4hrend der Schulzeit<\/strong> am <strong>Vormittagstraining <\/strong>der Bundesligamannschaft teilzunehmen.<\/p>\n<p>Der <strong>gr\u00f6\u00dfte Erfolg<\/strong> dieser <strong>starken Kooperation<\/strong> war mit Sicherheit der <strong>Titel bei den <a href=\"https:\/\/www.bgamstetten.ac.at\/index.php\/2017\/04\/08\/wir-sind-volleyball-bundesmeister\/\">Bundesmeisterschaften 2017<\/a><\/strong>.<\/p>\n<p>Damals mit dabei war Alexander Spring, aktuell <strong>wichtiger Bestandteil<\/strong> des <strong>VCA Herren-Teams in der Bundesliga<\/strong> und der <strong>U22-Nationalmannschaft<\/strong>.<\/p>\n<div class=\"content_slider_wrap\" style=\"max-width:px;\">\n<script type=\"text\/javascript\">jQuery(document).ready(function () { jQuery(\"#cmsms_slider_69f4cd8abb01b.content_slider\").owlCarousel( { singleItem : true, transitionStyle: false, rewindSpeed : 1000, slideSpeed : 600, autoHeight : true, paginationSpeed : \t600, autoPlay : 5000,stopOnHover: true, navigationText : \t[ \"<span class=\\\"cmsms_prev_arrow\\\"><\/span>\", \"<span class=\\\"cmsms_next_arrow\\\"><\/span>\" ] } );} );<\/script>\n<div id=\"cmsms_slider_69f4cd8abb01b\" class=\"content_slider owl-carousel\">\n<div class=\"item\"><img decoding=\"async\" width=\"1000\" height=\"750\" src=\"https:\/\/www.bgamstetten.ac.at\/wp-content\/uploads\/2022\/08\/Bundermeister_8.jpg\" class=\"attachment-full size-full\" alt=\"\" srcset=\"https:\/\/www.bgamstetten.ac.at\/wp-content\/uploads\/2022\/08\/Bundermeister_8.jpg 1000w, https:\/\/www.bgamstetten.ac.at\/wp-content\/uploads\/2022\/08\/Bundermeister_8-300x225.jpg 300w, https:\/\/www.bgamstetten.ac.at\/wp-content\/uploads\/2022\/08\/Bundermeister_8-768x576.jpg 768w, https:\/\/www.bgamstetten.ac.at\/wp-content\/uploads\/2022\/08\/Bundermeister_8-580x435.jpg 580w, https:\/\/www.bgamstetten.ac.at\/wp-content\/uploads\/2022\/08\/Bundermeister_8-820x615.jpg 820w\" sizes=\"(max-width: 1000px) 100vw, 1000px\" \/><\/div><div class=\"item\"><img decoding=\"async\" width=\"1000\" height=\"667\" src=\"https:\/\/www.bgamstetten.ac.at\/wp-content\/uploads\/2022\/08\/Bundermeister_5.jpg\" class=\"attachment-full size-full\" alt=\"\" srcset=\"https:\/\/www.bgamstetten.ac.at\/wp-content\/uploads\/2022\/08\/Bundermeister_5.jpg 1000w, https:\/\/www.bgamstetten.ac.at\/wp-content\/uploads\/2022\/08\/Bundermeister_5-300x200.jpg 300w, https:\/\/www.bgamstetten.ac.at\/wp-content\/uploads\/2022\/08\/Bundermeister_5-768x512.jpg 768w, https:\/\/www.bgamstetten.ac.at\/wp-content\/uploads\/2022\/08\/Bundermeister_5-580x387.jpg 580w, https:\/\/www.bgamstetten.ac.at\/wp-content\/uploads\/2022\/08\/Bundermeister_5-820x547.jpg 820w\" sizes=\"(max-width: 1000px) 100vw, 1000px\" \/><\/div><div class=\"item\"><img decoding=\"async\" width=\"750\" height=\"1000\" src=\"https:\/\/www.bgamstetten.ac.at\/wp-content\/uploads\/2022\/08\/Bundermeister_4.jpg\" class=\"attachment-full size-full\" alt=\"\" srcset=\"https:\/\/www.bgamstetten.ac.at\/wp-content\/uploads\/2022\/08\/Bundermeister_4.jpg 750w, https:\/\/www.bgamstetten.ac.at\/wp-content\/uploads\/2022\/08\/Bundermeister_4-225x300.jpg 225w, https:\/\/www.bgamstetten.ac.at\/wp-content\/uploads\/2022\/08\/Bundermeister_4-580x773.jpg 580w\" sizes=\"(max-width: 750px) 100vw, 750px\" \/><\/div><div class=\"item\"><img decoding=\"async\" width=\"667\" height=\"1000\" src=\"https:\/\/www.bgamstetten.ac.at\/wp-content\/uploads\/2022\/08\/Bundermeister_2.jpg\" class=\"attachment-full size-full\" alt=\"\" srcset=\"https:\/\/www.bgamstetten.ac.at\/wp-content\/uploads\/2022\/08\/Bundermeister_2.jpg 667w, https:\/\/www.bgamstetten.ac.at\/wp-content\/uploads\/2022\/08\/Bundermeister_2-200x300.jpg 200w, https:\/\/www.bgamstetten.ac.at\/wp-content\/uploads\/2022\/08\/Bundermeister_2-580x870.jpg 580w\" sizes=\"(max-width: 667px) 100vw, 667px\" \/><\/div><div class=\"item\"><img decoding=\"async\" width=\"2560\" height=\"1699\" src=\"https:\/\/www.bgamstetten.ac.at\/wp-content\/uploads\/2022\/08\/DSC09620-scaled.jpg\" class=\"attachment-full size-full\" alt=\"\" srcset=\"https:\/\/www.bgamstetten.ac.at\/wp-content\/uploads\/2022\/08\/DSC09620-scaled.jpg 2560w, https:\/\/www.bgamstetten.ac.at\/wp-content\/uploads\/2022\/08\/DSC09620-300x199.jpg 300w, https:\/\/www.bgamstetten.ac.at\/wp-content\/uploads\/2022\/08\/DSC09620-1024x680.jpg 1024w, https:\/\/www.bgamstetten.ac.at\/wp-content\/uploads\/2022\/08\/DSC09620-768x510.jpg 768w, https:\/\/www.bgamstetten.ac.at\/wp-content\/uploads\/2022\/08\/DSC09620-1536x1019.jpg 1536w, https:\/\/www.bgamstetten.ac.at\/wp-content\/uploads\/2022\/08\/DSC09620-2048x1359.jpg 2048w, https:\/\/www.bgamstetten.ac.at\/wp-content\/uploads\/2022\/08\/DSC09620-580x385.jpg 580w, https:\/\/www.bgamstetten.ac.at\/wp-content\/uploads\/2022\/08\/DSC09620-820x544.jpg 820w, https:\/\/www.bgamstetten.ac.at\/wp-content\/uploads\/2022\/08\/DSC09620-1160x770.jpg 1160w\" sizes=\"(max-width: 2560px) 100vw, 2560px\" \/><\/div><div class=\"item\"><img decoding=\"async\" width=\"2560\" height=\"1699\" src=\"https:\/\/www.bgamstetten.ac.at\/wp-content\/uploads\/2022\/08\/DSC09622-scaled.jpg\" class=\"attachment-full size-full\" alt=\"\" srcset=\"https:\/\/www.bgamstetten.ac.at\/wp-content\/uploads\/2022\/08\/DSC09622-scaled.jpg 2560w, https:\/\/www.bgamstetten.ac.at\/wp-content\/uploads\/2022\/08\/DSC09622-300x199.jpg 300w, https:\/\/www.bgamstetten.ac.at\/wp-content\/uploads\/2022\/08\/DSC09622-1024x680.jpg 1024w, https:\/\/www.bgamstetten.ac.at\/wp-content\/uploads\/2022\/08\/DSC09622-768x510.jpg 768w, https:\/\/www.bgamstetten.ac.at\/wp-content\/uploads\/2022\/08\/DSC09622-1536x1019.jpg 1536w, https:\/\/www.bgamstetten.ac.at\/wp-content\/uploads\/2022\/08\/DSC09622-2048x1359.jpg 2048w, https:\/\/www.bgamstetten.ac.at\/wp-content\/uploads\/2022\/08\/DSC09622-580x385.jpg 580w, https:\/\/www.bgamstetten.ac.at\/wp-content\/uploads\/2022\/08\/DSC09622-820x544.jpg 820w, https:\/\/www.bgamstetten.ac.at\/wp-content\/uploads\/2022\/08\/DSC09622-1160x770.jpg 1160w\" sizes=\"(max-width: 2560px) 100vw, 2560px\" \/><\/div><div class=\"item\"><img decoding=\"async\" width=\"2560\" height=\"1699\" src=\"https:\/\/www.bgamstetten.ac.at\/wp-content\/uploads\/2022\/08\/DSC09583-scaled.jpg\" class=\"attachment-full size-full\" alt=\"\" srcset=\"https:\/\/www.bgamstetten.ac.at\/wp-content\/uploads\/2022\/08\/DSC09583-scaled.jpg 2560w, https:\/\/www.bgamstetten.ac.at\/wp-content\/uploads\/2022\/08\/DSC09583-300x199.jpg 300w, https:\/\/www.bgamstetten.ac.at\/wp-content\/uploads\/2022\/08\/DSC09583-1024x680.jpg 1024w, https:\/\/www.bgamstetten.ac.at\/wp-content\/uploads\/2022\/08\/DSC09583-768x510.jpg 768w, https:\/\/www.bgamstetten.ac.at\/wp-content\/uploads\/2022\/08\/DSC09583-1536x1019.jpg 1536w, https:\/\/www.bgamstetten.ac.at\/wp-content\/uploads\/2022\/08\/DSC09583-2048x1359.jpg 2048w, https:\/\/www.bgamstetten.ac.at\/wp-content\/uploads\/2022\/08\/DSC09583-580x385.jpg 580w, https:\/\/www.bgamstetten.ac.at\/wp-content\/uploads\/2022\/08\/DSC09583-820x544.jpg 820w, https:\/\/www.bgamstetten.ac.at\/wp-content\/uploads\/2022\/08\/DSC09583-1160x770.jpg 1160w\" sizes=\"(max-width: 2560px) 100vw, 2560px\" \/><\/div><div class=\"item\"><img decoding=\"async\" width=\"2560\" height=\"1699\" src=\"https:\/\/www.bgamstetten.ac.at\/wp-content\/uploads\/2022\/08\/DSC09624-scaled.jpg\" class=\"attachment-full size-full\" alt=\"\" srcset=\"https:\/\/www.bgamstetten.ac.at\/wp-content\/uploads\/2022\/08\/DSC09624-scaled.jpg 2560w, https:\/\/www.bgamstetten.ac.at\/wp-content\/uploads\/2022\/08\/DSC09624-300x199.jpg 300w, https:\/\/www.bgamstetten.ac.at\/wp-content\/uploads\/2022\/08\/DSC09624-1024x680.jpg 1024w, https:\/\/www.bgamstetten.ac.at\/wp-content\/uploads\/2022\/08\/DSC09624-768x510.jpg 768w, https:\/\/www.bgamstetten.ac.at\/wp-content\/uploads\/2022\/08\/DSC09624-1536x1019.jpg 1536w, https:\/\/www.bgamstetten.ac.at\/wp-content\/uploads\/2022\/08\/DSC09624-2048x1359.jpg 2048w, https:\/\/www.bgamstetten.ac.at\/wp-content\/uploads\/2022\/08\/DSC09624-580x385.jpg 580w, https:\/\/www.bgamstetten.ac.at\/wp-content\/uploads\/2022\/08\/DSC09624-820x544.jpg 820w, https:\/\/www.bgamstetten.ac.at\/wp-content\/uploads\/2022\/08\/DSC09624-1160x770.jpg 1160w\" sizes=\"(max-width: 2560px) 100vw, 2560px\" \/><\/div><\/div>\n<\/div>\n<\/div>\n<\/div>\n<\/div>\n<\/div>\n<\/div>\n<p><\/div>\n<\/div>\n<\/div>\n<\/div>\n<\/div>\n<\/div>\n<\/div>\n<\/div>\n<div id=\"cmsms_row_69f4cd8abd949\" class=\"cmsms_row cmsms_color_scheme_default\">\n<div class=\"cmsms_row_outer_parent\">\n<div class=\"cmsms_row_outer\">\n<div class=\"cmsms_row_inner\">\n<div class=\"cmsms_row_margin\">\n<div class=\"cmsms_column one_first\">\n<div class=\"cmsms_text\">\n<\/div>\n<\/div>\n<\/div>\n<\/div>\n<\/div>\n<\/div>\n<\/div>\n\n","protected":false},"excerpt":{"rendered":"","protected":false},"author":1,"featured_media":0,"parent":50770,"menu_order":0,"comment_status":"closed","ping_status":"closed","template":"","meta":{"footnotes":""},"class_list":["post-50772","page","type-page","status-publish","hentry"],"_links":{"self":[{"href":"https:\/\/www.bgamstetten.ac.at\/index.php\/wp-json\/wp\/v2\/pages\/50772","targetHints":{"allow":["GET"]}}],"collection":[{"href":"https:\/\/www.bgamstetten.ac.at\/index.php\/wp-json\/wp\/v2\/pages"}],"about":[{"href":"https:\/\/www.bgamstetten.ac.at\/index.php\/wp-json\/wp\/v2\/types\/page"}],"author":[{"embeddable":true,"href":"https:\/\/www.bgamstetten.ac.at\/index.php\/wp-json\/wp\/v2\/users\/1"}],"replies":[{"embeddable":true,"href":"https:\/\/www.bgamstetten.ac.at\/index.php\/wp-json\/wp\/v2\/comments?post=50772"}],"version-history":[{"count":60,"href":"https:\/\/www.bgamstetten.ac.at\/index.php\/wp-json\/wp\/v2\/pages\/50772\/revisions"}],"predecessor-version":[{"id":51756,"href":"https:\/\/www.bgamstetten.ac.at\/index.php\/wp-json\/wp\/v2\/pages\/50772\/revisions\/51756"}],"up":[{"embeddable":true,"href":"https:\/\/www.bgamstetten.ac.at\/index.php\/wp-json\/wp\/v2\/pages\/50770"}],"wp:attachment":[{"href":"https:\/\/www.bgamstetten.ac.at\/index.php\/wp-json\/wp\/v2\/media?parent=50772"}],"curies":[{"name":"wp","href":"https:\/\/api.w.org\/{rel}","templated":true}]}}