{"id":49641,"date":"2022-07-08T10:44:21","date_gmt":"2022-07-08T08:44:21","guid":{"rendered":"http:\/\/gymnasium-amstetten.at\/?page_id=49641"},"modified":"2025-11-12T13:10:06","modified_gmt":"2025-11-12T12:10:06","slug":"news","status":"publish","type":"page","link":"https:\/\/www.bgamstetten.ac.at\/index.php\/aktuelles\/news\/","title":{"rendered":"News"},"content":{"rendered":"<style type=\"text\/css\"> \n#cmsms_row_69f1f0a785ff1 .cmsms_row_outer_parent { \n\tpadding-top: 0px; \n} \n\n#cmsms_row_69f1f0a785ff1 .cmsms_row_outer_parent { \n\tpadding-bottom: 0px; \n} \n\n#cmsms_row_69f1f0a785ff1 .cmsms_row_inner.cmsms_row_fullwidth { \n\tpadding-left:0%; \n} \n#cmsms_row_69f1f0a785ff1 .cmsms_row_inner.cmsms_row_fullwidth { \n\tpadding-right:0%; \n} \n \n#cmsms_row_69f1f0a7873ab .cmsms_row_outer_parent { \n\tpadding-top: 25px; \n} \n\n#cmsms_row_69f1f0a7873ab .cmsms_row_outer_parent { \n\tpadding-bottom: 25px; \n} \n\n \n#cmsms_notice_69f1f0a7874c7 { \n\tbackground-color:#ffffff; \n\tborder-color:#872828; \n\tcolor:#000000; \n} \n.cmsms_notice:before {\n\n\tcolor:#872828; \n}\n \n#cmsms_row_69f1f0a787559 .cmsms_row_outer_parent { \n\tpadding-top: 0px; \n} \n\n#cmsms_row_69f1f0a787559 .cmsms_row_outer_parent { \n\tpadding-bottom: 10px; \n} \n\n \n#cmsms_row_69f1f0a79ddac .cmsms_row_outer_parent { \n\tpadding-top: 0px; \n} \n\n#cmsms_row_69f1f0a79ddac .cmsms_row_outer_parent { \n\tpadding-bottom: 0px; \n} \n\n \n#cmsms_notice_69f1f0a79dea2 { \n\tbackground-color:#f9f9f9; \n\tborder-color:#b5b5b5; \n\tcolor:#aaaaaa; \n} \n.cmsms_notice:before {\n\n\tcolor:#b5b5b5; \n}\n \n#cmsms_icon_69f1f0a79df2c { \n\tdisplay:inline-block; } \n\n#cmsms_icon_69f1f0a79df2c span { \n\tcolor:#872828; color:rgba(135, 40, 40, 1);\n\tfont-size:40px; \n\tline-height:40px; } \n<\/style><div id=\"cmsms_row_69f1f0a785ff1\" class=\"cmsms_row cmsms_color_scheme_default rundesBild\">\n<div id=\"Zweige\" class=\"cmsms_row_outer_parent\">\n<div class=\"cmsms_row_outer\">\n<div class=\"cmsms_row_inner cmsms_row_fullwidth\">\n<div class=\"cmsms_row_margin\">\n<div class=\"cmsms_column one_fourth\">\n<div class=\"cmsms_img  cmsms_image_l rundesBild\">\n<a href=\"https:\/\/www.bgamstetten.ac.at\/index.php\/ausbildung\/oberstufe\/sprachzweig\"><img decoding=\"async\" src=\"https:\/\/www.bgamstetten.ac.at\/wp-content\/uploads\/2025\/10\/Sprache-Kom-1.png\" alt=\"\" \/><\/a>\n<\/div>\n<\/div>\n<div class=\"cmsms_column one_fourth\">\n<div class=\"cmsms_img  cmsms_image_l\">\n<a href=\"https:\/\/www.bgamstetten.ac.at\/index.php\/ausbildung\/oberstufe\/musikzweig\"><img decoding=\"async\" src=\"https:\/\/www.bgamstetten.ac.at\/wp-content\/uploads\/2025\/10\/Sprache-und-Musik-2.png\" alt=\"\" \/><\/a>\n<\/div>\n<\/div>\n<div class=\"cmsms_column one_fourth\">\n<div class=\"cmsms_img  cmsms_image_l rundesBild\">\n<a href=\"https:\/\/www.bgamstetten.ac.at\/index.php\/ausbildung\/oberstufe\/sportundgesundheit\"><img decoding=\"async\" src=\"https:\/\/www.bgamstetten.ac.at\/wp-content\/uploads\/2025\/10\/Sport-1.png\" alt=\"\" \/><\/a>\n<\/div>\n<\/div>\n<div class=\"cmsms_column one_fourth\">\n<div class=\"cmsms_img  cmsms_image_l rundesBild\">\n<a href=\"https:\/\/www.bgamstetten.ac.at\/index.php\/ausbildung\/oberstufe\/digitalemedienundtechnologien\/\"><img decoding=\"async\" src=\"https:\/\/www.bgamstetten.ac.at\/wp-content\/uploads\/2025\/10\/IT-3.png\" alt=\"\" \/><\/a>\n<\/div>\n<\/div>\n<\/div>\n<\/div>\n<\/div>\n<\/div>\n<\/div>\n<div id=\"cmsms_row_69f1f0a7873ab\" class=\"cmsms_row cmsms_color_scheme_default\">\n<div class=\"cmsms_row_outer_parent\">\n<div class=\"cmsms_row_outer\">\n<div class=\"cmsms_row_inner\">\n<div class=\"cmsms_row_margin\">\n<div class=\"cmsms_column one_first\">\n<div id=\"cmsms_notice_69f1f0a7874c7\" class=\"cmsms_notice cmsms_notice_custom cmsms-icon-calendar\">\n<a href=\"#\" class=\"notice_close cmsms-icon-cancel-3\"><\/a><div class=\"notice_icon\"><\/div>\n<div class=\"notice_content\">\n<p style=\"line-height: 2em;\">Die <a href=\"https:\/\/www.bgamstetten.ac.at\/index.php\/schule\/tag-der-offenen-tuer\/\"><strong>Tage der offenen T\u00fcr<\/strong><\/a> sind am 07.11.2025 (Oberstufe) und 05.12.2025 (Unterstufe).<br \/>\nF\u00fcr alle Eltern von interessierten Volksschulkindern gibt es auch einen <a href=\"https:\/\/www.bgamstetten.ac.at\/index.php\/aktuelles\/elterninformationen\"><strong>Elternabend am 13.11.2025<\/strong><\/a>.<br \/>\nNoch unsicher? Kein Problem &#8211; komm einfach <a href=\"https:\/\/www.bgamstetten.ac.at\/index.php\/schule\/anmeldung\/\"><strong>Schnuppern<\/strong><\/a> zu uns!<br \/>\nHier geht&#8217;s zur <a href=\"https:\/\/www.bgamstetten.ac.at\/index.php\/schule\/anmeldung\/\"><strong>Schulanmeldung<\/strong><\/a>!<\/p>\n<\/div>\n<\/div>\n<\/div>\n<\/div>\n<\/div>\n<\/div>\n<\/div>\n<\/div>\n<div id=\"cmsms_row_69f1f0a787559\" class=\"cmsms_row cmsms_color_scheme_default\">\n<div class=\"cmsms_row_outer_parent\">\n<div class=\"cmsms_row_outer\">\n<div class=\"cmsms_row_inner\">\n<div class=\"cmsms_row_margin\">\n<div class=\"cmsms_column one_first\">\n<div class=\"cmsms_wrap_blog entry-summary\" id=\"blog_69f1f0a787630\"><script type=\"text\/javascript\">\njQuery(document).ready(function () {\n\t(function ($) {\n\t\tif ($('#blog_69f1f0a787630').find('article').length == '0') {\n\t\t\treturn false;\n\t\t}\n\t\t\n\t\n\t\tstartBlog( \n\t\t\t'69f1f0a787630', \n\t\t\t'timeline', \n\t\t\t'', \n\t\t\t'https:\/\/www.bgamstetten.ac.at\/wp-content\/plugins\/cmsms-content-composer\/', \n\t\t\t'date', \n\t\t\t'DESC', \n\t\t\t'8', \n\t\t\t'201415,201516,201617,201718,201819,201920,202021,202122,202223,aktuelles,allgemein,sportliches,bildungsberatung,elearning-im-schulalltag,gesunde-schule,musikalisches-und-kreatives,nawi,sprachen,uncategorized,wirtschaft-und-gesellschaft', \n\t\t\t'date,likes,more' \n\t\t);\n\t} )(jQuery);\n} );\n<\/script>\n<div class=\"blog timeline\">\r\n<!--_________________________ Start Standard Article _________________________ -->\r\n\r\n<article id=\"post-61401\" class=\"cmsms_timeline_type post-61401 post type-post status-publish format-standard has-post-thumbnail hentry category-123 category-aktuelles category-sportliches\">\r\n\t<div class=\"cmsms_post_info entry-meta\">\r\n\t\t<span class=\"cmsms_post_format_img cmsms-icon-desktop-3\"><\/span>\r\n\t\t\r\n\t\t<abbr class=\"published cmsms_post_date\" title=\"April 24, 2026\"><span class=\"cmsms_day_mon\">24.04<\/span><span class=\"cmsms_year\">2026<\/span><\/abbr><abbr class=\"dn date updated\" title=\"April 26, 2026\">April 26, 2026<\/abbr>\t<\/div>\r\n\t<div class=\"cmsms_post_cont\">\r\n\t<figure><a href=\"https:\/\/www.bgamstetten.ac.at\/index.php\/2026\/04\/24\/freud-und-leid-beim-schulschwimmcup-in-der-suedstadt\/\" title=\"Freud und Leid beim Schulschwimmcup in der S\u00fcdstadt\" class=\"cmsms_img_link preloader\"><img decoding=\"async\" width=\"820\" height=\"490\" src=\"https:\/\/www.bgamstetten.ac.at\/wp-content\/uploads\/2026\/04\/IMG_7653-820x490.jpg\" class=\"full-width wp-post-image\" alt=\"Freud und Leid beim Schulschwimmcup in der S\u00fcdstadt\" title=\"Freud und Leid beim Schulschwimmcup in der S\u00fcdstadt\" \/><\/a><\/figure><header class=\"cmsms_post_header entry-header\"><h3 class=\"cmsms_post_title entry-title cmsms_h1_font_style\"><a href=\"https:\/\/www.bgamstetten.ac.at\/index.php\/2026\/04\/24\/freud-und-leid-beim-schulschwimmcup-in-der-suedstadt\/\">Freud und Leid beim Schulschwimmcup in der S\u00fcdstadt<\/a><\/h3><\/header><div class=\"cmsms_post_content entry-content\">\n<p>Am 24.04.2026 erlebten unsere Sch\u00fclerinnen beim Schwimmcup-Finale in der S\u00fcdstadt einen Wettkampf voller Emotionen. Bereits die Qualifikation f\u00fcr das Finale war ein gro\u00dfer Erfolg und...<\/p>\n<\/div>\n<footer class=\"cmsms_post_footer entry-meta\"><div class=\"cmsms_post_meta_info\"><a href=\"#\" onclick=\"cmsmsLike(61401); return false;\" id=\"cmsmsLike-61401\" class=\"cmsmsLike cmsms-icon-heart-7\"><span>5<\/span><\/a><\/div><a class=\"button cmsms_post_read_more\" href=\"https:\/\/www.bgamstetten.ac.at\/index.php\/2026\/04\/24\/freud-und-leid-beim-schulschwimmcup-in-der-suedstadt\/\">weiterlesen ...<\/a><\/footer>\t\t<div class=\"cl\"><\/div>\r\n\t<\/div>\r\n<\/article>\r\n<!--_________________________ Finish Standard Article _________________________ -->\r\n\r\n\r\n<!--_________________________ Start Standard Article _________________________ -->\r\n\r\n<article id=\"post-61395\" class=\"cmsms_timeline_type post-61395 post type-post status-publish format-standard has-post-thumbnail hentry category-123 category-aktuelles category-sprachen\">\r\n\t<div class=\"cmsms_post_info entry-meta\">\r\n\t\t<span class=\"cmsms_post_format_img cmsms-icon-desktop-3\"><\/span>\r\n\t\t\r\n\t\t<abbr class=\"published cmsms_post_date\" title=\"April 24, 2026\"><span class=\"cmsms_day_mon\">24.04<\/span><span class=\"cmsms_year\">2026<\/span><\/abbr><abbr class=\"dn date updated\" title=\"April 26, 2026\">April 26, 2026<\/abbr>\t<\/div>\r\n\t<div class=\"cmsms_post_cont\">\r\n\t<figure><a href=\"https:\/\/www.bgamstetten.ac.at\/index.php\/2026\/04\/24\/mexico-zu-gast-am-gymnasium\/\" title=\"M\u00e9xico zu Gast am Gymnasium\" class=\"cmsms_img_link preloader\"><img decoding=\"async\" width=\"820\" height=\"490\" src=\"https:\/\/www.bgamstetten.ac.at\/wp-content\/uploads\/2026\/04\/Titelbild_Mexico-820x490.jpg\" class=\"full-width wp-post-image\" alt=\"M\u00e9xico zu Gast am Gymnasium\" title=\"M\u00e9xico zu Gast am Gymnasium\" \/><\/a><\/figure><header class=\"cmsms_post_header entry-header\"><h3 class=\"cmsms_post_title entry-title cmsms_h1_font_style\"><a href=\"https:\/\/www.bgamstetten.ac.at\/index.php\/2026\/04\/24\/mexico-zu-gast-am-gymnasium\/\">M\u00e9xico zu Gast am Gymnasium<\/a><\/h3><\/header><div class=\"cmsms_post_content entry-content\">\n<p>Vom 20. bis 24. April 2026 hatten wir die Ehre, zwei mexikanische Gastsch\u00fclerInnen willkommen zu hei\u00dfen. Maria Jos\u00e9 (Majo) Romo S\u00e1nchez und Markus Bahnsen Lara...<\/p>\n<\/div>\n<footer class=\"cmsms_post_footer entry-meta\"><div class=\"cmsms_post_meta_info\"><a href=\"#\" onclick=\"cmsmsLike(61395); return false;\" id=\"cmsmsLike-61395\" class=\"cmsmsLike cmsms-icon-heart-7\"><span>4<\/span><\/a><\/div><a class=\"button cmsms_post_read_more\" href=\"https:\/\/www.bgamstetten.ac.at\/index.php\/2026\/04\/24\/mexico-zu-gast-am-gymnasium\/\">weiterlesen ...<\/a><\/footer>\t\t<div class=\"cl\"><\/div>\r\n\t<\/div>\r\n<\/article>\r\n<!--_________________________ Finish Standard Article _________________________ -->\r\n\r\n\r\n<!--_________________________ Start Standard Article _________________________ -->\r\n\r\n<article id=\"post-61392\" class=\"cmsms_timeline_type post-61392 post type-post status-publish format-standard has-post-thumbnail hentry category-123 category-aktuelles category-allgemein category-sportliches\">\r\n\t<div class=\"cmsms_post_info entry-meta\">\r\n\t\t<span class=\"cmsms_post_format_img cmsms-icon-desktop-3\"><\/span>\r\n\t\t\r\n\t\t<abbr class=\"published cmsms_post_date\" title=\"April 23, 2026\"><span class=\"cmsms_day_mon\">23.04<\/span><span class=\"cmsms_year\">2026<\/span><\/abbr><abbr class=\"dn date updated\" title=\"April 26, 2026\">April 26, 2026<\/abbr>\t<\/div>\r\n\t<div class=\"cmsms_post_cont\">\r\n\t<figure><a href=\"https:\/\/www.bgamstetten.ac.at\/index.php\/2026\/04\/23\/sportmotorische-testungen-fuer-unsere-sportklassen\/\" title=\"Sportmotorische Testungen f\u00fcr unsere Sportklassen\" class=\"cmsms_img_link preloader\"><img decoding=\"async\" width=\"820\" height=\"490\" src=\"https:\/\/www.bgamstetten.ac.at\/wp-content\/uploads\/2026\/04\/IMG_20260413_101807-820x490.jpg\" class=\"full-width wp-post-image\" alt=\"Sportmotorische Testungen f\u00fcr unsere Sportklassen\" title=\"Sportmotorische Testungen f\u00fcr unsere Sportklassen\" \/><\/a><\/figure><header class=\"cmsms_post_header entry-header\"><h3 class=\"cmsms_post_title entry-title cmsms_h1_font_style\"><a href=\"https:\/\/www.bgamstetten.ac.at\/index.php\/2026\/04\/23\/sportmotorische-testungen-fuer-unsere-sportklassen\/\">Sportmotorische Testungen f\u00fcr unsere Sportklassen<\/a><\/h3><\/header><div class=\"cmsms_post_content entry-content\">\n<p>St\u00e4rken erkennen, Potenziale nutzen und Verletzungen vorbeugen: Unsere Sch\u00fclerinnen und Sch\u00fcler des sportlichen Schwerpunkts erhielten k\u00fcrzlich die Gelegenheit, ihre Leistungsf\u00e4higkeit auf professionellem Niveau testen zu...<\/p>\n<\/div>\n<footer class=\"cmsms_post_footer entry-meta\"><div class=\"cmsms_post_meta_info\"><a href=\"#\" onclick=\"cmsmsLike(61392); return false;\" id=\"cmsmsLike-61392\" class=\"cmsmsLike cmsms-icon-heart-7\"><span>3<\/span><\/a><\/div><a class=\"button cmsms_post_read_more\" href=\"https:\/\/www.bgamstetten.ac.at\/index.php\/2026\/04\/23\/sportmotorische-testungen-fuer-unsere-sportklassen\/\">weiterlesen ...<\/a><\/footer>\t\t<div class=\"cl\"><\/div>\r\n\t<\/div>\r\n<\/article>\r\n<!--_________________________ Finish Standard Article _________________________ -->\r\n\r\n\r\n<!--_________________________ Start Standard Article _________________________ -->\r\n\r\n<article id=\"post-61380\" class=\"cmsms_timeline_type post-61380 post type-post status-publish format-standard has-post-thumbnail hentry category-123 category-aktuelles category-allgemein category-sportliches\">\r\n\t<div class=\"cmsms_post_info entry-meta\">\r\n\t\t<span class=\"cmsms_post_format_img cmsms-icon-desktop-3\"><\/span>\r\n\t\t\r\n\t\t<abbr class=\"published cmsms_post_date\" title=\"April 21, 2026\"><span class=\"cmsms_day_mon\">21.04<\/span><span class=\"cmsms_year\">2026<\/span><\/abbr><abbr class=\"dn date updated\" title=\"April 24, 2026\">April 24, 2026<\/abbr>\t<\/div>\r\n\t<div class=\"cmsms_post_cont\">\r\n\t<figure><a href=\"https:\/\/www.bgamstetten.ac.at\/index.php\/2026\/04\/21\/final-countdown-in-podersdorf-abschlusstage-der-8bs\/\" title=\"Final Countdown in Podersdorf &#8211; Abschlusstage der 8bs\" class=\"cmsms_img_link preloader\"><img decoding=\"async\" width=\"820\" height=\"490\" src=\"https:\/\/www.bgamstetten.ac.at\/wp-content\/uploads\/2026\/04\/20260420_190725-820x490.jpg\" class=\"full-width wp-post-image\" alt=\"Final Countdown in Podersdorf &#8211; Abschlusstage der 8bs\" title=\"Final Countdown in Podersdorf &#8211; Abschlusstage der 8bs\" \/><\/a><\/figure><header class=\"cmsms_post_header entry-header\"><h3 class=\"cmsms_post_title entry-title cmsms_h1_font_style\"><a href=\"https:\/\/www.bgamstetten.ac.at\/index.php\/2026\/04\/21\/final-countdown-in-podersdorf-abschlusstage-der-8bs\/\">Final Countdown in Podersdorf &#8211; Abschlusstage der 8bs<\/a><\/h3><\/header><div class=\"cmsms_post_content entry-content\">\n<p>Bevor es f\u00fcr die 8bs ernst wird und die Reifepr\u00fcfung vor der T\u00fcr steht, hie\u00df es noch einmal: Gemeinschaft genie\u00dfen, Action erleben und Kraft tanken....<\/p>\n<\/div>\n<footer class=\"cmsms_post_footer entry-meta\"><div class=\"cmsms_post_meta_info\"><a href=\"#\" onclick=\"cmsmsLike(61380); return false;\" id=\"cmsmsLike-61380\" class=\"cmsmsLike cmsms-icon-heart-7\"><span>5<\/span><\/a><\/div><a class=\"button cmsms_post_read_more\" href=\"https:\/\/www.bgamstetten.ac.at\/index.php\/2026\/04\/21\/final-countdown-in-podersdorf-abschlusstage-der-8bs\/\">weiterlesen ...<\/a><\/footer>\t\t<div class=\"cl\"><\/div>\r\n\t<\/div>\r\n<\/article>\r\n<!--_________________________ Finish Standard Article _________________________ -->\r\n\r\n\r\n<!--_________________________ Start Standard Article _________________________ -->\r\n\r\n<article id=\"post-61366\" class=\"cmsms_timeline_type post-61366 post type-post status-publish format-standard has-post-thumbnail hentry category-123 category-aktuelles category-sportliches tag-sport\">\r\n\t<div class=\"cmsms_post_info entry-meta\">\r\n\t\t<span class=\"cmsms_post_format_img cmsms-icon-desktop-3\"><\/span>\r\n\t\t\r\n\t\t<abbr class=\"published cmsms_post_date\" title=\"April 17, 2026\"><span class=\"cmsms_day_mon\">17.04<\/span><span class=\"cmsms_year\">2026<\/span><\/abbr><abbr class=\"dn date updated\" title=\"April 22, 2026\">April 22, 2026<\/abbr>\t<\/div>\r\n\t<div class=\"cmsms_post_cont\">\r\n\t<figure><a href=\"https:\/\/www.bgamstetten.ac.at\/index.php\/2026\/04\/17\/ueber-200-starter-bei-schul-orientierungslaufwettkampf\/\" title=\"\u00dcber 200 Starter bei Schul-Orientierungslaufwettkampf\" class=\"cmsms_img_link preloader\"><img decoding=\"async\" width=\"820\" height=\"490\" src=\"https:\/\/www.bgamstetten.ac.at\/wp-content\/uploads\/2026\/04\/IMG_7502-820x490.jpg\" class=\"full-width wp-post-image\" alt=\"\u00dcber 200 Starter bei Schul-Orientierungslaufwettkampf\" title=\"\u00dcber 200 Starter bei Schul-Orientierungslaufwettkampf\" \/><\/a><\/figure><header class=\"cmsms_post_header entry-header\"><h3 class=\"cmsms_post_title entry-title cmsms_h1_font_style\"><a href=\"https:\/\/www.bgamstetten.ac.at\/index.php\/2026\/04\/17\/ueber-200-starter-bei-schul-orientierungslaufwettkampf\/\">\u00dcber 200 Starter bei Schul-Orientierungslaufwettkampf<\/a><\/h3><\/header><div class=\"cmsms_post_content entry-content\">\n<p>Am Freitag, 17.4. wurden im Amstettner Edla Park erstmals Orientierungslaufmeisterschaften f\u00fcr Schulen ausgetragen. Mag. Elke Wininger und Mag. Klaus Vogl waren gemeinsam mit dem Team...<\/p>\n<\/div>\n<footer class=\"cmsms_post_footer entry-meta\"><div class=\"cmsms_post_meta_info\"><a href=\"#\" onclick=\"cmsmsLike(61366); return false;\" id=\"cmsmsLike-61366\" class=\"cmsmsLike cmsms-icon-heart-7\"><span>5<\/span><\/a><\/div><a class=\"button cmsms_post_read_more\" href=\"https:\/\/www.bgamstetten.ac.at\/index.php\/2026\/04\/17\/ueber-200-starter-bei-schul-orientierungslaufwettkampf\/\">weiterlesen ...<\/a><\/footer>\t\t<div class=\"cl\"><\/div>\r\n\t<\/div>\r\n<\/article>\r\n<!--_________________________ Finish Standard Article _________________________ -->\r\n\r\n\r\n<!--_________________________ Start Standard Article _________________________ -->\r\n\r\n<article id=\"post-61357\" class=\"cmsms_timeline_type post-61357 post type-post status-publish format-standard has-post-thumbnail hentry category-123 category-aktuelles category-sportliches tag-sportzweig\">\r\n\t<div class=\"cmsms_post_info entry-meta\">\r\n\t\t<span class=\"cmsms_post_format_img cmsms-icon-desktop-3\"><\/span>\r\n\t\t\r\n\t\t<abbr class=\"published cmsms_post_date\" title=\"April 17, 2026\"><span class=\"cmsms_day_mon\">17.04<\/span><span class=\"cmsms_year\">2026<\/span><\/abbr><abbr class=\"dn date updated\" title=\"April 18, 2026\">April 18, 2026<\/abbr>\t<\/div>\r\n\t<div class=\"cmsms_post_cont\">\r\n\t<figure><a href=\"https:\/\/www.bgamstetten.ac.at\/index.php\/2026\/04\/17\/gross-fuer-klein-auch-im-schwimmunterricht\/\" title=\"\u201cGro\u00df f\u00fcr Klein\u201d auch im Schwimmunterricht\" class=\"cmsms_img_link preloader\"><img decoding=\"async\" width=\"820\" height=\"490\" src=\"https:\/\/www.bgamstetten.ac.at\/wp-content\/uploads\/2026\/04\/3M1A4198-820x490.jpg\" class=\"full-width wp-post-image\" alt=\"\u201cGro\u00df f\u00fcr Klein\u201d auch im Schwimmunterricht\" title=\"\u201cGro\u00df f\u00fcr Klein\u201d auch im Schwimmunterricht\" \/><\/a><\/figure><header class=\"cmsms_post_header entry-header\"><h3 class=\"cmsms_post_title entry-title cmsms_h1_font_style\"><a href=\"https:\/\/www.bgamstetten.ac.at\/index.php\/2026\/04\/17\/gross-fuer-klein-auch-im-schwimmunterricht\/\">\u201cGro\u00df f\u00fcr Klein\u201d auch im Schwimmunterricht<\/a><\/h3><\/header><div class=\"cmsms_post_content entry-content\">\n<p>Auch in diesem Schuljahr durften wir wieder Sch\u00fclerInnen der VS St. Georgen im Amstettner Schwimmbad begr\u00fc\u00dfen. Acht Sch\u00fclerInnen der 7bs bereiteten abwechslungsreiche Stationen mit Spiele,...<\/p>\n<\/div>\n<footer class=\"cmsms_post_footer entry-meta\"><div class=\"cmsms_post_meta_info\"><a href=\"#\" onclick=\"cmsmsLike(61357); return false;\" id=\"cmsmsLike-61357\" class=\"cmsmsLike cmsms-icon-heart-7\"><span>3<\/span><\/a><\/div><a class=\"button cmsms_post_read_more\" href=\"https:\/\/www.bgamstetten.ac.at\/index.php\/2026\/04\/17\/gross-fuer-klein-auch-im-schwimmunterricht\/\">weiterlesen ...<\/a><\/footer>\t\t<div class=\"cl\"><\/div>\r\n\t<\/div>\r\n<\/article>\r\n<!--_________________________ Finish Standard Article _________________________ -->\r\n\r\n\r\n<!--_________________________ Start Standard Article _________________________ -->\r\n\r\n<article id=\"post-61372\" class=\"cmsms_timeline_type post-61372 post type-post status-publish format-standard has-post-thumbnail hentry category-123 category-aktuelles category-sportliches tag-sport\">\r\n\t<div class=\"cmsms_post_info entry-meta\">\r\n\t\t<span class=\"cmsms_post_format_img cmsms-icon-desktop-3\"><\/span>\r\n\t\t\r\n\t\t<abbr class=\"published cmsms_post_date\" title=\"April 17, 2026\"><span class=\"cmsms_day_mon\">17.04<\/span><span class=\"cmsms_year\">2026<\/span><\/abbr><abbr class=\"dn date updated\" title=\"April 22, 2026\">April 22, 2026<\/abbr>\t<\/div>\r\n\t<div class=\"cmsms_post_cont\">\r\n\t<figure><a href=\"https:\/\/www.bgamstetten.ac.at\/index.php\/2026\/04\/17\/bg-brg-amstetten-absolventen-dominieren-den-amstettner-nightrun\/\" title=\"BG\/BRG Amstetten \u2013 Absolventen dominieren den Amstettner Nightrun\" class=\"cmsms_img_link preloader\"><img decoding=\"async\" width=\"820\" height=\"490\" src=\"https:\/\/www.bgamstetten.ac.at\/wp-content\/uploads\/2026\/04\/3M1A4332-820x490.jpg\" class=\"full-width wp-post-image\" alt=\"BG\/BRG Amstetten \u2013 Absolventen dominieren den Amstettner Nightrun\" title=\"BG\/BRG Amstetten \u2013 Absolventen dominieren den Amstettner Nightrun\" \/><\/a><\/figure><header class=\"cmsms_post_header entry-header\"><h3 class=\"cmsms_post_title entry-title cmsms_h1_font_style\"><a href=\"https:\/\/www.bgamstetten.ac.at\/index.php\/2026\/04\/17\/bg-brg-amstetten-absolventen-dominieren-den-amstettner-nightrun\/\">BG\/BRG Amstetten \u2013 Absolventen dominieren den Amstettner Nightrun<\/a><\/h3><\/header><div class=\"cmsms_post_content entry-content\">\n<p>Am Freitag, 17.4., fand diesmal fr\u00fcher als gewohnt der Amstettner Nightrun im Stadtzentrum statt. Unser Kooperationsverein RATS Amstetten sorgte wie gewohnt f\u00fcr eine gelungene Organisation...<\/p>\n<\/div>\n<footer class=\"cmsms_post_footer entry-meta\"><div class=\"cmsms_post_meta_info\"><a href=\"#\" onclick=\"cmsmsLike(61372); return false;\" id=\"cmsmsLike-61372\" class=\"cmsmsLike cmsms-icon-heart-7\"><span>3<\/span><\/a><\/div><a class=\"button cmsms_post_read_more\" href=\"https:\/\/www.bgamstetten.ac.at\/index.php\/2026\/04\/17\/bg-brg-amstetten-absolventen-dominieren-den-amstettner-nightrun\/\">weiterlesen ...<\/a><\/footer>\t\t<div class=\"cl\"><\/div>\r\n\t<\/div>\r\n<\/article>\r\n<!--_________________________ Finish Standard Article _________________________ -->\r\n\r\n\r\n<!--_________________________ Start Standard Article _________________________ -->\r\n\r\n<article id=\"post-61318\" class=\"cmsms_timeline_type post-61318 post type-post status-publish format-standard has-post-thumbnail hentry category-123 category-aktuelles\">\r\n\t<div class=\"cmsms_post_info entry-meta\">\r\n\t\t<span class=\"cmsms_post_format_img cmsms-icon-desktop-3\"><\/span>\r\n\t\t\r\n\t\t<abbr class=\"published cmsms_post_date\" title=\"April 11, 2026\"><span class=\"cmsms_day_mon\">11.04<\/span><span class=\"cmsms_year\">2026<\/span><\/abbr><abbr class=\"dn date updated\" title=\"April 22, 2026\">April 22, 2026<\/abbr>\t<\/div>\r\n\t<div class=\"cmsms_post_cont\">\r\n\t<figure><a href=\"https:\/\/www.bgamstetten.ac.at\/index.php\/2026\/04\/11\/romreise-update\/\" title=\"Omnes viae Romam ducunt\" class=\"cmsms_img_link preloader\"><img decoding=\"async\" width=\"820\" height=\"490\" src=\"https:\/\/www.bgamstetten.ac.at\/wp-content\/uploads\/2026\/04\/IMG_6362-820x490.jpg\" class=\"full-width wp-post-image\" alt=\"Omnes viae Romam ducunt\" title=\"Omnes viae Romam ducunt\" \/><\/a><\/figure><header class=\"cmsms_post_header entry-header\"><h3 class=\"cmsms_post_title entry-title cmsms_h1_font_style\"><a href=\"https:\/\/www.bgamstetten.ac.at\/index.php\/2026\/04\/11\/romreise-update\/\">Omnes viae Romam ducunt<\/a><\/h3><\/header><div class=\"cmsms_post_content entry-content\">\n<p>\u201eAlle Wege f\u00fchren nach Rom\u201c \u2013 unter diesem Motto begaben sich heuer 15 Sch\u00fcler und Sch\u00fclerinnen der 7a, begleitet von Dr. A. Schuller und Mag....<\/p>\n<\/div>\n<footer class=\"cmsms_post_footer entry-meta\"><div class=\"cmsms_post_meta_info\"><a href=\"#\" onclick=\"cmsmsLike(61318); return false;\" id=\"cmsmsLike-61318\" class=\"cmsmsLike cmsms-icon-heart-7\"><span>10<\/span><\/a><\/div><a class=\"button cmsms_post_read_more\" href=\"https:\/\/www.bgamstetten.ac.at\/index.php\/2026\/04\/11\/romreise-update\/\">weiterlesen ...<\/a><\/footer>\t\t<div class=\"cl\"><\/div>\r\n\t<\/div>\r\n<\/article>\r\n<!--_________________________ Finish Standard Article _________________________ -->\r\n\r\n<\/div><div class=\"cmsms_wrap_more_posts\"><div class=\"cmsms_wrap_pagination\"><ul class='page-numbers'>\n\t<li><span aria-current=\"page\" class=\"page-numbers current\">1<\/span><\/li>\n\t<li><a class=\"page-numbers\" href=\"https:\/\/www.bgamstetten.ac.at\/index.php\/wp-json\/wp\/v2\/pages\/49641\/page\/2\/\">2<\/a><\/li>\n\t<li><a class=\"page-numbers\" href=\"https:\/\/www.bgamstetten.ac.at\/index.php\/wp-json\/wp\/v2\/pages\/49641\/page\/3\/\">3<\/a><\/li>\n\t<li><span class=\"page-numbers dots\">&hellip;<\/span><\/li>\n\t<li><a class=\"page-numbers\" href=\"https:\/\/www.bgamstetten.ac.at\/index.php\/wp-json\/wp\/v2\/pages\/49641\/page\/140\/\">140<\/a><\/li>\n\t<li><a class=\"next page-numbers\" href=\"https:\/\/www.bgamstetten.ac.at\/index.php\/wp-json\/wp\/v2\/pages\/49641\/page\/2\/\"><span class=\"cmsms_next_arrow\"><span><\/span><\/span><\/a><\/li>\n<\/ul>\n<\/div><\/div><\/div>\n<\/div>\n<\/div>\n<\/div>\n<\/div>\n<\/div>\n<\/div>\n<div id=\"cmsms_row_69f1f0a79ddac\" class=\"cmsms_row cmsms_color_scheme_default\">\n<div class=\"cmsms_row_outer_parent\">\n<div class=\"cmsms_row_outer\">\n<div class=\"cmsms_row_inner\">\n<div class=\"cmsms_row_margin\">\n<div class=\"cmsms_column one_first\">\n<div id=\"cmsms_notice_69f1f0a79dea2\" class=\"cmsms_notice cmsms_notice_custom\">\n<a href=\"#\" class=\"notice_close cmsms-icon-cancel-3\"><\/a><div class=\"notice_icon\"><\/div>\n<div class=\"notice_content\">\n<h2 style=\"text-align: left;\">\n<div id=\"cmsms_icon_69f1f0a79df2c\" class=\"icon_wrap\"><span id=\"cmsms_icon_69f1f0a79df2c\" class=\"cmsms_simple_icon cmsms-icon-mail-1\"><\/span><\/div>\n Newsletter<\/h2>\n<p style=\"text-align: center;\"><h5 style=\"text-align: center;\">Sie wollen keine News mehr verpassen!<\/h5>\r\n<h5 style=\"text-align: center;\">Kein Problem \u2013 abonnieren Sie einfach unseren monatlichen Newsletter!<\/h5>\r\n<p style=\"text-align: center;\"><div class=\"tnp tnp-subscription \">\n<form method=\"post\" action=\"https:\/\/www.bgamstetten.ac.at\/wp-admin\/admin-ajax.php?action=tnp&amp;na=s\">\n<input type=\"hidden\" name=\"nlang\" value=\"\">\n<div class=\"tnp-field tnp-field-email\"><label for=\"tnp-1\">Email<\/label>\n<input class=\"tnp-email\" type=\"email\" name=\"ne\" id=\"tnp-1\" value=\"\" placeholder=\"\" required><\/div>\n<div class=\"tnp-field tnp-field-button\" style=\"text-align: left\"><input class=\"tnp-submit\" type=\"submit\" value=\"Abonnieren\" style=\"\">\n<\/div>\n<\/form>\n<\/div>\n<\/div>\n<\/div>\n<\/div>\n<\/div>\n<\/div>\n<\/div>\n<\/div>\n<\/div>\n\n","protected":false},"excerpt":{"rendered":"","protected":false},"author":1,"featured_media":0,"parent":29220,"menu_order":0,"comment_status":"closed","ping_status":"closed","template":"","meta":{"footnotes":""},"class_list":["post-49641","page","type-page","status-publish","hentry"],"_links":{"self":[{"href":"https:\/\/www.bgamstetten.ac.at\/index.php\/wp-json\/wp\/v2\/pages\/49641","targetHints":{"allow":["GET"]}}],"collection":[{"href":"https:\/\/www.bgamstetten.ac.at\/index.php\/wp-json\/wp\/v2\/pages"}],"about":[{"href":"https:\/\/www.bgamstetten.ac.at\/index.php\/wp-json\/wp\/v2\/types\/page"}],"author":[{"embeddable":true,"href":"https:\/\/www.bgamstetten.ac.at\/index.php\/wp-json\/wp\/v2\/users\/1"}],"replies":[{"embeddable":true,"href":"https:\/\/www.bgamstetten.ac.at\/index.php\/wp-json\/wp\/v2\/comments?post=49641"}],"version-history":[{"count":68,"href":"https:\/\/www.bgamstetten.ac.at\/index.php\/wp-json\/wp\/v2\/pages\/49641\/revisions"}],"predecessor-version":[{"id":59900,"href":"https:\/\/www.bgamstetten.ac.at\/index.php\/wp-json\/wp\/v2\/pages\/49641\/revisions\/59900"}],"up":[{"embeddable":true,"href":"https:\/\/www.bgamstetten.ac.at\/index.php\/wp-json\/wp\/v2\/pages\/29220"}],"wp:attachment":[{"href":"https:\/\/www.bgamstetten.ac.at\/index.php\/wp-json\/wp\/v2\/media?parent=49641"}],"curies":[{"name":"wp","href":"https:\/\/api.w.org\/{rel}","templated":true}]}}