{"id":414,"date":"2014-11-15T17:41:23","date_gmt":"2014-11-15T15:41:23","guid":{"rendered":"http:\/\/localhost\/amgym\/?page_id=414"},"modified":"2025-11-11T15:07:50","modified_gmt":"2025-11-11T14:07:50","slug":"digitalemedienundtechnologien","status":"publish","type":"page","link":"https:\/\/www.bgamstetten.ac.at\/index.php\/ausbildung\/oberstufe\/digitalemedienundtechnologien\/","title":{"rendered":"Digitale Medien &#038; Technologien"},"content":{"rendered":"<style type=\"text\/css\"> \n#cmsms_row_69eee0d322b1b .cmsms_row_outer_parent { \n\tpadding-top: 0px; \n} \n\n#cmsms_row_69eee0d322b1b .cmsms_row_outer_parent { \n\tpadding-bottom: 50px; \n} \n\n \n#cmsms_row_69eee0d32e23a .cmsms_row_outer_parent { \n\tpadding-top: 10px; \n} \n\n#cmsms_row_69eee0d32e23a .cmsms_row_outer_parent { \n\tpadding-bottom: 50px; \n} \n\n \n#cmsms_row_69eee0d32fa6f .cmsms_row_outer_parent { \n\tpadding-top: 0px; \n} \n\n#cmsms_row_69eee0d32fa6f .cmsms_row_outer_parent { \n\tpadding-bottom: 50px; \n} \n\n<\/style><div id=\"cmsms_row_69eee0d322b1b\" class=\"cmsms_row cmsms_color_scheme_default\">\n<div class=\"cmsms_row_outer_parent\">\n<div class=\"cmsms_row_outer\">\n<div class=\"cmsms_row_inner\">\n<div class=\"cmsms_row_margin\">\n<div class=\"cmsms_column one_first\">\n<div class=\"cmsms_slider\"><script type=\"text\/javascript\">jQuery(function() { _initLayerSlider( '#layerslider_4_1keq020xvvrju', {createdWith: '7.2.1', sliderVersion: '7.2.1', skin: 'v6', useSrcset: true, skinsPath: 'https:\/\/www.bgamstetten.ac.at\/wp-content\/plugins\/LayerSlider\/assets\/static\/layerslider\/skins\/'}); });<\/script><div id=\"layerslider_4_1keq020xvvrju\" class=\"ls-wp-container fitvidsignore\" style=\"width:1280px;height:550px;margin:0 auto;margin-bottom: 0px;\"><div class=\"ls-slide\" data-ls=\"bgposition:50% 50%;kenburnsscale:1.2;\"><img decoding=\"async\" width=\"797\" height=\"531\" src=\"https:\/\/www.bgamstetten.ac.at\/wp-content\/uploads\/2025\/10\/it.jpg\" class=\"ls-bg\" alt=\"\" srcset=\"https:\/\/www.bgamstetten.ac.at\/wp-content\/uploads\/2025\/10\/it.jpg 797w, https:\/\/www.bgamstetten.ac.at\/wp-content\/uploads\/2025\/10\/it-300x200.jpg 300w, https:\/\/www.bgamstetten.ac.at\/wp-content\/uploads\/2025\/10\/it-768x512.jpg 768w, https:\/\/www.bgamstetten.ac.at\/wp-content\/uploads\/2025\/10\/it-580x386.jpg 580w\" sizes=\"(max-width: 797px) 100vw, 797px\" \/><\/div><div class=\"ls-slide\" data-ls=\"bgposition:50% 0%;kenburnsscale:1.2;\"><img decoding=\"async\" width=\"991\" height=\"475\" src=\"https:\/\/www.bgamstetten.ac.at\/wp-content\/uploads\/2022\/08\/pixie_1659527644403.png\" class=\"ls-bg\" alt=\"\" srcset=\"https:\/\/www.bgamstetten.ac.at\/wp-content\/uploads\/2022\/08\/pixie_1659527644403.png 991w, https:\/\/www.bgamstetten.ac.at\/wp-content\/uploads\/2022\/08\/pixie_1659527644403-300x144.png 300w, https:\/\/www.bgamstetten.ac.at\/wp-content\/uploads\/2022\/08\/pixie_1659527644403-768x368.png 768w, https:\/\/www.bgamstetten.ac.at\/wp-content\/uploads\/2022\/08\/pixie_1659527644403-580x278.png 580w, https:\/\/www.bgamstetten.ac.at\/wp-content\/uploads\/2022\/08\/pixie_1659527644403-820x393.png 820w\" sizes=\"(max-width: 991px) 100vw, 991px\" \/><\/div><div class=\"ls-slide\" data-ls=\"bgposition:50% 0%;kenburnsscale:1.2;\"><img decoding=\"async\" width=\"2558\" height=\"1256\" src=\"https:\/\/www.bgamstetten.ac.at\/wp-content\/uploads\/2022\/08\/pixie_1659527735680.png\" class=\"ls-bg\" alt=\"\" srcset=\"https:\/\/www.bgamstetten.ac.at\/wp-content\/uploads\/2022\/08\/pixie_1659527735680.png 2558w, https:\/\/www.bgamstetten.ac.at\/wp-content\/uploads\/2022\/08\/pixie_1659527735680-300x147.png 300w, https:\/\/www.bgamstetten.ac.at\/wp-content\/uploads\/2022\/08\/pixie_1659527735680-1024x503.png 1024w, https:\/\/www.bgamstetten.ac.at\/wp-content\/uploads\/2022\/08\/pixie_1659527735680-768x377.png 768w, https:\/\/www.bgamstetten.ac.at\/wp-content\/uploads\/2022\/08\/pixie_1659527735680-1536x754.png 1536w, https:\/\/www.bgamstetten.ac.at\/wp-content\/uploads\/2022\/08\/pixie_1659527735680-2048x1006.png 2048w, https:\/\/www.bgamstetten.ac.at\/wp-content\/uploads\/2022\/08\/pixie_1659527735680-580x285.png 580w, https:\/\/www.bgamstetten.ac.at\/wp-content\/uploads\/2022\/08\/pixie_1659527735680-820x403.png 820w, https:\/\/www.bgamstetten.ac.at\/wp-content\/uploads\/2022\/08\/pixie_1659527735680-1160x570.png 1160w\" sizes=\"(max-width: 2558px) 100vw, 2558px\" \/><\/div><div class=\"ls-slide\" data-ls=\"bgposition:50% 0%;kenburnsscale:1.2;\"><img decoding=\"async\" width=\"992\" height=\"661\" src=\"https:\/\/www.bgamstetten.ac.at\/wp-content\/uploads\/2022\/08\/WF190567-1.jpg\" class=\"ls-bg\" alt=\"\" srcset=\"https:\/\/www.bgamstetten.ac.at\/wp-content\/uploads\/2022\/08\/WF190567-1.jpg 992w, https:\/\/www.bgamstetten.ac.at\/wp-content\/uploads\/2022\/08\/WF190567-1-300x200.jpg 300w, https:\/\/www.bgamstetten.ac.at\/wp-content\/uploads\/2022\/08\/WF190567-1-768x512.jpg 768w, https:\/\/www.bgamstetten.ac.at\/wp-content\/uploads\/2022\/08\/WF190567-1-580x386.jpg 580w, https:\/\/www.bgamstetten.ac.at\/wp-content\/uploads\/2022\/08\/WF190567-1-820x546.jpg 820w\" sizes=\"(max-width: 992px) 100vw, 992px\" \/><\/div><div class=\"ls-slide\" data-ls=\"kenburnsscale:1.2;\"><img decoding=\"async\" width=\"1280\" height=\"550\" src=\"https:\/\/www.bgamstetten.ac.at\/wp-content\/uploads\/2025\/10\/ls-project-4-slide-13.jpg\" class=\"ls-tn\" alt=\"\" srcset=\"https:\/\/www.bgamstetten.ac.at\/wp-content\/uploads\/2025\/10\/ls-project-4-slide-13.jpg 1280w, https:\/\/www.bgamstetten.ac.at\/wp-content\/uploads\/2025\/10\/ls-project-4-slide-13-300x129.jpg 300w, https:\/\/www.bgamstetten.ac.at\/wp-content\/uploads\/2025\/10\/ls-project-4-slide-13-1024x440.jpg 1024w, https:\/\/www.bgamstetten.ac.at\/wp-content\/uploads\/2025\/10\/ls-project-4-slide-13-768x330.jpg 768w, https:\/\/www.bgamstetten.ac.at\/wp-content\/uploads\/2025\/10\/ls-project-4-slide-13-580x249.jpg 580w, https:\/\/www.bgamstetten.ac.at\/wp-content\/uploads\/2025\/10\/ls-project-4-slide-13-820x352.jpg 820w, https:\/\/www.bgamstetten.ac.at\/wp-content\/uploads\/2025\/10\/ls-project-4-slide-13-1160x498.jpg 1160w\" sizes=\"(max-width: 1280px) 100vw, 1280px\" \/><img decoding=\"async\" width=\"2560\" height=\"1920\" src=\"https:\/\/www.bgamstetten.ac.at\/wp-content\/uploads\/2025\/06\/20250618_124405-scaled.jpg\" class=\"ls-l ls-img-layer\" alt=\"\" srcset=\"https:\/\/www.bgamstetten.ac.at\/wp-content\/uploads\/2025\/06\/20250618_124405-scaled.jpg 2560w, https:\/\/www.bgamstetten.ac.at\/wp-content\/uploads\/2025\/06\/20250618_124405-300x225.jpg 300w, https:\/\/www.bgamstetten.ac.at\/wp-content\/uploads\/2025\/06\/20250618_124405-1024x768.jpg 1024w, https:\/\/www.bgamstetten.ac.at\/wp-content\/uploads\/2025\/06\/20250618_124405-768x576.jpg 768w, https:\/\/www.bgamstetten.ac.at\/wp-content\/uploads\/2025\/06\/20250618_124405-1536x1152.jpg 1536w, https:\/\/www.bgamstetten.ac.at\/wp-content\/uploads\/2025\/06\/20250618_124405-2048x1536.jpg 2048w, https:\/\/www.bgamstetten.ac.at\/wp-content\/uploads\/2025\/06\/20250618_124405-580x435.jpg 580w, https:\/\/www.bgamstetten.ac.at\/wp-content\/uploads\/2025\/06\/20250618_124405-820x615.jpg 820w, https:\/\/www.bgamstetten.ac.at\/wp-content\/uploads\/2025\/06\/20250618_124405-1160x870.jpg 1160w\" sizes=\"(max-width: 2560px) 100vw, 2560px\" style=\"font-size:36px;color:#000;text-align:left;font-style:normal;text-decoration:none;text-transform:none;font-weight:400;letter-spacing:0px;border-style:solid;border-color:#000;background-position:0% 0%;background-repeat:no-repeat;top:-336px;left:-27px;width:1307px;height:980px;line-height:falsepx;\"><\/div><div class=\"ls-slide\" data-ls=\"bgposition:50% 0%;kenburnsscale:1.2;\"><img decoding=\"async\" width=\"900\" height=\"398\" src=\"https:\/\/www.bgamstetten.ac.at\/wp-content\/uploads\/2022\/08\/pixie_1659527080846.png\" class=\"ls-bg\" alt=\"\" srcset=\"https:\/\/www.bgamstetten.ac.at\/wp-content\/uploads\/2022\/08\/pixie_1659527080846.png 900w, https:\/\/www.bgamstetten.ac.at\/wp-content\/uploads\/2022\/08\/pixie_1659527080846-300x133.png 300w, https:\/\/www.bgamstetten.ac.at\/wp-content\/uploads\/2022\/08\/pixie_1659527080846-768x340.png 768w, https:\/\/www.bgamstetten.ac.at\/wp-content\/uploads\/2022\/08\/pixie_1659527080846-580x256.png 580w, https:\/\/www.bgamstetten.ac.at\/wp-content\/uploads\/2022\/08\/pixie_1659527080846-820x363.png 820w\" sizes=\"(max-width: 900px) 100vw, 900px\" \/><\/div><div class=\"ls-slide\" data-ls=\"bgposition:50% 50%;kenburnsscale:1.2;\"><img decoding=\"async\" width=\"2560\" height=\"1706\" src=\"https:\/\/www.bgamstetten.ac.at\/wp-content\/uploads\/2022\/08\/WF190493-scaled.jpg\" class=\"ls-bg\" alt=\"\" srcset=\"https:\/\/www.bgamstetten.ac.at\/wp-content\/uploads\/2022\/08\/WF190493-scaled.jpg 2560w, https:\/\/www.bgamstetten.ac.at\/wp-content\/uploads\/2022\/08\/WF190493-300x200.jpg 300w, https:\/\/www.bgamstetten.ac.at\/wp-content\/uploads\/2022\/08\/WF190493-1024x683.jpg 1024w\" sizes=\"(max-width: 2560px) 100vw, 2560px\" \/><\/div><\/div><\/div>\n<\/div>\n<\/div>\n<\/div>\n<\/div>\n<\/div>\n<\/div>\n<div id=\"cmsms_row_69eee0d32e23a\" class=\"cmsms_row cmsms_color_scheme_default\">\n<div class=\"cmsms_row_outer_parent\">\n<div class=\"cmsms_row_outer\">\n<div class=\"cmsms_row_inner\">\n<div class=\"cmsms_row_margin\">\n<div class=\"cmsms_column one_first\">\n<div class=\"cmsms_text\">\n<h5><span style=\"color: #800000;\"><strong>Interessierst du dich f\u00fcr die Digitalen Medien und deren Technologien und m\u00f6chtest dar\u00fcber hinaus aber auf eine umfassende Allgemeinbildung nicht verzichten, dann bist du im Zweig Digitale Medien &amp; Technologien der Oberstufe genau richtig.<\/strong><\/span><\/h5>\n<\/div>\n<div class=\"cmsms_toggles toggles_mode_accordion\">\n<div class=\"cmsms_toggle_wrap current_toggle\" data-tags=\"all \">\n<div class=\"cmsms_toggle_title\">\n<span class=\"cmsms_toggle_plus\">\n<span class=\"cmsms_toggle_plus_hor\"><\/span>\n<span class=\"cmsms_toggle_plus_vert\"><\/span>\n<\/span>\n<a href=\"#\">Was erwartet mich?<\/a>\n<\/div>\n<div class=\"cmsms_toggle\">\n<div class=\"cmsms_toggle_inner\">\n<div><img decoding=\"async\" class=\"alignleft wp-image-50348 size-medium\" style=\"border-radius: 20px;\" src=\"https:\/\/www.bgamstetten.ac.at\/wp-content\/uploads\/2022\/08\/pexels-hitesh-choudhary-340152-300x169.jpg\" alt=\"\" width=\"300\" height=\"169\" srcset=\"https:\/\/www.bgamstetten.ac.at\/wp-content\/uploads\/2022\/08\/pexels-hitesh-choudhary-340152-300x169.jpg 300w, https:\/\/www.bgamstetten.ac.at\/wp-content\/uploads\/2022\/08\/pexels-hitesh-choudhary-340152-1024x576.jpg 1024w, https:\/\/www.bgamstetten.ac.at\/wp-content\/uploads\/2022\/08\/pexels-hitesh-choudhary-340152-768x432.jpg 768w, https:\/\/www.bgamstetten.ac.at\/wp-content\/uploads\/2022\/08\/pexels-hitesh-choudhary-340152-1536x864.jpg 1536w, https:\/\/www.bgamstetten.ac.at\/wp-content\/uploads\/2022\/08\/pexels-hitesh-choudhary-340152-2048x1152.jpg 2048w, https:\/\/www.bgamstetten.ac.at\/wp-content\/uploads\/2022\/08\/pexels-hitesh-choudhary-340152-580x326.jpg 580w, https:\/\/www.bgamstetten.ac.at\/wp-content\/uploads\/2022\/08\/pexels-hitesh-choudhary-340152-820x461.jpg 820w, https:\/\/www.bgamstetten.ac.at\/wp-content\/uploads\/2022\/08\/pexels-hitesh-choudhary-340152-1160x653.jpg 1160w\" sizes=\"(max-width: 300px) 100vw, 300px\" \/><\/div>\n<div>\n<p data-start=\"250\" data-end=\"638\">Im Zweig <strong data-start=\"259\" data-end=\"293\">Digitale Medien &amp; Technologien<\/strong> steht keine spezifische Berufsausbildung im Vordergrund, sondern eine <strong data-start=\"364\" data-end=\"391\">breite Allgemeinbildung<\/strong> \u2013 mit besonderem Fokus auf die <strong>naturwissenschaftlichen<\/strong> und vor allem <strong>technischen F\u00e4cher<\/strong>. Erg\u00e4nzt wird dies durch <strong>verschiedene Unterrichtsf\u00e4cher im Bereich der IT<\/strong>, welche dir <strong>praxisnahes Wissen<\/strong> vermitteln und <strong>digitale Kompetenzen st\u00e4rken<\/strong>.<\/p>\n<p data-start=\"640\" data-end=\"955\">Der Schwerpunkt liegt nicht auf einem einzelnen Berufsfeld, bietet aber <strong data-start=\"712\" data-end=\"752\">klare Vorteile f\u00fcr Studium und Beruf<\/strong>: Du wirst bestens auf technische und naturwissenschaftliche Studienrichtungen vorbereitet und trainierst gleichzeitig <strong data-start=\"871\" data-end=\"907\">strukturiertes, logisches Denken<\/strong>, das in vielen Lebensbereichen hilfreich ist.<\/p>\n<p data-start=\"957\" data-end=\"1145\">Da sich <strong>digitale Technologien st\u00e4ndig weiterentwickeln<\/strong>, legen wir gro\u00dfen Wert darauf, <strong data-start=\"1043\" data-end=\"1069\">immer am Puls der Zeit<\/strong> zu bleiben und die<strong> Unterrichtsinhalte aktuell und praxisnah<\/strong> zu gestalten (siehe <strong><a href=\"https:\/\/www.bgamstetten.ac.at\/wp-content\/uploads\/2025\/10\/DigitaleMedien-u-Technologien-Stundentafel-Oberstufe.pdf\" target=\"_blank\" rel=\"noopener\">Stundentafel<\/a><\/strong>).<\/p>\n<\/div>\n<p>Folgende <strong>Unterrichtsgegenst\u00e4nde\/Themenbereiche<\/strong> erwarten dich in diesem Zweig:<\/p>\n<div>\n<ul>\n<li><b>3D Game Design &amp; Extended Reality<\/b><\/li>\n<li><strong>AI \u2013 Artificial Intelligence<\/strong><\/li>\n<li><strong>Big Data<\/strong><\/li>\n<li><b>Coding &amp; Robotics<\/b><\/li>\n<li><strong>Hardware &amp; Software<\/strong><\/li>\n<li><strong>Network &amp; Security<\/strong><\/li>\n<li><strong>Social Media &amp; Content Creation<\/strong><\/li>\n<li><b>Webdesign<\/b><\/li>\n<\/ul>\n<\/div>\n<div><\/div>\n<\/div>\n<\/div>\n<\/div><div class=\"cmsms_toggle_wrap\" data-tags=\"all \">\n<div class=\"cmsms_toggle_title\">\n<span class=\"cmsms_toggle_plus\">\n<span class=\"cmsms_toggle_plus_hor\"><\/span>\n<span class=\"cmsms_toggle_plus_vert\"><\/span>\n<\/span>\n<a href=\"#\">Was wird unterrichtet?<\/a>\n<\/div>\n<div class=\"cmsms_toggle\">\n<div class=\"cmsms_toggle_inner\">\n<div>\n<p data-start=\"957\" data-end=\"1145\">Da sich\u00a0<strong>digitale Technologien st\u00e4ndig weiterentwickeln<\/strong>, legen wir gro\u00dfen Wert darauf,\u00a0<strong data-start=\"1043\" data-end=\"1069\">immer am Puls der Zeit<\/strong>\u00a0zu bleiben und die<strong>\u00a0Unterrichtsinhalte aktuell und praxisnah<\/strong>\u00a0zu gestalten (siehe\u00a0<strong><a href=\"https:\/\/www.bgamstetten.ac.at\/wp-content\/uploads\/2025\/10\/DigitaleMedien-u-Technologien-Stundentafel-Oberstufe.pdf\" target=\"_blank\" rel=\"noopener\">Stundentafel<\/a><\/strong>).<\/p>\n<\/div>\n<p><a href=\"https:\/\/www.bgamstetten.ac.at\/wp-content\/uploads\/2025\/11\/Bild_2025-11-06_082038272.png\" target=\"_blank\" rel=\"noopener\"><img decoding=\"async\" class=\"wp-image-59858 size-full aligncenter\" src=\"https:\/\/www.bgamstetten.ac.at\/wp-content\/uploads\/2025\/11\/Bild_2025-11-06_082038272.png\" alt=\"\" width=\"880\" height=\"943\" srcset=\"https:\/\/www.bgamstetten.ac.at\/wp-content\/uploads\/2025\/11\/Bild_2025-11-06_082038272.png 880w, https:\/\/www.bgamstetten.ac.at\/wp-content\/uploads\/2025\/11\/Bild_2025-11-06_082038272-280x300.png 280w, https:\/\/www.bgamstetten.ac.at\/wp-content\/uploads\/2025\/11\/Bild_2025-11-06_082038272-768x823.png 768w, https:\/\/www.bgamstetten.ac.at\/wp-content\/uploads\/2025\/11\/Bild_2025-11-06_082038272-580x622.png 580w, https:\/\/www.bgamstetten.ac.at\/wp-content\/uploads\/2025\/11\/Bild_2025-11-06_082038272-820x879.png 820w\" sizes=\"(max-width: 880px) 100vw, 880px\" \/><\/a><\/p>\n<p>Folgende\u00a0<strong>Inhalte <\/strong>erwarten dich in diesem Zweig:<\/p>\n<ul>\n<li><b>3D Game Design &amp; Extended Reality<br \/>\n<\/b>3D-Modellierung und Druck, 3D Animationen, Einf\u00fchrung in die Spieleprogrammierung mit Unity, Grundlagen und Anwendungen von Virtual Reality und Augmented Reality<\/li>\n<li><strong>AI \u2013 Artificial Intelligence<\/strong><br \/>\nGrundbegriffe (Deep Learning, Maschinelles Lernen, KI), Lernende Systeme, Lernarten, K\u00fcnstliches Neuron, Lernendes Neuron, Chancen und Risiken<\/li>\n<li><strong>Big Data<\/strong><br \/>\nBeschaffung, Strukturierung, Formatierung und Analyse von Daten, Datenbanken verstehen, modellieren und aufbauen mithilfe von ER-Modellen, Relationenmodellen, Normalformen und SQL als Datenbanksprache<\/li>\n<li><b>Coding &amp; Robotics<br \/>\n<\/b>Imperative &amp; objektorientierte Programmierung in C++ und C#, Verstehen und Entwickeln von Algorithmen und Datenstrukturen, Steuern und Programmieren von einfachen elektronischen Bauteilen mithilfe eines Raspberry PIs<\/li>\n<li><strong>Hardware &amp; Software<\/strong><br \/>\nZahlensysteme, Informationseinheiten, Grundlagen zu Hardware, Betriebssysteme (Windows &amp; Linux) &amp; Applikationssoftware, Client-Server Architekturen<\/li>\n<li><strong>Network &amp; Security<br \/>\n<\/strong>Kommunikation in Rechnernetzwerken, Grundlagen, Topologien, \u00dcbertragungsmedien, OSI-Modell, Netzwerkkomponenten, IP-Adressierung, Routing, Netzwerksimulation, Aufbau von physischen Netzwerken, Kryptografie (symmetrisch &amp; asymmetrisch), Public-Key-Infrastruktur, Kryptow\u00e4hrungen<\/li>\n<li><strong>Social Media &amp; Content Creation<\/strong><br \/>\nGrundlagen in Aufnahme und Bearbeitung von Audio-, Foto- und Videobearbeitung, Social Media Algorithmen verstehen und nutzen, Erstellen von Contents<\/li>\n<li><b>Webdesign<br \/>\n<\/b>Schichtenmodell einer Webseite, DOM, Grundlagen von HTML, CSS, PHP und Javascript, Frameworks, Responsive Designs, CMS Systeme<\/li>\n<\/ul>\n<\/div>\n<\/div>\n<\/div><div class=\"cmsms_toggle_wrap\" data-tags=\"all \">\n<div class=\"cmsms_toggle_title\">\n<span class=\"cmsms_toggle_plus\">\n<span class=\"cmsms_toggle_plus_hor\"><\/span>\n<span class=\"cmsms_toggle_plus_vert\"><\/span>\n<\/span>\n<a href=\"#\">Wer unterrichtet mich?<\/a>\n<\/div>\n<div class=\"cmsms_toggle\">\n<div class=\"cmsms_toggle_inner\">\n<p>Ein<strong> engagiertes und motiviertes Lehrerteam<\/strong><\/p>\n<div class=\"maindiv\">\n<div class=\"vierdiv\">\n<p><img decoding=\"async\" class=\"rundesBild alignnone wp-image-49971\" src=\"https:\/\/www.bgamstetten.ac.at\/wp-content\/uploads\/2022\/07\/MatthiasHaslauer-217x300.jpg\" alt=\"\" width=\"145\" height=\"200\" srcset=\"https:\/\/www.bgamstetten.ac.at\/wp-content\/uploads\/2022\/07\/MatthiasHaslauer-217x300.jpg 217w, https:\/\/www.bgamstetten.ac.at\/wp-content\/uploads\/2022\/07\/MatthiasHaslauer.jpg 578w\" sizes=\"(max-width: 145px) 100vw, 145px\" \/> <a href=\"mailto:matthias.haslauer@am-gym.at\"><strong>MMag. Matthias Haslauer<\/strong><\/a><\/p>\n<ul>\n<li>Big Data<\/li>\n<li>Coding &amp; Robotics<\/li>\n<li>Network &amp; Security<\/li>\n<\/ul>\n<\/div>\n<div class=\"vierdiv\">\n<p><img decoding=\"async\" class=\"rundesBild alignnone wp-image-49981\" src=\"https:\/\/www.bgamstetten.ac.at\/wp-content\/uploads\/2022\/07\/StefanKrimm-217x300.jpg\" alt=\"\" width=\"144\" height=\"200\" srcset=\"https:\/\/www.bgamstetten.ac.at\/wp-content\/uploads\/2022\/07\/StefanKrimm-217x300.jpg 217w, https:\/\/www.bgamstetten.ac.at\/wp-content\/uploads\/2022\/07\/StefanKrimm-580x803.jpg 580w, https:\/\/www.bgamstetten.ac.at\/wp-content\/uploads\/2022\/07\/StefanKrimm.jpg 600w\" sizes=\"(max-width: 144px) 100vw, 144px\" \/> <a href=\"mailto:stefan.krimm@am-gym.at\"><strong>Mag. Stefan Krimm<\/strong><\/a><\/p>\n<ul>\n<li>3D Game Design &amp; Extended Reality<\/li>\n<li>Hardware &amp; Software<\/li>\n<li>Webdesign<\/li>\n<\/ul>\n<\/div>\n<div class=\"vierdiv\">\n<p><img decoding=\"async\" class=\"rundesBild alignnone wp-image-49989\" src=\"https:\/\/www.bgamstetten.ac.at\/wp-content\/uploads\/2022\/07\/HorstLackinger-217x300.jpg\" alt=\"\" width=\"144\" height=\"200\" \/> <a href=\"mailto:horst.lackinger@am-gym.at\"><strong>Mag. Horst Lackinger<\/strong><\/a><\/p>\n<ul>\n<li>AI &#8211; Artificial Intelligence<\/li>\n<li>Hardware &amp; Software<\/li>\n<li>Social Media &amp; Content Creation<\/li>\n<\/ul>\n<\/div>\n<div class=\"vierdiv\">\n<p><img decoding=\"async\" class=\"rundesBild alignnone wp-image-49989\" src=\"https:\/\/www.bgamstetten.ac.at\/wp-content\/uploads\/2022\/07\/AndreasLahmer-e1658483851818-216x300.jpg\" alt=\"\" width=\"144\" height=\"200\" srcset=\"https:\/\/www.bgamstetten.ac.at\/wp-content\/uploads\/2022\/07\/AndreasLahmer-e1658483851818-216x300.jpg 216w, https:\/\/www.bgamstetten.ac.at\/wp-content\/uploads\/2022\/07\/AndreasLahmer-e1658483851818.jpg 401w\" sizes=\"(max-width: 144px) 100vw, 144px\" \/> <a href=\"mailto:andreas.lahmer@am-gym.at\"><strong>Mag. Andreas Lahmer<\/strong><\/a><\/p>\n<ul>\n<li>Big Data<\/li>\n<li>Coding &amp; Robotics<\/li>\n<li>Network &amp; Security<\/li>\n<\/ul>\n<\/div>\n<\/div>\n<p>unterrichtet dich auf facettenreiche Art und Weise.<\/p>\n<p>Aufgrund der <strong>kleinen Gruppen<\/strong> legen wir sehr viel Wert auf <strong>individualisiertes, differenziertes Lernen<\/strong>.<\/p>\n<p>Der IT-Unterricht (insg. 16 Wochenstunden bis zur Matura) ist sehr <strong>praxisorientiert<\/strong> und basiert auf<strong> 3 S\u00e4ulen<\/strong>:<\/p>\n<ul>\n<li><strong>Mitarbeit<\/strong><\/li>\n<li><strong>Arbeitsauftr\u00e4ge<\/strong><\/li>\n<li><strong>schriftliche Leistungen<\/strong> (Tests bzw. Schularbeiten ab 7. Klasse)<\/li>\n<\/ul>\n<p><strong>Exkursionen, Workshops<\/strong> und die <strong>Projekttagen<\/strong> erg\u00e4nzen den Unterricht und liefern einen Einblick in die Praxis. Ab dem Schuljahr 2022\/23 unterst\u00fctzen wir unsere IT-Sch\u00fclerInnen auch beim Suchen eines geeigneten <strong>Ferialpraktikums<\/strong>.<\/p>\n<div class=\"cmsms_embed_wrap\">\n<iframe title=\"IT-Zweig Oberstufe\" width=\"1160\" height=\"653\" src=\"https:\/\/www.youtube.com\/embed\/videoseries?list=PLIw2d6dpshNOMDOI0B_jkMoSJzRpW5YPR\" frameborder=\"0\" allow=\"accelerometer; autoplay; clipboard-write; encrypted-media; gyroscope; picture-in-picture; web-share\" referrerpolicy=\"strict-origin-when-cross-origin\" allowfullscreen><\/iframe><\/div>\n<\/div>\n<\/div>\n<\/div><div class=\"cmsms_toggle_wrap\" data-tags=\"all \">\n<div class=\"cmsms_toggle_title\">\n<span class=\"cmsms_toggle_plus\">\n<span class=\"cmsms_toggle_plus_hor\"><\/span>\n<span class=\"cmsms_toggle_plus_vert\"><\/span>\n<\/span>\n<a href=\"#\">Was brauche ich?<\/a>\n<\/div>\n<div class=\"cmsms_toggle\">\n<div class=\"cmsms_toggle_inner\">\n<div><img decoding=\"async\" class=\"alignleft wp-image-50349 size-medium\" style=\"border-radius: 20px;\" src=\"https:\/\/www.bgamstetten.ac.at\/wp-content\/uploads\/2022\/08\/pexels-karolina-grabowska-5882582-300x200.jpg\" alt=\"\" width=\"300\" height=\"200\" srcset=\"https:\/\/www.bgamstetten.ac.at\/wp-content\/uploads\/2022\/08\/pexels-karolina-grabowska-5882582-300x200.jpg 300w, https:\/\/www.bgamstetten.ac.at\/wp-content\/uploads\/2022\/08\/pexels-karolina-grabowska-5882582-1024x683.jpg 1024w, https:\/\/www.bgamstetten.ac.at\/wp-content\/uploads\/2022\/08\/pexels-karolina-grabowska-5882582-768x512.jpg 768w, https:\/\/www.bgamstetten.ac.at\/wp-content\/uploads\/2022\/08\/pexels-karolina-grabowska-5882582-1536x1024.jpg 1536w, https:\/\/www.bgamstetten.ac.at\/wp-content\/uploads\/2022\/08\/pexels-karolina-grabowska-5882582-2048x1365.jpg 2048w, https:\/\/www.bgamstetten.ac.at\/wp-content\/uploads\/2022\/08\/pexels-karolina-grabowska-5882582-580x387.jpg 580w, https:\/\/www.bgamstetten.ac.at\/wp-content\/uploads\/2022\/08\/pexels-karolina-grabowska-5882582-820x547.jpg 820w, https:\/\/www.bgamstetten.ac.at\/wp-content\/uploads\/2022\/08\/pexels-karolina-grabowska-5882582-1160x773.jpg 1160w\" sizes=\"(max-width: 300px) 100vw, 300px\" \/>Im Idealfall besitzt du einen <strong>eigenen Laptop<\/strong> oder <strong>Desktop-PC<\/strong>.<\/div>\n<div><\/div>\n<div>\n<p>Falls nicht bieten wir dir auch in der Schule ideale Voraussetzungen. Es erwartet dich eine<strong> komplett erneuerte Infrastruktur<\/strong> mit <strong>vier IT-S\u00e4len, einem Netzwerklabor, 3D-Drucker, VR-Brillen<\/strong>\u00a0und <strong>Sch\u00fclerInnen-Arbeitspl\u00e4tze<\/strong> die regelm\u00e4\u00dfig adaptiert werden \u2013 sowohl was Hardware als auch Software anbelangt.<\/p>\n<p>Der IT-Saal 4 wurde exklusiv f\u00fcr die Anforderungen im IT-Zweig mit <strong>neuen Grafikkarten<\/strong> und neuen <strong>Ultrawide-Monitoren<\/strong> ausgestattet.<\/p>\n<\/div>\n<div>\n<p>D.h. wenn du zuhause keinen geeigneten PC hast, kannst du<strong> alle Arbeitsauftr\u00e4ge auch in der Schule<\/strong> erledigen.<\/p>\n<\/div>\n<div>\n<p>Wir garantieren dir eine <strong>schnelle Internetverbindung<\/strong>, eine <strong>pers\u00f6nliche E-Mail-Adresse<\/strong> sowie ausreichend <strong>Speicherplatz im Netzwerk<\/strong> und in der <strong>Cloud<\/strong>.<\/p>\n<\/div>\n<\/div>\n<\/div>\n<\/div><div class=\"cmsms_toggle_wrap\" data-tags=\"all \">\n<div class=\"cmsms_toggle_title\">\n<span class=\"cmsms_toggle_plus\">\n<span class=\"cmsms_toggle_plus_hor\"><\/span>\n<span class=\"cmsms_toggle_plus_vert\"><\/span>\n<\/span>\n<a href=\"#\">Bin ich geeignet?<\/a>\n<\/div>\n<div class=\"cmsms_toggle\">\n<div class=\"cmsms_toggle_inner\">\n<p>Um herauszufinden, ob du auch f\u00fcr den IT-Zweig geeignet bist, wird in der Anmeldephase am Ende des ersten Semesters ein Eignungstest durchgef\u00fchrt. Keine Angst, diese Testung dient nur zur Selbsteinsch\u00e4tzung und ist prinzipiell kein Ausschlusskriterium. Folgende Kompetenzen werden getestet:<\/p>\n<div style=\"width: 100%; overflow: hidden;\">\n<h4><strong><span style=\"color: #800000;\">10-Fingersystem<\/span><\/strong><\/h4>\n<p><a style=\"font-weight: 400;\" href=\"https:\/\/www.tipp10.com\/de\/online\/\" target=\"_blank\" rel=\"noopener\"><img decoding=\"async\" class=\"wp-image-50327 size-medium alignleft\" style=\"border-radius: 20px;\" src=\"https:\/\/www.bgamstetten.ac.at\/wp-content\/uploads\/2022\/08\/Tipp10-300x192.png\" alt=\"\" width=\"300\" height=\"192\" srcset=\"https:\/\/www.bgamstetten.ac.at\/wp-content\/uploads\/2022\/08\/Tipp10-300x192.png 300w, https:\/\/www.bgamstetten.ac.at\/wp-content\/uploads\/2022\/08\/Tipp10-1024x655.png 1024w, https:\/\/www.bgamstetten.ac.at\/wp-content\/uploads\/2022\/08\/Tipp10-768x491.png 768w, https:\/\/www.bgamstetten.ac.at\/wp-content\/uploads\/2022\/08\/Tipp10-580x371.png 580w, https:\/\/www.bgamstetten.ac.at\/wp-content\/uploads\/2022\/08\/Tipp10-820x524.png 820w, https:\/\/www.bgamstetten.ac.at\/wp-content\/uploads\/2022\/08\/Tipp10-1160x742.png 1160w, https:\/\/www.bgamstetten.ac.at\/wp-content\/uploads\/2022\/08\/Tipp10.png 1259w\" sizes=\"(max-width: 300px) 100vw, 300px\" \/><\/a>Der Kandidat\/die Kandidatin hat 2 Versuche, um das gesetzte Ziel von 45 Punkten zu erreichen.<\/p>\n<p>Dabei wird beim Schreibtraining eine beliebige freie Lektion gew\u00e4hlt.<\/p>\n<p><a href=\"https:\/\/www.tipp10.com\/de\/online\/\" target=\"_blank\" rel=\"noopener\">Hier geht&#8217;s zum Tipp10 &#8211; Schreibtrainer<\/a><\/p>\n<\/div>\n<div style=\"width: 100%;\">\n<h4><span style=\"color: #800000;\">PC-Grundkenntnisse<\/span><\/h4>\n<p><a href=\"https:\/\/easy4me.info\" target=\"_blank\" rel=\"noopener\"><img decoding=\"async\" class=\"wp-image-50326 size-medium alignleft\" style=\"border-radius: 20px;\" src=\"https:\/\/www.bgamstetten.ac.at\/wp-content\/uploads\/2022\/08\/ECDL-300x187.jpg\" alt=\"\" width=\"300\" height=\"187\" srcset=\"https:\/\/www.bgamstetten.ac.at\/wp-content\/uploads\/2022\/08\/ECDL-300x187.jpg 300w, https:\/\/www.bgamstetten.ac.at\/wp-content\/uploads\/2022\/08\/ECDL-580x361.jpg 580w, https:\/\/www.bgamstetten.ac.at\/wp-content\/uploads\/2022\/08\/ECDL.jpg 603w\" sizes=\"(max-width: 300px) 100vw, 300px\" \/><\/a>Der Kandidat\/die Kandidatin muss den Probetest f\u00fcr ein zuf\u00e4llig gelostes ECDL-Modul aus<\/p>\n<ul>\n<li>Computergrundlagen<\/li>\n<li>Textverarbeitung<\/li>\n<li>Tabellenkalkulation<\/li>\n<li>Pr\u00e4sentationssoftware<\/li>\n<\/ul>\n<p>erfolgreich absolvieren.<\/p>\n<p>\u00dcbungsmaterial findest du unter <a href=\"https:\/\/easy4me.info\" target=\"_blank\" rel=\"noopener\">https:\/\/easy4me.info<\/a><\/p>\n<\/div>\n<div style=\"width: 100%; overflow: hidden;\">\n<h4><span style=\"color: #800000;\">Logisches Denken<\/span><\/h4>\n<p><img decoding=\"async\" class=\"size-full wp-image-50325 alignleft\" src=\"https:\/\/www.bgamstetten.ac.at\/wp-content\/uploads\/2022\/08\/button-biber.jpg\" alt=\"\" width=\"230\" height=\"230\" srcset=\"https:\/\/www.bgamstetten.ac.at\/wp-content\/uploads\/2022\/08\/button-biber.jpg 230w, https:\/\/www.bgamstetten.ac.at\/wp-content\/uploads\/2022\/08\/button-biber-200x200.jpg 200w, https:\/\/www.bgamstetten.ac.at\/wp-content\/uploads\/2022\/08\/button-biber-55x55.jpg 55w\" sizes=\"(max-width: 230px) 100vw, 230px\" \/><\/p>\n<p>Es werden 3 Aufgaben der 7. &amp; 8. Schulstufe aus dem Archiv des Biber-Wettbewerbs gew\u00e4hlt, wovon zumindest 2 erfolgreich gel\u00f6st werden m\u00fcssen.<\/p>\n<p><a href=\"https:\/\/wettbewerb.biber.ocg.at\/index.php?action=user_competitions\" target=\"_blank\" rel=\"noopener\">Hier geht&#8217;s zum Probetest<\/a>.<\/p>\n<p><a href=\"http:\/\/www.coding4you.at\/biber\/\" target=\"_blank\" rel=\"noopener\">Hier findest du noch mehr logische R\u00e4tsel<\/a>.<\/p>\n<\/div>\n<p><em><strong><span style=\"color: #800000;\">Sch\u00fcler\/innen die bereits in der Unterstufe den IT-Schwerpunkt gew\u00e4hlt haben, sind vom Eignungstest ausgenommen.<\/span><\/strong><\/em><\/p>\n<p>Am Tag des <a href=\"https:\/\/drive.google.com\/file\/d\/1-25WY-_TN9bOQkaOSVLoqv640pTXzDvG\/view?usp=sharing\" target=\"_blank\" rel=\"noopener\">Eignungstests<\/a> muss nur ein Kugelschreiber mitgenommen werden.<\/p>\n<\/div>\n<\/div>\n<\/div><\/div>\n<\/div>\n<\/div>\n<\/div>\n<\/div>\n<\/div>\n<\/div>\n<div id=\"cmsms_row_69eee0d32fa6f\" class=\"cmsms_row cmsms_color_scheme_default\">\n<div class=\"cmsms_row_outer_parent\">\n<div class=\"cmsms_row_outer\">\n<div class=\"cmsms_row_inner\">\n<div class=\"cmsms_row_margin\">\n<div class=\"cmsms_column one_first\">\n<div class=\"cmsms_wrap_blog entry-summary\" id=\"blog_69eee0d32fb42\"><script type=\"text\/javascript\">\njQuery(document).ready(function () {\n\t(function ($) {\n\t\tif ($('#blog_69eee0d32fb42').find('article').length == '0') {\n\t\t\treturn false;\n\t\t}\n\t\t\n\t\n\t\tstartBlog( \n\t\t\t'69eee0d32fb42', \n\t\t\t'columns', \n\t\t\t'masonry', \n\t\t\t'https:\/\/www.bgamstetten.ac.at\/wp-content\/plugins\/cmsms-content-composer\/', \n\t\t\t'date', \n\t\t\t'DESC', \n\t\t\t'4', \n\t\t\t'digitale-medien-technologien', \n\t\t\t'date,more' \n\t\t);\n\t} )(jQuery);\n} );\n<\/script>\n<div class=\"blog columns masonry cmsms_4\">\r\n<!--_________________________ Start Standard Article _________________________ -->\r\n\r\n<article id=\"post-60184\" class=\"cmsms_masonry_type post-60184 post type-post status-publish format-standard has-post-thumbnail hentry category-123 category-aktuelles category-allgemein category-sportliches category-digitale-medien-technologien category-musikalisches-und-kreatives category-nawi category-ski-am-gym category-sprachen\" data-category=\"202526 aktuelles allgemein sportliches digitale-medien-technologien musikalisches-und-kreatives nawi ski-am-gym sprachen\">\r\n\t<span class=\"cmsms_post_format_img  cmsms-icon-desktop-3\"><\/span>\r\n\t<div class=\"cmsms_post_cont\">\r\n\t<figure><a href=\"https:\/\/www.bgamstetten.ac.at\/index.php\/2025\/12\/17\/ski-und-gemeinschaftstag-der-1-und-2-klassen-ein-unvergessliches-erlebnis\/\" title=\"Ski- und Gemeinschaftstag der 1. und 2. Klassen &#8211; ein unvergessliches Erlebnis\" class=\"cmsms_img_link preloader\"><img decoding=\"async\" width=\"580\" height=\"390\" src=\"https:\/\/www.bgamstetten.ac.at\/wp-content\/uploads\/2025\/12\/IMG_1130-580x390.jpg\" class=\"full-width wp-post-image\" alt=\"Ski- und Gemeinschaftstag der 1. und 2. Klassen &#8211; ein unvergessliches Erlebnis\" title=\"Ski- und Gemeinschaftstag der 1. und 2. Klassen &#8211; ein unvergessliches Erlebnis\" \/><\/a><\/figure><header class=\"cmsms_post_header entry-header\"><h2 class=\"cmsms_post_title entry-title\"><a href=\"https:\/\/www.bgamstetten.ac.at\/index.php\/2025\/12\/17\/ski-und-gemeinschaftstag-der-1-und-2-klassen-ein-unvergessliches-erlebnis\/\">Ski- und Gemeinschaftstag der 1. und 2. Klassen &#8211; ein unvergessliches Erlebnis<\/a><\/h2><\/header><div class=\"cmsms_post_content entry-content\">\n<p>Der 17. Dezember stand ganz im Zeichen der gelebten Schulgemeinschaft. \u00dcber 100 Sch\u00fclerInnen der 1. und 2. Klassen machten sich gemeinsam mit 14 LehrerInnen und...<\/p>\n<\/div>\n<footer class=\"cmsms_post_footer entry-meta tar\"><div class=\"cmsms_post_meta_info\"><abbr class=\"published cmsms_post_date cmsms-icon-calendar-8\" title=\"Dezember 17, 2025\">Dezember 17, 2025<\/abbr><abbr class=\"dn date updated\" title=\"Dezember 18, 2025\">Dezember 18, 2025<\/abbr><\/div><a class=\"button cmsms_post_read_more\" href=\"https:\/\/www.bgamstetten.ac.at\/index.php\/2025\/12\/17\/ski-und-gemeinschaftstag-der-1-und-2-klassen-ein-unvergessliches-erlebnis\/\">weiterlesen ...<\/a><\/footer>\t<\/div>\r\n<\/article>\r\n<!--_________________________ Finish Standard Article _________________________ -->\r\n\r\n\r\n<!--_________________________ Start Standard Article _________________________ -->\r\n\r\n<article id=\"post-60094\" class=\"cmsms_masonry_type post-60094 post type-post status-publish format-standard has-post-thumbnail hentry category-123 category-aktuelles category-digitale-medien-technologien\" data-category=\"202526 aktuelles digitale-medien-technologien\">\r\n\t<span class=\"cmsms_post_format_img  cmsms-icon-desktop-3\"><\/span>\r\n\t<div class=\"cmsms_post_cont\">\r\n\t<figure><a href=\"https:\/\/www.bgamstetten.ac.at\/index.php\/2025\/11\/14\/cloudflight-school-coding-contest-2025\/\" title=\"Cloudflight School Coding Contest 2025\" class=\"cmsms_img_link preloader\"><img decoding=\"async\" width=\"580\" height=\"390\" src=\"https:\/\/www.bgamstetten.ac.at\/wp-content\/uploads\/2025\/12\/20251114_115508-580x390.jpg\" class=\"full-width wp-post-image\" alt=\"Cloudflight School Coding Contest 2025\" title=\"Cloudflight School Coding Contest 2025\" \/><\/a><\/figure><header class=\"cmsms_post_header entry-header\"><h2 class=\"cmsms_post_title entry-title\"><a href=\"https:\/\/www.bgamstetten.ac.at\/index.php\/2025\/11\/14\/cloudflight-school-coding-contest-2025\/\">Cloudflight School Coding Contest 2025<\/a><\/h2><\/header><div class=\"cmsms_post_content entry-content\">\n<p>Am 14. November 2025 wurde die Arbeiterkammer Amstetten zum Hotspot f\u00fcr Programmierbegeisterte aus der Region, denn einer der weltweit ausgetragenen Cloudflight Coding Contests (CCC) machte...<\/p>\n<\/div>\n<footer class=\"cmsms_post_footer entry-meta tar\"><div class=\"cmsms_post_meta_info\"><abbr class=\"published cmsms_post_date cmsms-icon-calendar-8\" title=\"November 14, 2025\">November 14, 2025<\/abbr><abbr class=\"dn date updated\" title=\"Dezember 1, 2025\">Dezember 1, 2025<\/abbr><\/div><a class=\"button cmsms_post_read_more\" href=\"https:\/\/www.bgamstetten.ac.at\/index.php\/2025\/11\/14\/cloudflight-school-coding-contest-2025\/\">weiterlesen ...<\/a><\/footer>\t<\/div>\r\n<\/article>\r\n<!--_________________________ Finish Standard Article _________________________ -->\r\n\r\n\r\n<!--_________________________ Start Standard Article _________________________ -->\r\n\r\n<article id=\"post-59002\" class=\"cmsms_masonry_type post-59002 post type-post status-publish format-standard has-post-thumbnail hentry category-119 category-aktuelles category-digitale-medien-technologien category-nawi\" data-category=\"202425 aktuelles digitale-medien-technologien nawi\">\r\n\t<span class=\"cmsms_post_format_img  cmsms-icon-desktop-3\"><\/span>\r\n\t<div class=\"cmsms_post_cont\">\r\n\t<figure><a href=\"https:\/\/www.bgamstetten.ac.at\/index.php\/2025\/06\/18\/von-kugellagern-bis-ki-it-tage-in-steyr\/\" title=\"Von Kugellagern bis KI \u2013 IT-Tage in Steyr\" class=\"cmsms_img_link preloader\"><img decoding=\"async\" width=\"580\" height=\"390\" src=\"https:\/\/www.bgamstetten.ac.at\/wp-content\/uploads\/2025\/06\/20250618_124405-580x390.jpg\" class=\"full-width wp-post-image\" alt=\"Von Kugellagern bis KI \u2013 IT-Tage in Steyr\" title=\"Von Kugellagern bis KI \u2013 IT-Tage in Steyr\" \/><\/a><\/figure><header class=\"cmsms_post_header entry-header\"><h2 class=\"cmsms_post_title entry-title\"><a href=\"https:\/\/www.bgamstetten.ac.at\/index.php\/2025\/06\/18\/von-kugellagern-bis-ki-it-tage-in-steyr\/\">Von Kugellagern bis KI \u2013 IT-Tage in Steyr<\/a><\/h2><\/header><div class=\"cmsms_post_content entry-content\">\n<p>Von 16. bis 18. Juni 2025 begaben sich die Sch\u00fcler\/innen des IT-Zweigs der 5. und 7. Klassen (+2 Sch\u00fclerinnen der 6. Klasse) auf eine spannende...<\/p>\n<\/div>\n<footer class=\"cmsms_post_footer entry-meta tar\"><div class=\"cmsms_post_meta_info\"><abbr class=\"published cmsms_post_date cmsms-icon-calendar-8\" title=\"Juni 18, 2025\">Juni 18, 2025<\/abbr><abbr class=\"dn date updated\" title=\"Oktober 27, 2025\">Oktober 27, 2025<\/abbr><\/div><a class=\"button cmsms_post_read_more\" href=\"https:\/\/www.bgamstetten.ac.at\/index.php\/2025\/06\/18\/von-kugellagern-bis-ki-it-tage-in-steyr\/\">weiterlesen ...<\/a><\/footer>\t<\/div>\r\n<\/article>\r\n<!--_________________________ Finish Standard Article _________________________ -->\r\n\r\n\r\n<!--_________________________ Start Standard Article _________________________ -->\r\n\r\n<article id=\"post-58260\" class=\"cmsms_masonry_type post-58260 post type-post status-publish format-standard has-post-thumbnail hentry category-119 category-aktuelles category-digitale-medien-technologien category-nawi\" data-category=\"202425 aktuelles digitale-medien-technologien nawi\">\r\n\t<span class=\"cmsms_post_format_img  cmsms-icon-desktop-3\"><\/span>\r\n\t<div class=\"cmsms_post_cont\">\r\n\t<figure><a href=\"https:\/\/www.bgamstetten.ac.at\/index.php\/2025\/04\/09\/biber-der-informatik-2025-unsere-preistraeger-auf-erfolgskurs\/\" title=\"Biber der Informatik 2025 \u2013 Unsere Preistr\u00e4ger auf Erfolgskurs!\" class=\"cmsms_img_link preloader\"><img decoding=\"async\" width=\"580\" height=\"390\" src=\"https:\/\/www.bgamstetten.ac.at\/wp-content\/uploads\/2025\/04\/IMG_3101-580x390.jpg\" class=\"full-width wp-post-image\" alt=\"Biber der Informatik 2025 \u2013 Unsere Preistr\u00e4ger auf Erfolgskurs!\" title=\"Biber der Informatik 2025 \u2013 Unsere Preistr\u00e4ger auf Erfolgskurs!\" \/><\/a><\/figure><header class=\"cmsms_post_header entry-header\"><h2 class=\"cmsms_post_title entry-title\"><a href=\"https:\/\/www.bgamstetten.ac.at\/index.php\/2025\/04\/09\/biber-der-informatik-2025-unsere-preistraeger-auf-erfolgskurs\/\">Biber der Informatik 2025 \u2013 Unsere Preistr\u00e4ger auf Erfolgskurs!<\/a><\/h2><\/header><div class=\"cmsms_post_content entry-content\">\n<p>Auch heuer nahm das BG\/BRG Amstetten wieder erfolgreich am internationalen Wettbewerb Biber der Informatik teil. \u00dcber 60.000 Sch\u00fclerinnen und Sch\u00fcler aus ganz \u00d6sterreich stellten im...<\/p>\n<\/div>\n<footer class=\"cmsms_post_footer entry-meta tar\"><div class=\"cmsms_post_meta_info\"><abbr class=\"published cmsms_post_date cmsms-icon-calendar-8\" title=\"April 9, 2025\">April 9, 2025<\/abbr><abbr class=\"dn date updated\" title=\"Oktober 27, 2025\">Oktober 27, 2025<\/abbr><\/div><a class=\"button cmsms_post_read_more\" href=\"https:\/\/www.bgamstetten.ac.at\/index.php\/2025\/04\/09\/biber-der-informatik-2025-unsere-preistraeger-auf-erfolgskurs\/\">weiterlesen ...<\/a><\/footer>\t<\/div>\r\n<\/article>\r\n<!--_________________________ Finish Standard Article _________________________ -->\r\n\r\n<\/div><div class=\"cmsms_wrap_more_posts\"><div class=\"cmsms_wrap_pagination\"><ul class='page-numbers'>\n\t<li><span aria-current=\"page\" class=\"page-numbers current\">1<\/span><\/li>\n\t<li><a class=\"page-numbers\" href=\"https:\/\/www.bgamstetten.ac.at\/index.php\/wp-json\/wp\/v2\/pages\/414\/page\/2\/\">2<\/a><\/li>\n\t<li><a class=\"page-numbers\" href=\"https:\/\/www.bgamstetten.ac.at\/index.php\/wp-json\/wp\/v2\/pages\/414\/page\/3\/\">3<\/a><\/li>\n\t<li><a class=\"next page-numbers\" href=\"https:\/\/www.bgamstetten.ac.at\/index.php\/wp-json\/wp\/v2\/pages\/414\/page\/2\/\"><span class=\"cmsms_next_arrow\"><span><\/span><\/span><\/a><\/li>\n<\/ul>\n<\/div><\/div><\/div>\n<\/div>\n<\/div>\n<\/div>\n<\/div>\n<\/div>\n<\/div>\n\n","protected":false},"excerpt":{"rendered":"","protected":false},"author":1,"featured_media":0,"parent":45329,"menu_order":0,"comment_status":"closed","ping_status":"closed","template":"","meta":{"footnotes":""},"class_list":["post-414","page","type-page","status-publish","hentry"],"_links":{"self":[{"href":"https:\/\/www.bgamstetten.ac.at\/index.php\/wp-json\/wp\/v2\/pages\/414","targetHints":{"allow":["GET"]}}],"collection":[{"href":"https:\/\/www.bgamstetten.ac.at\/index.php\/wp-json\/wp\/v2\/pages"}],"about":[{"href":"https:\/\/www.bgamstetten.ac.at\/index.php\/wp-json\/wp\/v2\/types\/page"}],"author":[{"embeddable":true,"href":"https:\/\/www.bgamstetten.ac.at\/index.php\/wp-json\/wp\/v2\/users\/1"}],"replies":[{"embeddable":true,"href":"https:\/\/www.bgamstetten.ac.at\/index.php\/wp-json\/wp\/v2\/comments?post=414"}],"version-history":[{"count":115,"href":"https:\/\/www.bgamstetten.ac.at\/index.php\/wp-json\/wp\/v2\/pages\/414\/revisions"}],"predecessor-version":[{"id":59889,"href":"https:\/\/www.bgamstetten.ac.at\/index.php\/wp-json\/wp\/v2\/pages\/414\/revisions\/59889"}],"up":[{"embeddable":true,"href":"https:\/\/www.bgamstetten.ac.at\/index.php\/wp-json\/wp\/v2\/pages\/45329"}],"wp:attachment":[{"href":"https:\/\/www.bgamstetten.ac.at\/index.php\/wp-json\/wp\/v2\/media?parent=414"}],"curies":[{"name":"wp","href":"https:\/\/api.w.org\/{rel}","templated":true}]}}