{"id":2456,"date":"2015-02-12T20:07:05","date_gmt":"2015-02-12T18:07:05","guid":{"rendered":"http:\/\/gymnasium-amstetten.at\/?page_id=2456"},"modified":"2024-04-26T09:44:18","modified_gmt":"2024-04-26T07:44:18","slug":"schulhauskultur","status":"publish","type":"page","link":"https:\/\/www.bgamstetten.ac.at\/index.php\/schule\/schulvideos\/schulhauskultur\/","title":{"rendered":"Kultur"},"content":{"rendered":"<style type=\"text\/css\"> \n#cmsms_row_69efe0a2678bb .cmsms_row_outer_parent { \n\tpadding-bottom: 30px; \n} \n\n<\/style><div id=\"cmsms_row_69efe0a2678bb\" class=\"cmsms_row cmsms_color_scheme_default\">\n<div class=\"cmsms_row_outer_parent\">\n<div class=\"cmsms_row_outer\">\n<div class=\"cmsms_row_inner\">\n<div class=\"cmsms_row_margin\">\n<div class=\"cmsms_column one_first\">\n<div class=\"content_slider_wrap\" style=\"max-width:1160px;\">\n<script type=\"text\/javascript\">jQuery(document).ready(function () { jQuery(\"#cmsms_slider_69efe0a267ce5.content_slider\").owlCarousel( { singleItem : true, transitionStyle: false, rewindSpeed : 1000, slideSpeed : 600, autoHeight : true, paginationSpeed : \t600, autoPlay : 5000,navigation : true, navigationText : \t[ \"<span class=\\\"cmsms_prev_arrow\\\"><\/span>\", \"<span class=\\\"cmsms_next_arrow\\\"><\/span>\" ] } );} );<\/script>\n<div id=\"cmsms_slider_69efe0a267ce5\" class=\"content_slider owl-carousel\">\n<div class=\"item\"><img decoding=\"async\" width=\"800\" height=\"534\" src=\"https:\/\/www.bgamstetten.ac.at\/wp-content\/uploads\/2022\/07\/WF140043.jpg\" class=\"attachment-full-thumb size-full-thumb\" alt=\"\" srcset=\"https:\/\/www.bgamstetten.ac.at\/wp-content\/uploads\/2022\/07\/WF140043.jpg 800w, https:\/\/www.bgamstetten.ac.at\/wp-content\/uploads\/2022\/07\/WF140043-300x200.jpg 300w, https:\/\/www.bgamstetten.ac.at\/wp-content\/uploads\/2022\/07\/WF140043-768x513.jpg 768w, https:\/\/www.bgamstetten.ac.at\/wp-content\/uploads\/2022\/07\/WF140043-580x387.jpg 580w\" sizes=\"(max-width: 800px) 100vw, 800px\" \/><\/div><div class=\"item\"><img decoding=\"async\" width=\"800\" height=\"534\" src=\"https:\/\/www.bgamstetten.ac.at\/wp-content\/uploads\/2022\/07\/WF140248.jpg\" class=\"attachment-full-thumb size-full-thumb\" alt=\"\" srcset=\"https:\/\/www.bgamstetten.ac.at\/wp-content\/uploads\/2022\/07\/WF140248.jpg 800w, https:\/\/www.bgamstetten.ac.at\/wp-content\/uploads\/2022\/07\/WF140248-300x200.jpg 300w, https:\/\/www.bgamstetten.ac.at\/wp-content\/uploads\/2022\/07\/WF140248-768x513.jpg 768w, https:\/\/www.bgamstetten.ac.at\/wp-content\/uploads\/2022\/07\/WF140248-580x387.jpg 580w\" sizes=\"(max-width: 800px) 100vw, 800px\" \/><\/div><div class=\"item\"><img decoding=\"async\" width=\"800\" height=\"534\" src=\"https:\/\/www.bgamstetten.ac.at\/wp-content\/uploads\/2022\/07\/WF140329.jpg\" class=\"attachment-full-thumb size-full-thumb\" alt=\"\" srcset=\"https:\/\/www.bgamstetten.ac.at\/wp-content\/uploads\/2022\/07\/WF140329.jpg 800w, https:\/\/www.bgamstetten.ac.at\/wp-content\/uploads\/2022\/07\/WF140329-300x200.jpg 300w, https:\/\/www.bgamstetten.ac.at\/wp-content\/uploads\/2022\/07\/WF140329-768x513.jpg 768w, https:\/\/www.bgamstetten.ac.at\/wp-content\/uploads\/2022\/07\/WF140329-580x387.jpg 580w\" sizes=\"(max-width: 800px) 100vw, 800px\" \/><\/div><div class=\"item\"><img decoding=\"async\" width=\"800\" height=\"534\" src=\"https:\/\/www.bgamstetten.ac.at\/wp-content\/uploads\/2022\/07\/WF140428.jpg\" class=\"attachment-full-thumb size-full-thumb\" alt=\"\" srcset=\"https:\/\/www.bgamstetten.ac.at\/wp-content\/uploads\/2022\/07\/WF140428.jpg 800w, https:\/\/www.bgamstetten.ac.at\/wp-content\/uploads\/2022\/07\/WF140428-300x200.jpg 300w, https:\/\/www.bgamstetten.ac.at\/wp-content\/uploads\/2022\/07\/WF140428-768x513.jpg 768w, https:\/\/www.bgamstetten.ac.at\/wp-content\/uploads\/2022\/07\/WF140428-580x387.jpg 580w\" sizes=\"(max-width: 800px) 100vw, 800px\" \/><\/div><div class=\"item\"><img decoding=\"async\" width=\"800\" height=\"533\" src=\"https:\/\/www.bgamstetten.ac.at\/wp-content\/uploads\/2022\/07\/WF143487.jpg\" class=\"attachment-full-thumb size-full-thumb\" alt=\"\" srcset=\"https:\/\/www.bgamstetten.ac.at\/wp-content\/uploads\/2022\/07\/WF143487.jpg 800w, https:\/\/www.bgamstetten.ac.at\/wp-content\/uploads\/2022\/07\/WF143487-300x200.jpg 300w, https:\/\/www.bgamstetten.ac.at\/wp-content\/uploads\/2022\/07\/WF143487-768x512.jpg 768w, https:\/\/www.bgamstetten.ac.at\/wp-content\/uploads\/2022\/07\/WF143487-580x386.jpg 580w\" sizes=\"(max-width: 800px) 100vw, 800px\" \/><\/div><div class=\"item\"><img decoding=\"async\" width=\"800\" height=\"533\" src=\"https:\/\/www.bgamstetten.ac.at\/wp-content\/uploads\/2022\/07\/WF143586.jpg\" class=\"attachment-full-thumb size-full-thumb\" alt=\"\" srcset=\"https:\/\/www.bgamstetten.ac.at\/wp-content\/uploads\/2022\/07\/WF143586.jpg 800w, https:\/\/www.bgamstetten.ac.at\/wp-content\/uploads\/2022\/07\/WF143586-300x200.jpg 300w, https:\/\/www.bgamstetten.ac.at\/wp-content\/uploads\/2022\/07\/WF143586-768x512.jpg 768w, https:\/\/www.bgamstetten.ac.at\/wp-content\/uploads\/2022\/07\/WF143586-580x386.jpg 580w\" sizes=\"(max-width: 800px) 100vw, 800px\" \/><\/div><div class=\"item\"><img decoding=\"async\" width=\"800\" height=\"533\" src=\"https:\/\/www.bgamstetten.ac.at\/wp-content\/uploads\/2022\/07\/WF143888.jpg\" class=\"attachment-full-thumb size-full-thumb\" alt=\"\" srcset=\"https:\/\/www.bgamstetten.ac.at\/wp-content\/uploads\/2022\/07\/WF143888.jpg 800w, https:\/\/www.bgamstetten.ac.at\/wp-content\/uploads\/2022\/07\/WF143888-300x200.jpg 300w, https:\/\/www.bgamstetten.ac.at\/wp-content\/uploads\/2022\/07\/WF143888-768x512.jpg 768w, https:\/\/www.bgamstetten.ac.at\/wp-content\/uploads\/2022\/07\/WF143888-580x386.jpg 580w\" sizes=\"(max-width: 800px) 100vw, 800px\" \/><\/div><div class=\"item\"><img decoding=\"async\" width=\"800\" height=\"533\" src=\"https:\/\/www.bgamstetten.ac.at\/wp-content\/uploads\/2022\/07\/WF144171.jpg\" class=\"attachment-full-thumb size-full-thumb\" alt=\"\" srcset=\"https:\/\/www.bgamstetten.ac.at\/wp-content\/uploads\/2022\/07\/WF144171.jpg 800w, https:\/\/www.bgamstetten.ac.at\/wp-content\/uploads\/2022\/07\/WF144171-300x200.jpg 300w, https:\/\/www.bgamstetten.ac.at\/wp-content\/uploads\/2022\/07\/WF144171-768x512.jpg 768w, https:\/\/www.bgamstetten.ac.at\/wp-content\/uploads\/2022\/07\/WF144171-580x386.jpg 580w\" sizes=\"(max-width: 800px) 100vw, 800px\" \/><\/div><div class=\"item\"><img decoding=\"async\" width=\"800\" height=\"533\" src=\"https:\/\/www.bgamstetten.ac.at\/wp-content\/uploads\/2022\/07\/WF144235.jpg\" class=\"attachment-full-thumb size-full-thumb\" alt=\"\" srcset=\"https:\/\/www.bgamstetten.ac.at\/wp-content\/uploads\/2022\/07\/WF144235.jpg 800w, https:\/\/www.bgamstetten.ac.at\/wp-content\/uploads\/2022\/07\/WF144235-300x200.jpg 300w, https:\/\/www.bgamstetten.ac.at\/wp-content\/uploads\/2022\/07\/WF144235-768x512.jpg 768w, https:\/\/www.bgamstetten.ac.at\/wp-content\/uploads\/2022\/07\/WF144235-580x386.jpg 580w\" sizes=\"(max-width: 800px) 100vw, 800px\" \/><\/div><div class=\"item\"><img decoding=\"async\" width=\"800\" height=\"534\" src=\"https:\/\/www.bgamstetten.ac.at\/wp-content\/uploads\/2022\/07\/WF149910.jpg\" class=\"attachment-full-thumb size-full-thumb\" alt=\"\" srcset=\"https:\/\/www.bgamstetten.ac.at\/wp-content\/uploads\/2022\/07\/WF149910.jpg 800w, https:\/\/www.bgamstetten.ac.at\/wp-content\/uploads\/2022\/07\/WF149910-300x200.jpg 300w, https:\/\/www.bgamstetten.ac.at\/wp-content\/uploads\/2022\/07\/WF149910-768x513.jpg 768w, https:\/\/www.bgamstetten.ac.at\/wp-content\/uploads\/2022\/07\/WF149910-580x387.jpg 580w\" sizes=\"(max-width: 800px) 100vw, 800px\" \/><\/div><div class=\"item\"><img decoding=\"async\" width=\"800\" height=\"533\" src=\"https:\/\/www.bgamstetten.ac.at\/wp-content\/uploads\/2022\/07\/WF1435861.jpg\" class=\"attachment-full-thumb size-full-thumb\" alt=\"\" srcset=\"https:\/\/www.bgamstetten.ac.at\/wp-content\/uploads\/2022\/07\/WF1435861.jpg 800w, https:\/\/www.bgamstetten.ac.at\/wp-content\/uploads\/2022\/07\/WF1435861-300x200.jpg 300w, https:\/\/www.bgamstetten.ac.at\/wp-content\/uploads\/2022\/07\/WF1435861-768x512.jpg 768w, https:\/\/www.bgamstetten.ac.at\/wp-content\/uploads\/2022\/07\/WF1435861-580x386.jpg 580w\" sizes=\"(max-width: 800px) 100vw, 800px\" \/><\/div><\/div>\n<\/div>\n<div class=\"cmsms_toggles toggles_mode_accordion\">\n<div class=\"cmsms_toggle_wrap\" data-tags=\"all \">\n<div class=\"cmsms_toggle_title\">\n<span class=\"cmsms_toggle_plus\">\n<span class=\"cmsms_toggle_plus_hor\"><\/span>\n<span class=\"cmsms_toggle_plus_vert\"><\/span>\n<\/span>\n<a href=\"#\">Neue Schulhauskultur<\/a>\n<\/div>\n<div class=\"cmsms_toggle\">\n<div class=\"cmsms_toggle_inner\">\n<p>Lebendige Schule definiert sich zuallererst \u00fcber die <strong>Beziehungsebene<\/strong>. <strong><em>\u201eBeziehung erzieht\u201c <\/em><\/strong>hat es Martin Buber vor vielen Jahren ausgedr\u00fcckt, der neuseel\u00e4ndische Erziehungswissenschaftler John Hattie hat j\u00fcngst in einer breit angelegten, vieldiskutierten Studie (\u201eVisible Learning\u201c) \u00fcber die Zukunft der Schule nichts anderes herausgefunden. Entscheidend f\u00fcr den Lernerfolg seien nicht st\u00e4ndige Debatten \u00fcber Strukturreformen, sondern die <strong>Qualit\u00e4t der Lehrer<\/strong> und die <strong>Qualit\u00e4t der Lehrer\/Sch\u00fclerbeziehung<\/strong>. In diesem Zusammenhang ist aber auch die <strong>Verantwortung jedes einzelnen Sch\u00fclers f\u00fcr seine eigene Entwicklung<\/strong> zu beachten (\u201eSelbstmotivation\u201c).<\/p>\n<\/div>\n<\/div>\n<\/div><div class=\"cmsms_toggle_wrap current_toggle\" data-tags=\"all \">\n<div class=\"cmsms_toggle_title\">\n<span class=\"cmsms_toggle_plus\">\n<span class=\"cmsms_toggle_plus_hor\"><\/span>\n<span class=\"cmsms_toggle_plus_vert\"><\/span>\n<\/span>\n<a href=\"#\">P\u00e4dagogik des Zutrauens<\/a>\n<\/div>\n<div class=\"cmsms_toggle\">\n<div class=\"cmsms_toggle_inner\">\n<p>Als Direktor liegt mir sehr viel daran, dass jeder, der unsere Schule betritt, einen <strong>Ort<\/strong> antrifft, <strong>an dem man sich wohl f\u00fchlt<\/strong>. <em><strong>Schulhauskultur<\/strong> <\/em>soll <strong>f\u00fcr jeden<\/strong>, ob Sch\u00fclerIn, Eltern, LehrerIn oder BesucherIn <strong>erlebbar<\/strong> <strong>sein<\/strong>. Dieses <strong>Miteinander<\/strong> kann nur dann gelingen, wenn vor allem der <strong><em>wertsch\u00e4tzende Umgang<\/em><\/strong> und eine <strong><em>\u201eP\u00e4dagogik des Zutrauens\u201c <\/em><\/strong>den Schulalltag pr\u00e4gen<em>. <\/em>Der Professor f\u00fcr Neurobiologie Gerald H\u00fcther fordert \u00c4hnliches, wenn er schreibt:<\/p>\n<p><em>\u201e<strong>Vertrauen, Ermutigung<\/strong> und <strong>Wertsch\u00e4tzung<\/strong> sind die <strong>zentralen Elemente einer Lernkultur<\/strong>, in der sich <strong>Talente entfalten<\/strong> k\u00f6nnen.\u201c <\/em>Diese Lernkultur ver\u00e4ndert. Dazu kommt das <strong>Grundbed\u00fcrfnis aller Jugendlichen, Gemeinschaft zu erleben<\/strong>. So ist es ein besonderes Gl\u00fcck, wenn in Schulsituationen zwei Schl\u00fcsselerfahrungen gemacht werden: <em>\u201e<strong>Verbunden zu sein und in dieser Verbundenheit zu wachsen<\/strong>.\u201c <\/em>Dies sind nat\u00fcrlich Idealzust\u00e4nde und immer wieder sieht die Schulrealit\u00e4t anders aus: Mobbing, Respektlosigkeiten, Desinteresse,&#8230;pr\u00e4gen neben sehr sch\u00f6nen Erlebnissen leider auch manchmal den Schulalltag. Es geht nicht darum, diese Probleme sch\u00f6nzureden, ganz im Gegenteil sollen diese \u2013 l\u00f6sungsorientiert &#8211; in <strong>Ziele f\u00fcr ein neues gemeinsames Miteinander<\/strong> transformiert werden.<\/p>\n<p>Es passiert aber in diese Richtung seit vielen Jahren am BG\/BRG Amstetten sehr viel (vgl. <strong>Anti-Mobbingworkshops<\/strong>,&#8230;), zudem werden die <em>\u201e<strong>psychosozialen Hilfestellungen<\/strong>\u201c<\/em> noch ausgebaut. Neben der bereits bestens bew\u00e4hrten Hilfe durch unsere <strong>Schulsozialarbeiterin<\/strong> wird in Zukunft in schwierigen Klassensituationen immer wieder zus\u00e4tzlich<strong> mit externen Fachleuten zusammengearbeitet<\/strong>. Dies soll zum einen die Klassensituation entspannen (Klassengemeinschaft st\u00e4rken), zum anderen sollen die LehrerInnen entlastet werden, die ja keine ausgebildeten Psychologen bzw. Therapeuten sind.<\/p>\n<\/div>\n<\/div>\n<\/div><div class=\"cmsms_toggle_wrap\" data-tags=\"all \">\n<div class=\"cmsms_toggle_title\">\n<span class=\"cmsms_toggle_plus\">\n<span class=\"cmsms_toggle_plus_hor\"><\/span>\n<span class=\"cmsms_toggle_plus_vert\"><\/span>\n<\/span>\n<a href=\"#\">Kultur des Lobens<\/a>\n<\/div>\n<div class=\"cmsms_toggle\">\n<div class=\"cmsms_toggle_inner\">\n<p>Ich danke in diesem Zusammenhang allen KollegInnen, die neben der Unterrichtst\u00e4tigkeit viele Stunden f\u00fcr p\u00e4dagogische Anliegen investieren. Vor allem im Rahmen der <strong>Gesunde Schule<\/strong> und von <strong>Vertrauenslehrern<\/strong> werden<strong> f\u00fcr die Unterstufe j\u00e4hrlich Workshops<\/strong> organisiert, die sich im Wesentlichen mit <strong>Pers\u00f6nlichkeitsbildung<\/strong> besch\u00e4ftigen. Ich danke insgesamt meinem <strong>tollen Lehrerteam<\/strong>, das jedes Schuljahr <strong>gro\u00dfartige Arbeit<\/strong> leistet.<\/p>\n<p>Ich danke dem <strong>Elternverein<\/strong>, der nicht nur rund um den Ball eine<strong> zentrale Rolle<\/strong> spielt, sondern deren Vertreter generell f\u00fcr <strong>unsere Schulgemeinschaft sehr viel Zeit investieren<\/strong>. Vieles kann nur durch die <strong>finanzielle Unterst\u00fctzung des Elternvereines<\/strong> f\u00fcr unsere Sch\u00fclerInnen angekauft werden.<\/p>\n<p>Seit einigen Jahren setzt zudem der <strong>Absolventenverein<\/strong> viele Akzente f\u00fcr das Ostarrichigymnasium. Somit ist er nicht nur als <strong>zentraler Ansprechpartner f\u00fcr AbsolventInnen<\/strong>, sondern auch in der <strong>Werbung f\u00fcr unsere Schule<\/strong> t\u00e4tig, wof\u00fcr ich sehr herzlich danke.<\/p>\n<p>Ganz wesentlichen Anteil zum Funktionieren unserer Schulgemeinschaft haben auch meine zwei Sekret\u00e4rinnen, die Schulwarte und das Reinigungspersonal.<\/p>\n<p>Nicht zuletzt gilt mein besonderer Dank den <strong>Sch\u00fclervertretern<\/strong>, die die<strong> Anliegen ihrer KollegInnen beherzt vortragen<\/strong> und engagiert im <strong>SGA<\/strong> mitarbeiten. Hervorheben m\u00f6chte ich generell alle Sch\u00fclerInnen, die t\u00e4glich gut <strong>gelaunt in die Schule kommen, gr\u00fc\u00dfen, interessiert sind<\/strong> und mit ihren KollegInnen<strong> <em>in Verbundenheit wachsen<\/em><\/strong>. Danke! Auch hier liegt w\u00e4hrend des Schuljahres zu schnell der Fokus auf Einzelnen, die durch ihr auff\u00e4lliges Verhalten Schwierigkeiten bereiten.<\/p>\n<p>Ich bin fest davon \u00fcberzeugt: Gem\u00e4\u00df <strong>unserem neuen Motto<\/strong> \u201e<strong>bilden \u2013 bewegen \u2013 begeistern<\/strong>\u201c werden auch in Zukunft viele junge Menschen stolz sein, ihre Allgemeinbildung am Ostarrichigymnasium genossen zu haben.<\/p>\n<\/div>\n<\/div>\n<\/div><\/div>\n<\/div>\n<\/div>\n<\/div>\n<\/div>\n<\/div>\n<\/div>\n\n","protected":false},"excerpt":{"rendered":"","protected":false},"author":1,"featured_media":0,"parent":45364,"menu_order":0,"comment_status":"closed","ping_status":"closed","template":"","meta":{"footnotes":""},"class_list":["post-2456","page","type-page","status-publish","hentry"],"_links":{"self":[{"href":"https:\/\/www.bgamstetten.ac.at\/index.php\/wp-json\/wp\/v2\/pages\/2456","targetHints":{"allow":["GET"]}}],"collection":[{"href":"https:\/\/www.bgamstetten.ac.at\/index.php\/wp-json\/wp\/v2\/pages"}],"about":[{"href":"https:\/\/www.bgamstetten.ac.at\/index.php\/wp-json\/wp\/v2\/types\/page"}],"author":[{"embeddable":true,"href":"https:\/\/www.bgamstetten.ac.at\/index.php\/wp-json\/wp\/v2\/users\/1"}],"replies":[{"embeddable":true,"href":"https:\/\/www.bgamstetten.ac.at\/index.php\/wp-json\/wp\/v2\/comments?post=2456"}],"version-history":[{"count":20,"href":"https:\/\/www.bgamstetten.ac.at\/index.php\/wp-json\/wp\/v2\/pages\/2456\/revisions"}],"predecessor-version":[{"id":55358,"href":"https:\/\/www.bgamstetten.ac.at\/index.php\/wp-json\/wp\/v2\/pages\/2456\/revisions\/55358"}],"up":[{"embeddable":true,"href":"https:\/\/www.bgamstetten.ac.at\/index.php\/wp-json\/wp\/v2\/pages\/45364"}],"wp:attachment":[{"href":"https:\/\/www.bgamstetten.ac.at\/index.php\/wp-json\/wp\/v2\/media?parent=2456"}],"curies":[{"name":"wp","href":"https:\/\/api.w.org\/{rel}","templated":true}]}}